{"id":1263,"date":"2021-02-22T16:08:09","date_gmt":"2021-02-22T15:08:09","guid":{"rendered":"https:\/\/liedercompany.cz\/people\/"},"modified":"2024-01-21T20:31:00","modified_gmt":"2024-01-21T19:31:00","slug":"people","status":"publish","type":"page","link":"https:\/\/liedercompany.cz\/en\/people\/","title":{"rendered":"People"},"content":{"rendered":"\n<h2 class=\"wp-block-heading\">Robin \u010cervinek \u2013 baritone<\/h2>\n\n\n<div data-post-id=\"7028\" class=\"insert-page insert-page-7028 \"><div class=\"wp-block-image animated fadeIn slower\">\n<figure class=\"alignleft size-large is-resized\"><img fetchpriority=\"high\" fetchpriority=\"high\" decoding=\"async\" width=\"683\" height=\"1024\" src=\"https:\/\/liedercompany.cz\/wp-content\/uploads\/2021\/12\/2018-11-01-0125-683x1024.jpg\" alt=\"Robin \u010cervinek\" class=\"wp-image-1210\" style=\"width:250px\" title=\"\" srcset=\"https:\/\/liedercompany.cz\/wp-content\/uploads\/2021\/12\/2018-11-01-0125-683x1024.jpg 683w, https:\/\/liedercompany.cz\/wp-content\/uploads\/2021\/12\/2018-11-01-0125-200x300.jpg 200w, https:\/\/liedercompany.cz\/wp-content\/uploads\/2021\/12\/2018-11-01-0125-768x1151.jpg 768w, https:\/\/liedercompany.cz\/wp-content\/uploads\/2021\/12\/2018-11-01-0125-1025x1536.jpg 1025w, https:\/\/liedercompany.cz\/wp-content\/uploads\/2021\/12\/2018-11-01-0125-300x450.jpg 300w, https:\/\/liedercompany.cz\/wp-content\/uploads\/2021\/12\/2018-11-01-0125-600x899.jpg 600w, https:\/\/liedercompany.cz\/wp-content\/uploads\/2021\/12\/2018-11-01-0125.jpg 1281w\" sizes=\"(max-width: 683px) 100vw, 683px\"><\/figure>\n<\/div>\n\n\n<p><strong>Robin \u010cervinek<\/strong> was born in Kyjov, where he also started singing at the Basic Arts School. He attended private lessons with David Szendiuch, a soloist of the National Theatre in Olomouc. In 2021, he completed his master&#8217;s degree at the Jan\u00e1\u010dek Academy of Performing Arts in Brno in Zden\u011bk \u0160muka\u0159\u2019s class. He has also been a student at the Universit\u00e4t f\u00fcr Musik und darstellende Kunst in Vienna since 2020, where he studies with Prof. Margit Klaushofer. During his studies, he has participated in several international performance courses with international artists and teachers such as Adam Plachetka, Kate\u0159ina Kn\u011b\u017e\u00edkov\u00e1, Thomas Steinh\u00f6fel, Singfried Goritz, Irena Sylya and Amelia Felle.<\/p>\n\n\n\n<p>He has performed the following roles in the chamber opera at the Orl\u00ed Theatre in Brno: The King in Orff\u2019s opera&nbsp;<i>Die Kluge<\/i>, The Poet in the contemporary opera&nbsp;<i>Unknown<\/i>&nbsp;by Daniel \u0160imek, The Count in&nbsp;<i>Il Matrimonio Segreto<\/i>&nbsp;by Domenico Cimarosa and The Count in Mozart\u2019s opera&nbsp;<i>The Marriage of Figaro<\/i>. At the Sch\u00f6nbrunn Palace Theatre in Vienna he performed the role of Harlequin in Strauss\u2019s&nbsp;<i>Ariadne auf Naxos<\/i>.<\/p>\n\n\n\n<p>He has also taken part in several international competitions. In 2018 he was the overall winner of the Prague Singer competition. He won 2nd prize at the Anton\u00edn Dvo\u0159\u00e1k International Singing Competition in Karlovy Vary, where he also won numerous special prizes, such as the Jan Lucembursk\u00fd Prize, the Beno Blachut Prize, the Vil\u00e9m Z\u00edtek Prize and the Milan B\u00fcrger Prize. His other competition successes include 2nd place at the Dusek Performance Competition. In May 2019, he won 2nd prize at the Iuventus Canti competition. In 2021, he won 2nd prize at the Iuventus Canti competition and was a laureate of the Mikulas Schneider-Trnavsky International Competition. In November 2021 he was the winner of the Bohuslav Martin\u016f Foundation Competition, where he also won three special prizes.  Since the 2021\/2022 season he has been a member of the opera studio of the Slovak National Theatre in Bratislava. He also makes guest appearances at the National Theatre in Brno and the National Theatre in Ostrava.<\/p>\n<\/div>\n\n\n<hr class=\"wp-block-separator has-alpha-channel-opacity\"\/>\n\n\n\n<h2 class=\"wp-block-heading\">Jan Du\u0161ek \u2013 piano<\/h2>\n\n\n<div data-post-id=\"7034\" class=\"insert-page insert-page-7034 \"><div class=\"wp-block-image animated fadeIn slower\">\n<figure class=\"alignleft size-large is-resized\"><img loading=\"lazy\" decoding=\"async\" width=\"1024\" height=\"683\" src=\"https:\/\/liedercompany.cz\/wp-content\/uploads\/2024\/01\/Jan-Dusek_credit-Pavel-Kalina-1024x683.jpg\" alt=\"\" class=\"wp-image-7031\" style=\"width:auto;height:250px\" title=\"\" srcset=\"https:\/\/liedercompany.cz\/wp-content\/uploads\/2024\/01\/Jan-Dusek_credit-Pavel-Kalina-1024x683.jpg 1024w, https:\/\/liedercompany.cz\/wp-content\/uploads\/2024\/01\/Jan-Dusek_credit-Pavel-Kalina-300x200.jpg 300w, https:\/\/liedercompany.cz\/wp-content\/uploads\/2024\/01\/Jan-Dusek_credit-Pavel-Kalina-768x512.jpg 768w, https:\/\/liedercompany.cz\/wp-content\/uploads\/2024\/01\/Jan-Dusek_credit-Pavel-Kalina-1536x1024.jpg 1536w, https:\/\/liedercompany.cz\/wp-content\/uploads\/2024\/01\/Jan-Dusek_credit-Pavel-Kalina-2048x1365.jpg 2048w, https:\/\/liedercompany.cz\/wp-content\/uploads\/2024\/01\/Jan-Dusek_credit-Pavel-Kalina-930x620.jpg 930w, https:\/\/liedercompany.cz\/wp-content\/uploads\/2024\/01\/Jan-Dusek_credit-Pavel-Kalina-200x133.jpg 200w, https:\/\/liedercompany.cz\/wp-content\/uploads\/2024\/01\/Jan-Dusek_credit-Pavel-Kalina-600x400.jpg 600w\" sizes=\"(max-width: 1024px) 100vw, 1024px\"><\/figure><\/div>\n<p>Jan Du\u0161ek studied at the Conservatory in Teplice (piano, composition). In 2004-2012, he studied composition at the Academy of Performing Arts in Prague (Hanus Barton), where he finished his doctoral studies in the same field in 2012. Since then, Jan Du\u0161ek has taught at the composition department of the Academy. As a pianist he participated in several master courses (Cyprien Katsaris, Irina Ossipova, Angela Hewitt, Lilit Grygorian, Maria Jo\u00e3o Pires), in 2013\/14 he studied piano privately with Robert Lehrbaumer in Vienna, in 2015 with Xiao-Mei Zhu in Paris, and since 2016 with Gordon Fergus-Thompson in London. He has won awards and honourable mentions in competitions (Concertino Praga, the International Piano Competition B. Smetana Competition of Conservatories, Zdenek Fibich International Competition in the interpretation of melodrama). He periodically records contemporary Czech music for Czech Radio, e.g. in 2019, he completed a\u00a0 recording of complete piano works by Rudolf Karel. In 2015 he released a CD of <a href=\"https:\/\/liedercompany.cz\/en\/produkt\/viktor-ullmann-schwer-ists-das-schone-zu-lassen-complete-songs-for-soprano-and-piano-2cd\/\">complete songs for soprano and piano by Viktor Ullmann<\/a> with soprano Irena Troupova. In 2021, they released <a href=\"https:\/\/liedercompany.cz\/en\/produkt\/hans-winterberg-immer-das-letzte-mal-complete-song-works-2cd\/\">complete songs by Hans Winterberg<\/a>. He regularly performs at international music festivals (Prague Spring, V\u011b\u010dn\u00e1 nad\u011bje, Junge Kunstler Beyreuth etc.).<\/p>\n\n<p>In 2006 he was awarded the first prize at the Composers Competition \u201cGeneration\u201c for the piece \u201c\u2026 in seven days I will send rain on the Earth \u2026\u201d, and in 2007 at the same competition he again won first prize for the composition \u201cGradation for organ.\u201d In 2008 he received the \u2018Audience\u2019s Prize\u2019 for the composition \u201cChalomot jehudi\u2019im\u201d, a year later receiving the Prize of Gideon Klein for the same composition. In 2010, his melodrama \u201cPrague Walker\u201d was awarded 2nd prize in the Competition for Young Artists, announced by the City District Prague 1. For his music to accompany the silent film \u201cThe Child of the Ghetto\u201d, Jan received the \u2018Audience\u2019s Prize\u2019 in the 2011 NuBerg competition. His compositions have been commissioned by festivals and competitions (such as the International Festival of Concert Melodrama, Viktor Ullmann festival \u010cesk\u00fd T\u011b\u0161\u00edn, Prague Spring Competition etc.), and performed by leading Czech soloists (such as clarinettist Irvin Veny\u0161 and the percussionist Mark\u00e9ta Mazourov\u00e1) as well as chamber ensembles and orchestras (e.g., Nederlands Blazers Ensemble, Epoque quartet; BERG Orchestra; Prague Philharmonia; Prague Philharmonic Choir). In 2021, Jan co-established the Lieder Company association which aims to promote art song recitals and repertoire.&#13;\n<\/p>\n\n<p class=\"has-text-align-right\"><a href=\"http:\/\/www.jan-dusek.com\/\" target=\"_blank\" rel=\"noreferrer noopener\">www.jan-dusek.com<\/a><\/p>\n<\/div>\n\n\n<hr class=\"wp-block-separator has-alpha-channel-opacity\"\/>\n\n\n\n<h2 class=\"wp-block-heading\">Juraj Ga\u017emer\u010d\u00edk \u2013 production<\/h2>\n\n\n<div data-post-id=\"7119\" class=\"insert-page insert-page-7119 \"><div class=\"wp-block-image animated fadeIn slower\">\n<figure class=\"alignleft size-full is-resized\"><img loading=\"lazy\" decoding=\"async\" width=\"703\" height=\"527\" src=\"https:\/\/liedercompany.cz\/wp-content\/uploads\/2024\/01\/gazmercik-1.jpg\" alt=\"\" class=\"wp-image-7116\" style=\"width:auto;height:250px\" title=\"\" srcset=\"https:\/\/liedercompany.cz\/wp-content\/uploads\/2024\/01\/gazmercik-1.jpg 703w, https:\/\/liedercompany.cz\/wp-content\/uploads\/2024\/01\/gazmercik-1-300x225.jpg 300w, https:\/\/liedercompany.cz\/wp-content\/uploads\/2024\/01\/gazmercik-1-200x150.jpg 200w, https:\/\/liedercompany.cz\/wp-content\/uploads\/2024\/01\/gazmercik-1-600x450.jpg 600w\" sizes=\"(max-width: 703px) 100vw, 703px\"><\/figure><\/div>\n<p><strong>Juraj Ga\u017emer\u010d\u00edk<\/strong> is a student of the Department of Composition at the Music Faculty of the Academy of Performing Arts in Prague. He studied percussion with Petr Sol\u00e1rik and Istv\u00e1n Szab\u00f3, and composition with Katar\u00edna Kore\u0148ov\u00e1 at the J\u00e1n Levoslav Bella Conservatory in Bansk\u00e1 Bystrica. In 2017, he received a Master&#8217;s degree in Musicology from Comenius University in Bratislava. As a performer, he has performed in several groups and ensembles, the most valuable of which are the Bansk\u00e1 Bystrica band Regale and the Bossa Nova project of the Jo\u00e3o Gilberto Quartet. He teaches percussion and occasionally publishes on music and art.<\/p>\n\n<p><\/p>\n<\/div>\n\n\n<div style=\"height:37px\" aria-hidden=\"true\" class=\"wp-block-spacer\"><\/div>\n\n\n\n<hr class=\"wp-block-separator has-alpha-channel-opacity\"\/>\n\n\n\n<h2 class=\"wp-block-heading\">Ond\u0159ej Holub \u2013 tenor<\/h2>\n\n\n<div data-post-id=\"7054\" class=\"insert-page insert-page-7054 \"><div class=\"wp-block-image animated fadeIn slower\">\n<figure class=\"alignleft size-large is-resized\"><img loading=\"lazy\" loading=\"lazy\" decoding=\"async\" width=\"1024\" height=\"683\" src=\"https:\/\/liedercompany.cz\/wp-content\/uploads\/2024\/01\/Ondrej-Holub_credit-Jan-Dusek_2023_02-edited-1024x683.jpg\" alt=\"\" class=\"wp-image-6965\" style=\"width:auto;height:250px\" title=\"\" srcset=\"https:\/\/liedercompany.cz\/wp-content\/uploads\/2024\/01\/Ondrej-Holub_credit-Jan-Dusek_2023_02-edited-1024x683.jpg 1024w, https:\/\/liedercompany.cz\/wp-content\/uploads\/2024\/01\/Ondrej-Holub_credit-Jan-Dusek_2023_02-edited-300x200.jpg 300w, https:\/\/liedercompany.cz\/wp-content\/uploads\/2024\/01\/Ondrej-Holub_credit-Jan-Dusek_2023_02-edited-768x512.jpg 768w, https:\/\/liedercompany.cz\/wp-content\/uploads\/2024\/01\/Ondrej-Holub_credit-Jan-Dusek_2023_02-edited-930x620.jpg 930w, https:\/\/liedercompany.cz\/wp-content\/uploads\/2024\/01\/Ondrej-Holub_credit-Jan-Dusek_2023_02-edited-200x133.jpg 200w, https:\/\/liedercompany.cz\/wp-content\/uploads\/2024\/01\/Ondrej-Holub_credit-Jan-Dusek_2023_02-edited-600x400.jpg 600w, https:\/\/liedercompany.cz\/wp-content\/uploads\/2024\/01\/Ondrej-Holub_credit-Jan-Dusek_2023_02-edited.jpg 1479w\" sizes=\"auto, (max-width: 1024px) 100vw, 1024px\"><\/figure><\/div>\n<p>In his early youth\u00a0<strong>Ond\u0159ej Holub<\/strong>\u00a0went through K\u00fchn\u2019s children\u2019s choir and the Pueri gaudentes boys\u2019 choir, thanks to which he became a child soloist of the Prague State Opera in a production of Mozart\u2019s The Magic Flute. He studied classical singing privately with Prof. Lenka Pi\u0161t\u011bck\u00e1, while studying at the Prague Conservatory with Prof. Valentin Prolat and later developed his singing skills with Prof. Ji\u0159\u00ed Kotou\u010d.<\/p>\n\n<p>Since 2019 he has been collaborating with the internationally renowned Collegium 1704, where he performs as a soloist as a soloist and ensemble singer, he also regularly collaborates with Ensemble Damian, a historically informed interpretation of Baroque opera. As a soloist he regularly collaborates with a number of ensembles and orchestras (Prague Symphony Orchestra FOK, Hradec Kr\u00e1lov\u00e9 Philharmonic, South Bohemian Chamber Philharmonic, etc. He is also an ensemble singer with most of the leading domestic early music ensembles \u2013 Schola Gregoriana Pragensis, Collegium Marianum, Cappella Mariana, Ensemble In\u00e9gal, Czech Ensemble Baroque, Victoria Ensemble, Musica Florea, with whom he regularly participates in prestigious domestic and international festivals.<\/p>\n\n<p>From 2013-2019 he was a member of the vocal ensemble Martin\u016f Voices, which ranks among the elite performers of 20th and 21st century music. In 2007, he founded the male vocal quintet Rudolfvoice with former members of the Pueri Gaudentes choir, with whom he performed at the Kennedy Center in Washington, DC. He also occasionally collaborates with the Prague Philharmonic Choir, with whom he performed Gustav Mahler\u2019s Symphony No. 2 at New York\u2019s Carnegie Hall on the centenary of the founding of Czechoslovakia.<\/p>\n<\/div>\n\n\n<hr class=\"wp-block-separator has-alpha-channel-opacity\"\/>\n\n\n\n<h2 class=\"wp-block-heading\">Jana Hrochov\u00e1 \u2013 mezzo-soprano<\/h2>\n\n\n<div data-post-id=\"7061\" class=\"insert-page insert-page-7061 \"><div class=\"wp-block-image animated fadeIn slower\">\n<figure class=\"alignleft size-large is-resized\"><img loading=\"lazy\" loading=\"lazy\" decoding=\"async\" width=\"669\" height=\"1024\" src=\"https:\/\/liedercompany.cz\/wp-content\/uploads\/2021\/12\/0LB9835-Edit-669x1024.jpg\" alt=\"\" class=\"wp-image-1007\" style=\"width:250px\" title=\"\" srcset=\"https:\/\/liedercompany.cz\/wp-content\/uploads\/2021\/12\/0LB9835-Edit-669x1024.jpg 669w, https:\/\/liedercompany.cz\/wp-content\/uploads\/2021\/12\/0LB9835-Edit-196x300.jpg 196w, https:\/\/liedercompany.cz\/wp-content\/uploads\/2021\/12\/0LB9835-Edit-768x1176.jpg 768w, https:\/\/liedercompany.cz\/wp-content\/uploads\/2021\/12\/0LB9835-Edit-300x459.jpg 300w, https:\/\/liedercompany.cz\/wp-content\/uploads\/2021\/12\/0LB9835-Edit-600x918.jpg 600w, https:\/\/liedercompany.cz\/wp-content\/uploads\/2021\/12\/0LB9835-Edit.jpg 980w\" sizes=\"auto, (max-width: 669px) 100vw, 669px\"><\/figure><\/div>\n<p>The mezzo-soprano\u00a0<strong>Jana Hrochov\u00e1<\/strong>\u00a0(Wallingerov\u00e1), n\u00e9e \u0160tef\u00e1\u010dkov\u00e1, gained her first singing experience in a children\u2019s choir in the Moravian town of \u0160umperk. She studied at the Prague Conservatory with Jarmila Kr\u00e1sov\u00e1 from 1993 to 1999. In 2001, she began studying privately with the soprano Natalia Romanov\u00e1. In 1998, she came in second at the Czech Conservatories Singing Contest. Her first engagements took place at the Opera Mozart in Prague between 1997 and 2000, extending her activities to ancient music (with Ars Cameralis) and folk music (with the Muzika Jara ensemble).&#13;\n&#13;\nIn 2000, Mrs Hrochov\u00e1 was invited to join the opera company of the National Theatre in Brno, Czech Republic. The repertoire she sang in Brno includes Carmen (Carmen), Laura (La Gioconda), Kate (The Devil and Kate), Rosina (Il barbiere di Siviglia), Suzuki (Madame Butterfly), The Fox (The Cunning Little Vixen), Varvara (Katja Kabanova), Fenena (Nabucco), H\u00e4nsel (H\u00e4nsel and Gretel), Nicklausse (The Tales of Hoffmann) and others. Guest performances have taken the young mezzo to a number of opera houses, such as the Prague National Theatre, Prague State Opera, Plze\u0148, \u00dast\u00ed nad Labem, Liberec, Ostrava, Olomouc (Czech Republic), State Theatre Ko\u0161ice (Slovakia) and Theatre Freiburg (Germany). Mrs Hrochov\u00e1\u2019s concert activities are an essential part of her repertoire and have brought her together with some leading Czech and foreign orchestras, such as the BBC Symphony Orchestra, Tokyo Metropolitan Symphony Orchestra, Czech Philharmonic, Prague Symphony Orchestra FOK, Prague Radio Symphonic Orchestra, Brno Philharmonic Orchestra, Prague Chamber Philharmonic Orchestra, Jan\u00e1\u010dek Philharmonic Orchestra, Bohuslav Martin\u016f Philharmonic Orchestra and others. She works with conductors such as Ji\u0159\u00ed B\u011blohl\u00e1vek, Serge Baudo, Gerd Albrecht, Manfred Honeck, Ondrej Len\u00e1rd, Petr Altrichter, Jakub Hr\u016f\u0161a, Leo\u0161 Sv\u00e1rovsk\u00fd, Tom\u00e1\u0161 Hanus, Andrej Borejko, Dennis Russell Davies and others. Mrs Hrochov\u00e1\u00a0 often makes guest appearances at opera houses and concert stages outside the Czech Republic (Great Britain, Japan, China, Spain, Mexico, Greece, Netherlands, Austria, Germany and Italy).&#13;\n&#13;\nIn 2011, she sang the alto solo in Dvorak\u2019s Requiem mass at a state funeral of Vaclav Havel. The Brno National Theatre awarded her with the DIVA 2005, 2008 and 2010 Award. In 2012, she was nominated for the Thalia award for her role as Dulcin\u00e9e in Massenet\u2019s Don Quichotte in a production of the F. X. \u0160alda Theatre in Liberec. In 2013, she was nominated for the Thalia award for her role as Hermia in Britten\u2019s Midsummer Night\u2019s Dream in a production of The Brno National Theatre. In 2011 and 2018 she recorded songs by Bohuslav Martin\u016f for Naxos Records. In 2014, she was invited to perform the role of Carmen in the Theatre Freiburg, Germany. In 2016, she made her BBC Proms debut at the Royal Albert Hall in London.<\/p>\n\n<p class=\"has-text-align-right\"><a href=\"https:\/\/www.janahrochova.cz\/\" target=\"_blank\" rel=\"noreferrer noopener\">www.janahrochova.cz\/<\/a><\/p>\n<\/div>\n\n\n<hr class=\"wp-block-separator has-alpha-channel-opacity\"\/>\n\n\n\n<h2 class=\"wp-block-heading\">Roman Jan\u00e1l \u2013 baritone<\/h2>\n\n\n<div data-post-id=\"7080\" class=\"insert-page insert-page-7080 \"><div class=\"wp-block-image animated fadeIn slower\">\n<figure class=\"alignleft size-full is-resized\"><img loading=\"lazy\" loading=\"lazy\" decoding=\"async\" width=\"500\" height=\"678\" src=\"https:\/\/liedercompany.cz\/wp-content\/uploads\/2021\/02\/janal.jpg\" alt=\"Roman_Janal\" class=\"wp-image-1193\" style=\"width:250px\" title=\"\" srcset=\"https:\/\/liedercompany.cz\/wp-content\/uploads\/2021\/02\/janal.jpg 500w, https:\/\/liedercompany.cz\/wp-content\/uploads\/2021\/02\/janal-300x407.jpg 300w, https:\/\/liedercompany.cz\/wp-content\/uploads\/2021\/02\/janal-221x300.jpg 221w\" sizes=\"auto, (max-width: 500px) 100vw, 500px\"><\/figure>\n<\/div>\n\n\n<p>After graduation from the Pilsen Conservatory in violin playing, Jan\u00e1l studied singing at the Music Academy in Sophia, Bulgaria. During the course of his studies he was guest singer at the State Opera House of Sophia (Don Giovanni, Eugen Onegin, Prince Tarquinius in Britten\u2019s The Rape of Lucretia) and appeared at local chamber music festivals. He first worked in Bansk\u00e1 Bystrica (Slovakia) after graduating in 1990, he then left for the Prague Chamber Opera (later Mozart Opera). In 1994 he became guest singer of the Pilsen Opera House (Lady of Spades \u2013 Tomskij, Faust and Marguerite, \u2013 Valentin, Don Giovanni \u2013 Don Giovanni, Fidelio \u2013 Don Pizarro). After a successful debut in the State Opera of Prague as Guglielmo in Cosi fan tutte and Figaro in Barber of Seville, he was a soloist for the State Opera of Prague in 1995. In November 1995 he became over-all winner of the Anton\u00edn Dvo\u0159\u00e1k International Singers\u2018 Competition in Karlovy Vary.&nbsp;<\/p>\n\n\n\n<p>Since 1997 he has been the soloist of the National Theatre of Prague where he has performed a number of national and international repertoire parts, such as Gr\u00e9gorio in Romeo and Juliet, Figaro in Barber of Seville, Escamillio in Carmen, Pollux in the Baroque lyric tragedy Castor et Pollux, the title part in Mozart\u2019s Don Giovanni. The list of his opera repertoire also includes the parts of Onegin in Yevgeny Onegin, Marcel in La Boheme, Silvio in Cavalleria Rusticana, Conte Almaviva in Figaro\u2019s Wedding, Germont in La Traviata, roles in operas by Martin\u016f, Smetana, Jan\u00e1\u010dek and Dvo\u0159\u00e1k, etc. He has often participated in a number of foreign tours with the Prague National Theatre, such as in Japan, Hong Kong, France, Germany, Netherlands, Korea.&nbsp;<\/p>\n\n\n\n<p>Roman Jan\u00e1l has successfully appeared in local and international music festivals such as the Prague Spring, the Smetana Litomy\u0161l, the International Music Festival of \u010cesk\u00fd Krumlov, The Pontes Festival, The Days of Bohuslav Martin\u016f in London, the Europalia Brussels and The B. Martin\u016f Festival in Amsterdam. He regularly collaborates with acclaimed conductors (Ji\u0159\u00ed B\u011blohl\u00e1vek, Christopher Hogwood, Ji\u0159\u00ed Kout, Serge Baudo, John Fiore, Tom\u00e1\u0161 Hanus) and with local and international orchestras, including the Prague Philharmonia, the BBC Symphony Orchestra, the Czech Philharmonic Orchestra, the Prague Symphony Orchestra and the Czech Radio Symphony Orchestra. In February 2007 he participated in the recording of Janacek\u00b4s opera The Excursions of Mr. Broucek (the roles of Sacristan, Lunobor and Domsik) with Jiri B\u011blohl\u00e1vek and the BBC Symphony Orchestra, for the BBC and Deutsche Grammophon (released in January 2008).<\/p>\n\n\n\n<p>Since 1984, he has recorded extensively for Czech Radio, performing a range of repertoire from opera arias to contemporary Czech song-cycles. These recordings were released on CD and have resulted in the issue of a profile operatic album, including arias from operas by W. A. Mozart, L. van Beethoven, G. Verdi, B. Smetana and others. Roman Jan\u00e1l won the prestigious Thalia Prize in 1999 for the part of Pollux in Rameau\u2019s \u201eCastor and Pollux\u201c at the National Theatre of Prague.<\/p>\n\n\n\n<p class=\"has-text-align-right\"><a href=\"https:\/\/www.romanjanal.com\/\" target=\"_blank\" rel=\"noreferrer noopener\">www.romanjanal.com<\/a><\/p>\n<\/div>\n\n\n<hr class=\"wp-block-separator has-alpha-channel-opacity\"\/>\n\n\n\n<h2 class=\"wp-block-heading\">Jana Sibera \u2013 soprano<\/h2>\n\n\n<div data-post-id=\"7069\" class=\"insert-page insert-page-7069 \"><div class=\"wp-block-image animated fadeIn slower\">\n<figure class=\"alignleft size-large is-resized\"><img loading=\"lazy\" loading=\"lazy\" decoding=\"async\" width=\"683\" height=\"1024\" src=\"https:\/\/liedercompany.cz\/wp-content\/uploads\/2021\/12\/DSC0629-Edit-683x1024.jpg\" alt=\"\" class=\"wp-image-1227\" style=\"width:250px\" title=\"\" srcset=\"https:\/\/liedercompany.cz\/wp-content\/uploads\/2021\/12\/DSC0629-Edit-683x1024.jpg 683w, https:\/\/liedercompany.cz\/wp-content\/uploads\/2021\/12\/DSC0629-Edit-200x300.jpg 200w, https:\/\/liedercompany.cz\/wp-content\/uploads\/2021\/12\/DSC0629-Edit-768x1152.jpg 768w, https:\/\/liedercompany.cz\/wp-content\/uploads\/2021\/12\/DSC0629-Edit-1024x1536.jpg 1024w, https:\/\/liedercompany.cz\/wp-content\/uploads\/2021\/12\/DSC0629-Edit-1366x2048.jpg 1366w, https:\/\/liedercompany.cz\/wp-content\/uploads\/2021\/12\/DSC0629-Edit-300x450.jpg 300w, https:\/\/liedercompany.cz\/wp-content\/uploads\/2021\/12\/DSC0629-Edit-600x900.jpg 600w, https:\/\/liedercompany.cz\/wp-content\/uploads\/2021\/12\/DSC0629-Edit-scaled.jpg 1707w\" sizes=\"auto, (max-width: 683px) 100vw, 683px\"><\/figure>\n<\/div>\n\n\n<p>Soprano&nbsp;<strong>Jana Sibera<\/strong>&nbsp;graduated from the Prague Conservatory (2000) and the Faculty of Music of the Academy of Performing Arts in Prague (2005). Since 1995, she has been a guest at the National Theatre and since 2000 at the State Opera Prague, where she accepted an engagement in 2002. Since 1st January 2012 she has been a soloist of the National Theatre Opera.<\/p>\n\n\n\n<p>She has appeared in productions of the State Opera Prague and the National Theatre as Mozart\u2019s Zerlina (Don Giovanni), Susanna (The Marriage of Figaro), Papagena and the Queen of the Night (Die Zauberfl\u00f6te) and Despina (Cos\u00ec fan tutte); Lucia (Donizetti: Lucia di Lammermoor), Verdi\u2019s Violetta (La traviata), Gilda (Rigoletto) and Oscar (Masquerade Ball), as well as Musetta (Puccini: La boh\u00e8me), Ad\u00e9la (Strauss: Die Fledermaus), Philine (Thomas: Mignon), Frasquita and Micaela (Bizet: Carmen), The Cook and the First Maid (Dvo\u0159\u00e1k: Rusalka), Clarisse (Weber \u2013 Mahler: The Three Pints), Cunegonde (Bernstein: Candide), in the triple role of the Waiter \u2013 the Miracle Child \u2013 the Pupil in Jan\u00e1\u010dek\u2019s opera The Excursions of Mr.Brou\u010dek under the baton of Charles Mackerras, also as Karolina (Smetana: The Two Widows), Bystrouska (Jan\u00e1\u010dek: The Cunning Little Vixen), Terinka (Dvo\u0159\u00e1k: Jakob\u00edn), Ma\u0159enka (Humperdinck: Jen\u00ed\u010dek a Ma\u0159enka), etc. Her repertoire also includes the roles of Norina (Donizetti: Don Pasquale), Blonda (Mozart: The Abduction from the Seraglio), Fiorilla (Rossini: The Turk in Italy) and Bla\u017eenka (Smetana: The Secret), which she staged for the J. K. Tyl Theatre in Pilsen.<\/p>\n\n\n\n<p>She performed in more than 40 performances of Don Giovanni in the summer stagion of Opera Mozart at the Estates Theatre. At the National Moravian-Silesian Theatre she guest-starred as Verdi\u2019s Violetta (La traviata), Eurydice (Offenbach: Orpheus in the Underworld) and Annina (Strauss: A Night in Venice). In 2022 she performed the role of Manon in Jules Massenet\u2019s opera of the same name, for which she also won the Thalia Award.<\/p>\n\n\n\n<p>In June 2008 she was a finalist in the Barbara Hendricks International Singing Competition in Strasbourg. In 2011 and 2012, she guest starred as Violetta in Gdansk, and in 2016 as Ophelia in Opera Gothenburg. She has also participated in several tours of the National Theatre Opera in Japan and Korea. Among her great successes is the collaboration with tenor Jonas Kaufmann on his profile CD for Decca. She has worked with conductors such as M. Armiliato, Sir Ch. Mackerras, J. B\u011blohl\u00e1vek, J. Latham-Koenig, G. Tourniaire and E. Dovico.<\/p>\n\n\n\n<p class=\"has-text-align-right\"><a href=\"https:\/\/janasibera.cz\/\" target=\"_blank\" rel=\"noopener\">janasibera.cz\/<\/a><\/p>\n<\/div>\n\n\n<hr class=\"wp-block-separator has-alpha-channel-opacity\"\/>\n\n\n\n<h2 class=\"wp-block-heading\">Bohum\u00edr Stehl\u00edk \u2013 piano<\/h2>\n\n\n<div data-post-id=\"7089\" class=\"insert-page insert-page-7089 \"><div class=\"wp-block-image animated fadeIn slower\">\n<figure class=\"alignleft size-large is-resized\"><img loading=\"lazy\" loading=\"lazy\" decoding=\"async\" width=\"1024\" height=\"683\" src=\"https:\/\/liedercompany.cz\/wp-content\/uploads\/2021\/12\/6-1024x683.jpg\" alt=\"\" class=\"wp-image-1214\" style=\"width:auto;height:250px\" title=\"\" srcset=\"https:\/\/liedercompany.cz\/wp-content\/uploads\/2021\/12\/6-1024x683.jpg 1024w, https:\/\/liedercompany.cz\/wp-content\/uploads\/2021\/12\/6-300x200.jpg 300w, https:\/\/liedercompany.cz\/wp-content\/uploads\/2021\/12\/6-768x512.jpg 768w, https:\/\/liedercompany.cz\/wp-content\/uploads\/2021\/12\/6-1536x1024.jpg 1536w, https:\/\/liedercompany.cz\/wp-content\/uploads\/2021\/12\/6-2048x1365.jpg 2048w, https:\/\/liedercompany.cz\/wp-content\/uploads\/2021\/12\/6-930x620.jpg 930w, https:\/\/liedercompany.cz\/wp-content\/uploads\/2021\/12\/6-600x400.jpg 600w\" sizes=\"auto, (max-width: 1024px) 100vw, 1024px\"><\/figure>\n<\/div>\n\n\n<p><strong>Bohum\u00edr Stehl\u00edk<\/strong> is one of the foremost Czech pianists of the younger generation. He has distinguished himself both as a soloist and chamber music player, having developed a sensitive instrumental skill and great musical expressive power.<\/p>\n\n\n\n<p>Bohum\u00edr\u2019s music education started at an early age at the Music Gymnasium in Prague under Irina Kondrat\u011bnko and later on at the Academy of Performing Arts in Prague under Franti\u0161ek Mal\u00fd. From 2011 to 2016 he studied under well-know Swedish pianist Mats Widlund at Edsberg Music Institute, part of the Royal Academy in Stockholm and one of the most prestigious music academies of Northern Europe. He has been awarded various prizes in many international solo competitions (e.g. Ljunggrenska t\u00e4vlingen \u2013 1st prize, Stockholm International Music Competition \u2013 2nd price, Virtuosi per Musica di Pianoforte \u2013 1st prize, Concertino Praga \u2013 1st prize etc.). Bohumir also obtained the Yamaha Scholarship Award and the prestigious KMA Swedish National Scholarship for both solo piano, chamber music and accompaniment (maximal sum reached in 2015). A member of Duo du R\u00eave, Bohum\u00edr and flautist Jana Jarkovsk\u00e1 won prizes in various competitions of music ensembles (Chieri International Music Competition \u201cCitta di Chieri\u201d \u2013 1st prize, Val Tidone International Chamber Music Competition \u2013 1st prize, Salieri-Zinneti Chamber Music Competition \u2013 3rd prize, winner of ProMusicis International Award in France, winner of ISA Challenge and Open Awards in Austria etc.). He also recorded several CDs with Jana Jarkovska. Outside Duo du R\u00eave, he collaborates with violinist Mark\u00e9ta Janou\u0161kov\u00e1 and is also a member of D\u2019Accord chamber music ensemble.<\/p>\n\n\n\n<p>In addition to his concert activities, he collaborates with Czech Radio. Bohum\u00edr also works in productions for the Povale\u010d Music Festival (CZ) and the \u201eD\u2019Accord, Das Klassikfestival\u201c in (D), where he also leads the masterclass. He worked as a teacher at the Ingesund Academy of Music at Karlstad University in Sweden and since October 2016 has also been teaching at the Jan\u00e1\u010dek Academy of Music and Performing Arts in Brno. Bohum\u00edr works as a regenschori in the Church of the Name of the Virgin Mary in K\u0159tiny (CZ).<\/p>\n\n\n\n<p class=\"has-text-align-right\"><a href=\"http:\/\/www.bohumirstehlik.com\/\" target=\"_blank\" rel=\"noreferrer noopener\">www.bohumirstehlik.com<\/a><\/p>\n<\/div>\n\n\n<hr class=\"wp-block-separator has-alpha-channel-opacity\"\/>\n\n\n\n<h2 class=\"wp-block-heading\">Vojt\u011bch \u0160embera \u2013 baritone<\/h2>\n\n\n<div data-post-id=\"7096\" class=\"insert-page insert-page-7096 \"><div class=\"wp-block-image animated fadeIn slower\">\n<figure class=\"alignleft size-large is-resized\"><img loading=\"lazy\" loading=\"lazy\" decoding=\"async\" width=\"1024\" height=\"681\" src=\"https:\/\/liedercompany.cz\/wp-content\/uploads\/2021\/12\/Foto-VS-1024x681.jpg\" alt=\"\" class=\"wp-image-1016\" style=\"width:auto;height:250px\" title=\"\" srcset=\"https:\/\/liedercompany.cz\/wp-content\/uploads\/2021\/12\/Foto-VS-1024x681.jpg 1024w, https:\/\/liedercompany.cz\/wp-content\/uploads\/2021\/12\/Foto-VS-300x200.jpg 300w, https:\/\/liedercompany.cz\/wp-content\/uploads\/2021\/12\/Foto-VS-768x511.jpg 768w, https:\/\/liedercompany.cz\/wp-content\/uploads\/2021\/12\/Foto-VS-600x399.jpg 600w, https:\/\/liedercompany.cz\/wp-content\/uploads\/2021\/12\/Foto-VS.jpg 1201w\" sizes=\"auto, (max-width: 1024px) 100vw, 1024px\"><\/figure><\/div>\n<p>Young baritone and composer <strong>Vojt\u011bch \u0160embera<\/strong>\u00a0studied singing at the Jan\u00e1\u010dek Academy of Performing Arts in Brno with Jarom\u00edr Novotn\u00fd and Irena Troupov\u00e1, composition with Ivo Medek and Martin Smolka. He also studied briefly at the Royal Conservatory in The Hague, the Netherlands, where he attended composition classes with Cornelis de Bondt, Calliope Tsoupaki and Jan van de Putte, and further improved his singing skills under Noa Frenkel. He has participated in selected interpretation courses abroad (eg VENI Academy, vocal masterclass EMA) and singing masterclasses with Antonio Carangel and Kate\u0159ina Kn\u011b\u017e\u00edkov\u00e1. In his singing practice, he focuses mainly on the interpretation of contemporary music and the song repertoire. His composing activities are mostly aimed at vocal work and graphic scores.<\/p>\n\n<p>In 2013 and 2014, he was awarded an honourable mention at the GENERATION International Composition Competition, and in 2015 he was awarded 2nd place at the Anton\u00edn Dvo\u0159\u00e1k International Singing Competition in the Opera Hope category. In 2017, he received 2nd place at the Du\u0161ek Singing Competition, The President of the EMA prize and 3rd place at the Anton\u00edn Dvo\u0159\u00e1k International Singing Competition in the Junior and Song categories.<\/p>\n\n<p>During his studies at JAMU, he performed in several productions of the JAMU Chamber Opera (M. H\u00e1ba:\u00a0<i>The Little Prince\u00a0<\/i>\u2013 The King, The Snake; W. A. \u200b\u200bMozart:\u00a0<i>The Magic Flute<\/i>\u00a0\u2013 Papageno;C. Orff:\u00a0<i>Die Kluge<\/i>\u00a0\u2013 The Mule Man). He made his professional opera debut at the Silesian Theatre in Opava (A. Dvo\u0159\u00e1k:\u00a0<i>Rusalka<\/i>\u00a0\u2013 Hunter) and also performed at the Jan Kajet\u00e1n Tyl Theatre in Pilsen (A. Thomas:\u00a0<i>Hamlet<\/i>\u00a0\u2013 Horatio). In his concert activities he has performed with the Karlovy Vary Symphony Orchestra (C. Orff:\u00a0<i>Carmina Burana<\/i>; J. S. Bach:\u00a0<i>John\u2019s Passions<\/i>; A. Dvo\u0159\u00e1k:\u00a0<i>Biblical Songs<\/i>), with the National Theatre Orchestra (D. Matej:\u00a0<i>KyAriAe<\/i>), North Bohemian Philharmonic Teplice (W. A. Mozart:\u00a0<i>The Marriage of Figaro<\/i>\u00a0\u2013 Count Almaviva) and others.\u00a0In collaboration with Ensemble 18+, he portrayed one of the main roles in the renewed premiere of Joseph Barta\u2019s singspiel\u00a0<i>Dobr\u00e1 rada dobr\u00e1<\/i>. He performed his own composition for baritone and orchestra\u00a0<i>Filokt\u00e9t\u00e9s<\/i>\u00a0with the Brno Philharmonic and the West Bohemian Symphony Orchestra Mari\u00e1nsk\u00e9 L\u00e1zn\u011b. Together with Leo\u0161 Sv\u00e1rovsk\u00fd and the Czech Radio Symphony Orchestra, he made a recording of Anton\u00edn Dvo\u0159\u00e1k\u2019s\u00a0<i>Biblical Songs<\/i>. In the field of contemporary music, he has performed with the ensembles VENI ensemble, Mirror ensemble, at the festival Days of New Opera Ostrava (A. H\u00e1ba:\u00a0<i>Thy Kingdom Come<\/i>\u00a0\u2013Christ, Lay Preacher; Songbooks \u2013 Solo Voice), or with Orchestr BERG (L. Lim:\u00a0<i>Tongue of the Invisible<\/i>). During his one-year study stay in the Netherlands, he collaborated with the Orkest de Ereprijs on the Young Composers Meeting project and performed at the Dag in de Branding festival (M. Arta\u00e7:\u00a0<i>Zizos<\/i>). He regularly collaborates with the Meeting of New Music Plus festival. With his own project\u00a0<i>Voice Drowned in the Ocean of Silence<\/i>, which has so far been attended by composers from more than 10 countries, he contributes to expanding the repertoire for solo voice.<\/p>\n\n<p class=\"has-text-align-right\"><a href=\"http:\/\/www.vojtechsembera.com\/\" target=\"_blank\" rel=\"noreferrer noopener\">www.vojtechsembera.com<\/a><\/p>\n<\/div>\n\n\n<hr class=\"wp-block-separator has-alpha-channel-opacity\"\/>\n\n\n\n<h2 class=\"wp-block-heading\">Milan Luk\u00e1\u0161 \u0160najdr \u2013 production<\/h2>\n\n\n<div data-post-id=\"7105\" class=\"insert-page insert-page-7105 \"><div class=\"wp-block-image animated fadeIn slower\">\n<figure class=\"alignleft size-large is-resized\"><img loading=\"lazy\" loading=\"lazy\" decoding=\"async\" width=\"1024\" height=\"683\" src=\"https:\/\/liedercompany.cz\/wp-content\/uploads\/2022\/04\/Snajdr-1024x683.jpg\" alt=\"\" class=\"wp-image-1475\" style=\"width:auto;height:250px\" title=\"\" srcset=\"https:\/\/liedercompany.cz\/wp-content\/uploads\/2022\/04\/Snajdr-1024x683.jpg 1024w, https:\/\/liedercompany.cz\/wp-content\/uploads\/2022\/04\/Snajdr-300x200.jpg 300w, https:\/\/liedercompany.cz\/wp-content\/uploads\/2022\/04\/Snajdr-768x512.jpg 768w, https:\/\/liedercompany.cz\/wp-content\/uploads\/2022\/04\/Snajdr-930x620.jpg 930w, https:\/\/liedercompany.cz\/wp-content\/uploads\/2022\/04\/Snajdr-200x133.jpg 200w, https:\/\/liedercompany.cz\/wp-content\/uploads\/2022\/04\/Snajdr-600x400.jpg 600w, https:\/\/liedercompany.cz\/wp-content\/uploads\/2022\/04\/Snajdr.jpg 1500w\" sizes=\"auto, (max-width: 1024px) 100vw, 1024px\"><\/figure><\/div>\n<p><strong>Milan Luk\u00e1\u0161 \u0160najdr<\/strong>\u00a0studied at the Higher School of Acting in Prague, majoring in acting and moderation. Between 2009-2014 he studied pop and rock singing, 2014-2015 he studied jazz singing with Venu\u0161e Dvo\u0159\u00e1kov\u00e1-Zaoralov\u00e1 and in 2015-2019 he finished his studies in operetta and musical singing.<\/p>\n\n<p>Luk\u00e1\u0161 studied at the Higher School of Acting in Prague, majoring in acting and moderation. Between 2009-2014 he studied pop and rock singing, 2014-2015 he studied jazz singing with Venu\u0161e Dvo\u0159\u00e1kov\u00e1-Zaoralov\u00e1 and in 2015-2019 he finished his studies in operetta and musical singing. <\/p>\n\n<p>For the Lieder Company Prague he is responsible for production work, promotion, technical preparation of concerts and above all he is a co-founder of the company.<\/p>\n<\/div>\n\n\n<hr class=\"wp-block-separator has-alpha-channel-opacity\"\/>\n\n\n\n<h2 class=\"wp-block-heading\">Irena Troupov\u00e1 \u2013 soprano<\/h2>\n\n\n<div data-post-id=\"7111\" class=\"insert-page insert-page-7111 \"><div class=\"wp-block-image animated fadeIn slower\">\n<figure class=\"alignleft size-large is-resized\"><img loading=\"lazy\" loading=\"lazy\" decoding=\"async\" width=\"1024\" height=\"684\" src=\"https:\/\/liedercompany.cz\/wp-content\/uploads\/2021\/03\/Troupova-1024x684.jpg\" alt=\"Irena_Troupova\" class=\"wp-image-1194\" style=\"width:auto;height:250px\" title=\"\" srcset=\"https:\/\/liedercompany.cz\/wp-content\/uploads\/2021\/03\/Troupova-1024x684.jpg 1024w, https:\/\/liedercompany.cz\/wp-content\/uploads\/2021\/03\/Troupova-300x200.jpg 300w, https:\/\/liedercompany.cz\/wp-content\/uploads\/2021\/03\/Troupova-600x401.jpg 600w, https:\/\/liedercompany.cz\/wp-content\/uploads\/2021\/03\/Troupova-768x513.jpg 768w, https:\/\/liedercompany.cz\/wp-content\/uploads\/2021\/03\/Troupova-930x620.jpg 930w, https:\/\/liedercompany.cz\/wp-content\/uploads\/2021\/03\/Troupova.jpg 1200w\" sizes=\"auto, (max-width: 1024px) 100vw, 1024px\"><\/figure>\n<\/div>\n\n\n<p>The eminent Czech soprano <strong>Irena Troupov\u00e1<\/strong> gained international renown through the historically-based interpretation of early music, which she devoted herself to already during her musicology studies at Charles University in Prague. She studied singing under Terezie Blumov\u00e1 in Prague, later under M. Corelli in Berlin. She collaborated with the ensemble Musica Antiqua Praha led by Pavel Klikar, creating a string of recordings and exceptionally successful concerts both at home and abroad. At that time she also found an interest in contemporary music and has worked with the likes of Petr Eben, Svatopluk Havelka and others. After her studies she performed mainly in Germany, but the demand for her talent also grew rapidly in other countries (England, Italy, Denmark, Sweden, France, Switzerland, Poland). She worked with many different ensembles (e.g. Orpheon Consort, Johann-Rosenm\u00fcller-Ensemble, Sch\u00fctz-Akademie, Capella Sagittariana, Dresdener Barockorchester, Lautten-Compagney, Kievskaya Kamerata) and conductors (Howard Arman, Joshua Rifkin, Frieder Bernius, Thomas Hengelbrock, Florian Heyerick, Vojt\u011bch Spurn\u00fd and others). This cooperation brought about a number of recordings. Irena Troupov\u00e1 was a regular participant in the concert programmes of the State Opera in Berlin and the Berlin Symphony Orchestra. Among the most interesting opera productions that she took part in during her German period, a mention should be made of Monteverdi\u2019s Orfeo headed by Joshua Rifkin in Basel, Freiburg and Mulhouse (the roles of Musica and Proserpine), of the modern premiere of H.I.F. Biber\u2019s opera Arminius in Salzburg (later released on CD), but also of Le malade imaginaire of M.-A. Charpentier and J.-B. Lully in Berlin.<\/p>\n\n\n\n<p>Irena Troupov\u00e1 is a frequent guest singer at international music festivals, including Tage der alten Musik Herne, Pra\u017esk\u00e9 jaro (Prague Spring), Festival de musique baroque Caen, Holland-festival oudemuziek Utrecht, Bach-Festival Sumy and Concenturs Moraviae, to name a few.<\/p>\n\n\n\n<p>Irena\u2019s early music projects over recent years include programmes in cooperation with the Comic Opera (Berlin), German radio NDR (Norddeutscher Rundfunk) and Belgian conductor Florian Heyerik (Salto vocale \u2013 fragments from the operas of G. Ph. Telemann), with Musica Florea (operatic projects \u2013 Ch. W. Gluck: La Danza, G. F. H\u00e4ndel: Terpsicore), Ensemble Tourbillon, Barbara M. Willi, Jaroslav T\u016fma, Monika Knoblochov\u00e1, Petra Mat\u011bjov\u00e1 and others. More recently, she has been working closely with the international ensemble Orpheon; they have toured Spain, Austria and France together and have also recorded an album, Marin Marais and his friends. She has collaborated with members of the Staatskapelle Berlin, joining in a fascinating project connecting the musicality of the Baroque with that of the Modern: Musik im Dialog \u2013 Claudio Monteverdi und Luciano Berio, a concert cycle in the State Opera in Berlin which was followed by a programme from the works of J. S. Bach, Bach \u2013 reloaded.<\/p>\n\n\n\n<p>Irena Troupov\u00e1 has gradually extended her scope to include Romantic and Modern lyrical and operatic works. She has performed songs from German and French Romanticism a number of times at the concerts of the Prague Symphony Orchestra and the Czech Philharmonic (the early songs of Gustav Mahler). She has also given voice to Jan Du\u0161ek\u2019s orchestral songs Chalomet yehudi\u2019im together with Orchestra BERG for the EBU and the songs of Milo\u0161 \u0160t\u011bdro\u0148 for Czech Radio.<\/p>\n\n\n\n<p>Lately, she has focused her attention on the music of the 20th and 21st century; she recorded Bohuslav Martin\u016f\u2019s opera Le jour de bont\u00e9 (The Day of Charity) for Arco Diva. She has performed the works of Marek Kopelent (the Singspiel Musica, the cantata Agnus Dei at Prague Spring 2012) \u2013 she joined the Prague Philharmonia conducted by Jakub Hr\u016f\u0161a to render the premiere of Kopelent\u2019s Pozdn\u00ed sb\u011br (Late Harvest). She is also actively interested in the music of interwar authors \u2013 Viktor Ullmann, Erwin Schulhoff, Norbert von Hannenheim, Philip Herschkowitz \u2013 performing their works to international audiences and recording a number of their compositions for Czech Radio and Deutschlandfunk. Irena Troupov\u00e1 is also greatly valued as a tutor of early music, teaching at the Jan\u00e1\u010dek Academy of Music and Performing Arts and Masaryk University in Brno, and in courses both in the Czech Republic and abroad.<\/p>\n\n\n\n<p>She is a co-founder of the Lieder Company Prague.<\/p>\n\n\n\n<p class=\"has-text-align-right\"><a href=\"https:\/\/www.troupova.com\/\" target=\"_blank\" rel=\"noreferrer noopener\">www.troupova.com<\/a><\/p>\n<\/div>","protected":false},"excerpt":{"rendered":"<p>Robin \u010cervinek \u2013 baritone Jan Du\u0161ek \u2013 piano Juraj Ga\u017emer\u010d\u00edk \u2013 production Ond\u0159ej Holub \u2013 tenor Jana Hrochov\u00e1 \u2013 mezzo-soprano Roman Jan\u00e1l \u2013 baritone Jana Sibera \u2013 soprano Bohum\u00edr Stehl\u00edk&hellip;&nbsp;<a href=\"https:\/\/liedercompany.cz\/en\/people\/\" rel=\"bookmark\">Read More &raquo;<span class=\"screen-reader-text\">People<\/span><\/a><\/p>\n","protected":false},"author":18,"featured_media":0,"parent":0,"menu_order":0,"comment_status":"closed","ping_status":"closed","template":"","meta":{"neve_meta_sidebar":"","neve_meta_container":"","neve_meta_enable_content_width":"","neve_meta_content_width":0,"neve_meta_title_alignment":"","neve_meta_author_avatar":"","neve_post_elements_order":"","neve_meta_disable_header":"","neve_meta_disable_footer":"","neve_meta_disable_title":"","neve_meta_reading_time":"","_EventAllDay":false,"_EventTimezone":"","_EventStartDate":"","_EventEndDate":"","_EventStartDateUTC":"","_EventEndDateUTC":"","_EventShowMap":false,"_EventShowMapLink":false,"_EventURL":"","_EventCost":"","_EventCostDescription":"","_EventCurrencySymbol":"","_EventCurrencyCode":"","_EventCurrencyPosition":"","_EventDateTimeSeparator":"","_EventTimeRangeSeparator":"","_EventOrganizerID":[],"_EventVenueID":[],"_OrganizerEmail":"","_OrganizerPhone":"","_OrganizerWebsite":"","_VenueAddress":"","_VenueCity":"","_VenueCountry":"","_VenueProvince":"","_VenueState":"","_VenueZip":"","_VenuePhone":"","_VenueURL":"","_VenueStateProvince":"","_VenueLat":"","_VenueLng":"","_VenueShowMap":false,"_VenueShowMapLink":false,"_themeisle_gutenberg_block_has_review":false,"footnotes":""},"class_list":["post-1263","page","type-page","status-publish","hentry"],"_links":{"self":[{"href":"https:\/\/liedercompany.cz\/en\/wp-json\/wp\/v2\/pages\/1263","targetHints":{"allow":["GET"]}}],"collection":[{"href":"https:\/\/liedercompany.cz\/en\/wp-json\/wp\/v2\/pages"}],"about":[{"href":"https:\/\/liedercompany.cz\/en\/wp-json\/wp\/v2\/types\/page"}],"author":[{"embeddable":true,"href":"https:\/\/liedercompany.cz\/en\/wp-json\/wp\/v2\/users\/18"}],"replies":[{"embeddable":true,"href":"https:\/\/liedercompany.cz\/en\/wp-json\/wp\/v2\/comments?post=1263"}],"version-history":[{"count":0,"href":"https:\/\/liedercompany.cz\/en\/wp-json\/wp\/v2\/pages\/1263\/revisions"}],"wp:attachment":[{"href":"https:\/\/liedercompany.cz\/en\/wp-json\/wp\/v2\/media?parent=1263"}],"curies":[{"name":"wp","href":"https:\/\/api.w.org\/{rel}","templated":true}]}}