{"id":3795,"date":"2023-01-04T11:33:11","date_gmt":"2023-01-04T10:33:11","guid":{"rendered":"https:\/\/liedercompany.cz\/event\/benefit-concert-for-itibo\/"},"modified":"2023-01-24T20:57:52","modified_gmt":"2023-01-24T19:57:52","slug":"benefit-concert-for-itibo","status":"publish","type":"tribe_events","link":"https:\/\/liedercompany.cz\/en\/event\/benefit-concert-for-itibo\/","title":{"rendered":"Benefit Concert for Itibo \u2013 Sibera &#038; Holub &#038; \u010cervinek &#038; Jan\u00e1l &#038; Du\u0161ek"},"content":{"rendered":"<div class=\"tribe-events-event-image\"><img fetchpriority=\"high\" decoding=\"async\" width=\"1291\" height=\"634\" src=\"https:\/\/liedercompany.cz\/wp-content\/uploads\/2023\/01\/Foto@05x.jpg\" class=\"attachment-full size-full wp-post-image\" alt=\"\" srcset=\"https:\/\/liedercompany.cz\/wp-content\/uploads\/2023\/01\/Foto@05x.jpg 1291w, https:\/\/liedercompany.cz\/wp-content\/uploads\/2023\/01\/Foto@05x-300x147.jpg 300w, https:\/\/liedercompany.cz\/wp-content\/uploads\/2023\/01\/Foto@05x-1024x503.jpg 1024w, https:\/\/liedercompany.cz\/wp-content\/uploads\/2023\/01\/Foto@05x-768x377.jpg 768w, https:\/\/liedercompany.cz\/wp-content\/uploads\/2023\/01\/Foto@05x-200x98.jpg 200w, https:\/\/liedercompany.cz\/wp-content\/uploads\/2023\/01\/Foto@05x-600x295.jpg 600w\" sizes=\"(max-width: 1291px) 100vw, 1291px\" title=\"\"><\/div>\n\n\n<div class=\"wp-block-columns is-layout-flex wp-container-core-columns-is-layout-9d6595d7 wp-block-columns-is-layout-flex\">\n<div class=\"wp-block-column is-layout-flow wp-block-column-is-layout-flow\" style=\"flex-basis:33.33%\"><div  class=\"tribe-events-schedule tribe-clearfix\" >\n\t<p class=\"tribe-events-schedule__datetime\">\n\t\t<span class=\"tribe-events-schedule__date tribe-events-schedule__date--start\">\n\t\t\t5 \/ 2 \/ 2023\t\t<\/span>\n\n\t\t\t\t\t<span class=\"tribe-events-schedule__separator tribe-events-schedule__separator--date\">\n\t\t\t\t at \t\t\t<\/span>\n\t\t\t<span class=\"tribe-events-schedule__time tribe-events-schedule__time--start\">\n\t\t\t\t18:00\t\t\t<\/span>\n\t\t\n\t\t\t<\/p>\n<\/div>\n<\/div>\n\n\n\n<div class=\"wp-block-column is-layout-flow wp-block-column-is-layout-flow\" style=\"flex-basis:66.66%\"><div  class=\"tribe-block tribe-block__event-website goOutButton\" >\n\t<a href=\"https:\/\/goout.net\/en\/tickets\/benefit-concert-for-itibo\/iaxq\/\" target=\"_self\" rel=\"noopener\">\n\t\tBuy tickets\t<\/a>\n<\/div>\n<\/div>\n<\/div>\n\n\n\n<div style=\"height:13px\" aria-hidden=\"true\" class=\"wp-block-spacer\"><\/div>\n\n\n\n<div class=\"wp-block-columns is-layout-flex wp-container-core-columns-is-layout-9d6595d7 wp-block-columns-is-layout-flex\">\n<div class=\"wp-block-column is-layout-flow wp-block-column-is-layout-flow\" style=\"flex-basis:66.66%\">\n<p>The Lieder Company Prague in cooperation with <a href=\"https:\/\/www.salsitasoft.com\/\" target=\"_blank\" rel=\"noopener\">Salsita<\/a> decided to support meaningful charity projects through regular benefit concerts. For their February concert they chose the <strong><a href=\"https:\/\/itibo.cz\/\" target=\"_blank\" rel=\"noreferrer noopener\">humanitarian project&nbsp;<\/a><\/strong><em><a href=\"https:\/\/itibo.cz\/\" target=\"_blank\" rel=\"noreferrer noopener\"><strong>Itibo<\/strong><\/a>,<\/em>&nbsp;a medical facility in the south-western part of Kenya, which operates under the auspices of the non-governmental humanitarian organization ADRA, o.p.s.<\/p>\n\n\n\n<p>The concert will feature members of the Lieder Company in a program consisting of classical and romantic repertoire, not just songs. The evening will be moderated by <strong>Radka Fidlerov\u00e1 and Milan Luk\u00e1\u0161 \u0160najdr<\/strong>.<\/p>\n\n\n\n<p>The performers perform without remuneration, the proceeds of the concert will be donated to the aforementioned&nbsp;<em>Itibo project.<\/em><\/p>\n\n\n\n<p>The concert will be followed by a screening of the HBO film&nbsp;<strong><em>Far Beyond the Sun<\/em><\/strong> with the participation of director O<strong>lga Mal\u00ed\u0159ov\u00e1 \u0160p\u00e1tov\u00e1<\/strong>.<\/p>\n\n\n\n<p>The concert will take place in the unconventional space of <a href=\"https:\/\/www.salsitaclub.com\/\" target=\"_blank\" rel=\"noopener\">Club Salsita<\/a> in Prague&#8217;s Sm\u00edchov district.<\/p>\n<\/div>\n\n\n\n<div class=\"wp-block-column is-layout-flow wp-block-column-is-layout-flow\" style=\"flex-basis:33.33%\">\n<p><strong>Performers:<\/strong><\/p>\n\n\n\n<ul class=\"wp-block-list\">\n<li>Jana Sibera \u2013 soprano<\/li>\n\n\n\n<li>Ond\u0159ej Holub &#8211; tenor<\/li>\n\n\n\n<li>Robin \u010cervinek \u2013 baritone<\/li>\n\n\n\n<li>Roman Jan\u00e1l \u2013 baritone<\/li>\n\n\n\n<li>Jan Du\u0161ek \u2013 piano<\/li>\n<\/ul>\n\n\n\n<div style=\"height:20px\" aria-hidden=\"true\" class=\"wp-block-spacer\"><\/div>\n\n\n\n<p><strong>Programme:<\/strong><\/p>\n\n\n\n<ul class=\"wp-block-list\">\n<li>Wolfgang Amadeus Mozart<\/li>\n\n\n\n<li>Franz Schubert<\/li>\n\n\n\n<li>Anton\u00edn Dvo\u0159\u00e1k<\/li>\n\n\n\n<li>Jacques Ibert<\/li>\n<\/ul>\n<\/div>\n<\/div>\n\n\n\n<div class=\"wp-block-columns is-layout-flex wp-container-core-columns-is-layout-9d6595d7 wp-block-columns-is-layout-flex\">\n<div class=\"wp-block-column is-layout-flow wp-block-column-is-layout-flow\"><div class=\"wp-block-image\">\n<figure class=\"aligncenter size-large is-resized\"><img decoding=\"async\" src=\"https:\/\/liedercompany.cz\/wp-content\/uploads\/2023\/01\/salsita-1024x405.png\" alt=\"\" class=\"wp-image-3885\" width=\"198\" height=\"78\" title=\"\" srcset=\"https:\/\/liedercompany.cz\/wp-content\/uploads\/2023\/01\/salsita-1024x405.png 1024w, https:\/\/liedercompany.cz\/wp-content\/uploads\/2023\/01\/salsita-300x119.png 300w, https:\/\/liedercompany.cz\/wp-content\/uploads\/2023\/01\/salsita-768x304.png 768w, https:\/\/liedercompany.cz\/wp-content\/uploads\/2023\/01\/salsita-1536x608.png 1536w, https:\/\/liedercompany.cz\/wp-content\/uploads\/2023\/01\/salsita-2048x810.png 2048w, https:\/\/liedercompany.cz\/wp-content\/uploads\/2023\/01\/salsita-200x79.png 200w, https:\/\/liedercompany.cz\/wp-content\/uploads\/2023\/01\/salsita-600x237.png 600w\" sizes=\"(max-width: 198px) 100vw, 198px\" \/><\/figure>\n<\/div><\/div>\n\n\n\n<div class=\"wp-block-column is-layout-flow wp-block-column-is-layout-flow\"><div class=\"wp-block-image\">\n<figure class=\"aligncenter size-large is-resized\"><a href=\"https:\/\/adra.cz\/\" target=\"_blank\" rel=\"noreferrer noopener\"><img decoding=\"async\" src=\"https:\/\/adra.cz\/wp-content\/uploads\/2021\/04\/LOGO-SVG3.svg?imc=1663327905\" alt=\"\" width=\"226\" height=\"60\" title=\"\"><\/a><\/figure>\n<\/div><\/div>\n\n\n\n<div class=\"wp-block-column is-layout-flow wp-block-column-is-layout-flow\"><\/div>\n<\/div>\n\n\n\n<div class=\"wp-block-columns is-layout-flex wp-container-core-columns-is-layout-9d6595d7 wp-block-columns-is-layout-flex\">\n<div class=\"wp-block-column is-layout-flow wp-block-column-is-layout-flow\"><div  class=\"tribe-block tribe-block__venue tribe-clearfix tribe-block__venue--has-map\" >\n\t\n\t\n<div class=\"tribe-block__venue__meta\">\n\t<div class=\"tribe-block__venue__name\">\n\t\t<h3>Salsita Club<\/h3>\n\t<\/div>\n\n\t\n\t\t\t\t\t\t<address class=\"tribe-block__venue__address\">\n\t\t\t\t<span class=\"tribe-address\">\n\n<span class=\"tribe-street-address\">\u0160tef\u00e1nikova 25<\/span>\n\t\n\t\t<br>\n\t\t<span class=\"tribe-locality\">Praha 5<\/span><span class=\"tribe-delimiter\">,<\/span>\n\n\n\t<span class=\"tribe-postal-code\">15000<\/span>\n\n\t<span class=\"tribe-country-name\">\u010cesk\u00e1 republika<\/span>\n\n<\/span>\n\n\t\t\t\t\t\t\t\t\t<a class=\"tribe-events-gmap\" href=\"https:\/\/maps.google.com\/maps?f=q&#038;source=s_q&#038;hl=en&#038;geocode=&#038;q=%C5%A0tef%C3%A1nikova+25+Praha+5+15000+%C4%8Cesk%C3%A1+republika\" title=\"Click to view a Google Map\" target=\"_blank\" rel=\"noreferrer noopener\">+ Google Map<\/a>\t\t\t\t\t\t\t<\/address>\n\t\t\n\t\t\n\t\t\t\t\t<span class=\"tribe-block__venue__website\"><a href=\"https:\/\/www.salsitaclub.com\/\" target=\"_self\" rel=\"external noopener\">View Venue Website<\/a><\/span><br \/>\n\t\t\t\n\t<\/div>\n\t\n<div class=\"tribe-block__venue__map\">\n\t\n<iframe\n  title=\"Google maps iframe displaying the address to Salsita Club\"\n  aria-label=\"Venue location map\"\n  width=\"310px\"\n  height=\"256px\"\n  frameborder=\"0\" style=\"border:0\"\n  src=\"https:\/\/www.google.com\/maps\/embed\/v1\/place?key=AIzaSyDNsicAsP6-VuGtAb1O9riI3oc_NOb7IOU&#038;q=%C5%A0tef%C3%A1nikova+25+Praha+5+15000+%C4%8Cesk%C3%A1+republika+&#038;zoom=10\" allowfullscreen>\n<\/iframe>\n<\/div>\n\n\t<\/div>\n<\/div>\n<\/div>\n","protected":false},"excerpt":{"rendered":"<p>The Lieder Company Prague in cooperation with Salsita decided to support meaningful charity projects through regular benefit concerts. For their February concert they chose the humanitarian project&nbsp;Itibo,&nbsp;a medical facility in&hellip;&nbsp;<a href=\"https:\/\/liedercompany.cz\/en\/event\/benefit-concert-for-itibo\/\" rel=\"bookmark\">Read More &raquo;<span class=\"screen-reader-text\">Benefit Concert for Itibo \u2013 Sibera &#038; Holub &#038; \u010cervinek &#038; Jan\u00e1l &#038; Du\u0161ek<\/span><\/a><\/p>\n","protected":false},"author":18,"featured_media":3791,"template":"","meta":{"neve_meta_sidebar":"","neve_meta_container":"","neve_meta_enable_content_width":"","neve_meta_content_width":0,"neve_meta_title_alignment":"","neve_meta_author_avatar":"","neve_post_elements_order":"","neve_meta_disable_header":"","neve_meta_disable_footer":"","neve_meta_disable_title":"","neve_meta_reading_time":"","_EventAllDay":false,"_EventTimezone":"Europe\/Prague","_EventStartDate":"2023-02-05 18:00:00","_EventEndDate":"2023-02-05 18:00:00","_EventStartDateUTC":"2023-02-05 17:00:00","_EventEndDateUTC":"2023-02-05 17:00:00","_EventShowMap":true,"_EventShowMapLink":true,"_EventURL":"https:\/\/goout.net\/en\/tickets\/benefit-concert-for-itibo\/iaxq\/","_EventCost":"","_EventCostDescription":"","_EventCurrencySymbol":"CZK","_EventCurrencyCode":"","_EventCurrencyPosition":"","_EventDateTimeSeparator":"","_EventTimeRangeSeparator":"","_EventOrganizerID":[],"_EventVenueID":[3792],"_OrganizerEmail":"","_OrganizerPhone":"","_OrganizerWebsite":"","_VenueAddress":"","_VenueCity":"","_VenueCountry":"","_VenueProvince":"","_VenueState":"","_VenueZip":"","_VenuePhone":"","_VenueURL":"","_VenueStateProvince":"","_VenueLat":"","_VenueLng":"","_VenueShowMap":false,"_VenueShowMapLink":false,"_themeisle_gutenberg_block_has_review":false,"_tribe_events_status":"","_tribe_events_status_reason":"","footnotes":""},"tags":[],"tribe_events_cat":[],"class_list":["post-3795","tribe_events","type-tribe_events","status-publish","has-post-thumbnail","hentry"],"_links":{"self":[{"href":"https:\/\/liedercompany.cz\/en\/wp-json\/wp\/v2\/tribe_events\/3795","targetHints":{"allow":["GET"]}}],"collection":[{"href":"https:\/\/liedercompany.cz\/en\/wp-json\/wp\/v2\/tribe_events"}],"about":[{"href":"https:\/\/liedercompany.cz\/en\/wp-json\/wp\/v2\/types\/tribe_events"}],"author":[{"embeddable":true,"href":"https:\/\/liedercompany.cz\/en\/wp-json\/wp\/v2\/users\/18"}],"version-history":[{"count":0,"href":"https:\/\/liedercompany.cz\/en\/wp-json\/wp\/v2\/tribe_events\/3795\/revisions"}],"wp:featuredmedia":[{"embeddable":true,"href":"https:\/\/liedercompany.cz\/en\/wp-json\/wp\/v2\/media\/3791"}],"wp:attachment":[{"href":"https:\/\/liedercompany.cz\/en\/wp-json\/wp\/v2\/media?parent=3795"}],"wp:term":[{"taxonomy":"post_tag","embeddable":true,"href":"https:\/\/liedercompany.cz\/en\/wp-json\/wp\/v2\/tags?post=3795"},{"taxonomy":"tribe_events_cat","embeddable":true,"href":"https:\/\/liedercompany.cz\/en\/wp-json\/wp\/v2\/tribe_events_cat?post=3795"}],"curies":[{"name":"wp","href":"https:\/\/api.w.org\/{rel}","templated":true}]}}