{"id":4357,"date":"2023-04-23T21:15:32","date_gmt":"2023-04-23T19:15:32","guid":{"rendered":"https:\/\/liedercompany.cz\/event\/songs-tuned-to-harp-2\/"},"modified":"2023-04-24T00:37:08","modified_gmt":"2023-04-23T22:37:08","slug":"songs-tuned-to-harp","status":"publish","type":"tribe_events","link":"https:\/\/liedercompany.cz\/en\/event\/songs-tuned-to-harp\/","title":{"rendered":"Songs Tuned to Harp"},"content":{"rendered":"\n<h2 id=\"wp-block-themeisle-blocks-advanced-heading-b57e5834\" class=\"wp-block-themeisle-blocks-advanced-heading wp-block-themeisle-blocks-advanced-heading-b57e5834\">TROUPOV\u00c1 &amp; HOLUB &amp; H\u00c4RTELOV\u00c1<\/h2>\n\n\n\n<div id=\"wp-block-themeisle-blocks-advanced-columns-21c58472\" class=\"wp-block-themeisle-blocks-advanced-columns has-2-columns has-desktop-equal-layout has-tablet-equal-layout has-mobile-collapsedRows-layout has-vertical-unset\"><div class=\"wp-block-themeisle-blocks-advanced-columns-overlay\"><\/div><div class=\"innerblocks-wrap\">\n<div id=\"wp-block-themeisle-blocks-advanced-column-4b57c752\" class=\"wp-block-themeisle-blocks-advanced-column\"><div class=\"wp-block-themeisle-blocks-advanced-column-overlay\"><\/div>\n<p>A very intimate concert featuring songs for voice and harp \u2013 an extremely interesting combination, but one that is not often heard. The first half of the concert features works by now almost forgotten French and English women composers of the early 19th century. The second half features works by their younger colleagues of the same nationality \u2013&nbsp;<strong>Louis Vierne<\/strong>&nbsp;and&nbsp;<strong>Benjamin Britten<\/strong>.<\/p>\n\n\n\n<p>There will a premiere of a new composition&nbsp;<em>A la faveur de la nuit<\/em>&nbsp;for soprano, tenor and harp, set to a text by the French poet Robert Desnos, who died in the Terez\u00edn concentration camp. This piece was commissioned by us from&nbsp;<strong>Sylva Smejkalov\u00e1<\/strong>&nbsp;for this concert and will be given its world premiere.<\/p>\n\n\n\n<p><em>The compositions will be performed in the original and accompanied by Czech subtitles.<\/em><\/p>\n<\/div>\n\n\n\n<div id=\"wp-block-themeisle-blocks-advanced-column-c0203347\" class=\"wp-block-themeisle-blocks-advanced-column\"><div class=\"wp-block-image animated fadeIn slower\">\n<figure class=\"aligncenter size-large\"><img fetchpriority=\"high\" decoding=\"async\" width=\"1024\" height=\"700\" src=\"https:\/\/liedercompany.cz\/wp-content\/uploads\/2023\/03\/Holub_Troupova-1-1024x700.jpg\" alt=\"\" class=\"wp-image-4021\" title=\"\" srcset=\"https:\/\/liedercompany.cz\/wp-content\/uploads\/2023\/03\/Holub_Troupova-1-1024x700.jpg 1024w, https:\/\/liedercompany.cz\/wp-content\/uploads\/2023\/03\/Holub_Troupova-1-300x205.jpg 300w, https:\/\/liedercompany.cz\/wp-content\/uploads\/2023\/03\/Holub_Troupova-1-768x525.jpg 768w, https:\/\/liedercompany.cz\/wp-content\/uploads\/2023\/03\/Holub_Troupova-1-1536x1050.jpg 1536w, https:\/\/liedercompany.cz\/wp-content\/uploads\/2023\/03\/Holub_Troupova-1-2048x1401.jpg 2048w, https:\/\/liedercompany.cz\/wp-content\/uploads\/2023\/03\/Holub_Troupova-1-200x137.jpg 200w, https:\/\/liedercompany.cz\/wp-content\/uploads\/2023\/03\/Holub_Troupova-1-600x410.jpg 600w\" sizes=\"(max-width: 1024px) 100vw, 1024px\" \/><\/figure>\n<\/div>\n\n\n<div style=\"height:10px\" aria-hidden=\"true\" class=\"wp-block-spacer\"><\/div>\n\n\n\n<div id=\"wp-block-themeisle-blocks-advanced-columns-58ee6e66\" class=\"wp-block-themeisle-blocks-advanced-columns has-1-columns has-desktop-equal-layout has-tablet-equal-layout has-mobile-equal-layout has-vertical-unset\"><div class=\"wp-block-themeisle-blocks-advanced-columns-overlay\"><\/div><div class=\"innerblocks-wrap\">\n<div id=\"wp-block-themeisle-blocks-advanced-column-727ba837\" class=\"wp-block-themeisle-blocks-advanced-column\"><div  class=\"tribe-events-schedule tribe-clearfix\" >\n\t<p class=\"tribe-events-schedule__datetime\">\n\t\t<span class=\"tribe-events-schedule__date tribe-events-schedule__date--start\">\n\t\t\t30 \/ 4 \/ 2023\t\t<\/span>\n\n\t\t\t\t\t<span class=\"tribe-events-schedule__separator tribe-events-schedule__separator--date\">\n\t\t\t\t at \t\t\t<\/span>\n\t\t\t<span class=\"tribe-events-schedule__time tribe-events-schedule__time--start\">\n\t\t\t\t19:30\t\t\t<\/span>\n\t\t\n\t\t\t<\/p>\n<\/div>\n<\/div>\n<\/div><\/div>\n\n\n\n<h3 id=\"wp-block-themeisle-blocks-advanced-heading-d69a83b3\" class=\"wp-block-themeisle-blocks-advanced-heading wp-block-themeisle-blocks-advanced-heading-d69a83b3\">Club Salsita, Prague<\/h3>\n<\/div>\n<\/div><\/div>\n\n\n\n<div style=\"height:27px\" aria-hidden=\"true\" class=\"wp-block-spacer\"><\/div>\n\n\n<div  class=\"tribe-block tribe-block__event-website\" >\n\t<a href=\"https:\/\/goout.net\/en\/tickets\/song-tuned-to-harp\/jkxr\/\" target=\"_self\" rel=\"noopener\">\n\t\tBuy tickets\t<\/a>\n<\/div>\n\n\n\n<div id=\"wp-block-themeisle-blocks-advanced-columns-2e61e71c\" class=\"wp-block-themeisle-blocks-advanced-columns has-1-columns has-desktop-equal-layout has-tablet-equal-layout has-mobile-collapsedRows-layout has-vertical-unset\"><div class=\"wp-block-themeisle-blocks-advanced-columns-overlay\"><\/div><div class=\"innerblocks-wrap\">\n<div id=\"wp-block-themeisle-blocks-advanced-column-d9cd90cf\" class=\"wp-block-themeisle-blocks-advanced-column\"><div class=\"wp-block-themeisle-blocks-advanced-column-overlay\"><\/div>\n<div class=\"wp-block-group\"><div class=\"wp-block-group__inner-container is-layout-constrained wp-block-group-is-layout-constrained\">\n<h2 id=\"wp-block-themeisle-blocks-advanced-heading-49b8c093\" class=\"wp-block-themeisle-blocks-advanced-heading wp-block-themeisle-blocks-advanced-heading-49b8c093\">Programme:<\/h2>\n\n\n\n<div id=\"wp-block-themeisle-blocks-icon-list-ef734a21\" class=\"wp-block-themeisle-blocks-icon-list\">\n<div id=\"wp-block-themeisle-blocks-icon-list-item-82e1579f\" class=\"wp-block-themeisle-blocks-icon-list-item\"><i class=\"fas fa-angle-double-right wp-block-themeisle-blocks-icon-list-item-icon-custom\"><\/i><p class=\"wp-block-themeisle-blocks-icon-list-item-content\">Benjamin Britten: <em>Eight folk songs for higher voice and harp<\/em><\/p><\/div>\n\n\n\n<div id=\"wp-block-themeisle-blocks-icon-list-item-92ac6da7\" class=\"wp-block-themeisle-blocks-icon-list-item\"><i class=\"fas fa-angle-double-right wp-block-themeisle-blocks-icon-list-item-icon-custom\"><\/i><p class=\"wp-block-themeisle-blocks-icon-list-item-content\">Louis Vierne: <em>Four Greek Songs for voice and harp<\/em><\/p><\/div>\n\n\n\n<div id=\"wp-block-themeisle-blocks-icon-list-item-1c399367\" class=\"wp-block-themeisle-blocks-icon-list-item\"><i class=\"fas fa-angle-double-right wp-block-themeisle-blocks-icon-list-item-icon-custom\"><\/i><p class=\"wp-block-themeisle-blocks-icon-list-item-content\">Sylva Smejkalov\u00e1:\u00a0<em>A la faveur de la nuit<\/em>\u00a0(Premiere)<\/p><\/div>\n\n\n\n<div id=\"wp-block-themeisle-blocks-icon-list-item-bb8ba66f\" class=\"wp-block-themeisle-blocks-icon-list-item\"><i class=\"fas fa-angle-double-right wp-block-themeisle-blocks-icon-list-item-icon-custom\"><\/i><p class=\"wp-block-themeisle-blocks-icon-list-item-content\">Songs by classical and early romantic women composers: A Lady of Fashion (kolem 1800); Harriet Abrams (1760-1822); Jeanne-Ren\u00e9e de Travanet (1753-1828); Sophie Gail (1775-1819); Pauline Duchambge (1776-1858); N\u00e9lia Maillard (1803-1835); Maria Malibran (1808-1836)<\/p><\/div>\n<\/div>\n<\/div><\/div>\n<\/div>\n<\/div><\/div>\n\n\n\n<div class=\"wp-block-group\"><div class=\"wp-block-group__inner-container is-layout-constrained wp-block-group-is-layout-constrained\">\n<h2 id=\"wp-block-themeisle-blocks-advanced-heading-d4a8cef3\" class=\"wp-block-themeisle-blocks-advanced-heading wp-block-themeisle-blocks-advanced-heading-d4a8cef3\">Performers:<\/h2>\n\n\n\n<div id=\"wp-block-themeisle-blocks-accordion-22ba6274\" class=\"wp-block-themeisle-blocks-accordion exclusive is-style-default\">\n<details class=\"wp-block-themeisle-blocks-accordion-item\"><summary class=\"wp-block-themeisle-blocks-accordion-item__title\"><div>Irena Troupov\u00e1 &#8211; soprano<\/div><\/summary><div class=\"wp-block-themeisle-blocks-accordion-item__content\"><div class=\"wp-block-image animated fadeIn slower\">\n<figure class=\"alignleft size-large is-resized\"><img decoding=\"async\" src=\"https:\/\/liedercompany.cz\/wp-content\/uploads\/2021\/03\/Troupova-1024x684.jpg\" alt=\"Irena_Troupova\" class=\"wp-image-275\" width=\"300\" title=\"\" srcset=\"https:\/\/liedercompany.cz\/wp-content\/uploads\/2021\/03\/Troupova-1024x684.jpg 1024w, https:\/\/liedercompany.cz\/wp-content\/uploads\/2021\/03\/Troupova-300x200.jpg 300w, https:\/\/liedercompany.cz\/wp-content\/uploads\/2021\/03\/Troupova-600x401.jpg 600w, https:\/\/liedercompany.cz\/wp-content\/uploads\/2021\/03\/Troupova-768x513.jpg 768w, https:\/\/liedercompany.cz\/wp-content\/uploads\/2021\/03\/Troupova-930x620.jpg 930w, https:\/\/liedercompany.cz\/wp-content\/uploads\/2021\/03\/Troupova.jpg 1200w\" sizes=\"(max-width: 1024px) 100vw, 1024px\" \/><\/figure>\n<\/div>\n\n\n<p>The eminent Czech soprano <strong>Irena Troupov\u00e1<\/strong> gained international renown through the historically-based interpretation of early music, which she devoted herself to already during her musicology studies at Charles University in Prague. She studied singing under Terezie Blumov\u00e1 in Prague, later under M. Corelli in Berlin. She collaborated with the ensemble Musica Antiqua Praha led by Pavel Klikar, creating a string of recordings and exceptionally successful concerts both at home and abroad. At that time she also found an interest in contemporary music and has worked with the likes of Petr Eben, Svatopluk Havelka and others. After her studies she performed mainly in Germany, but the demand for her talent also grew rapidly in other countries (England, Italy, Denmark, Sweden, France, Switzerland, Poland). She worked with many different ensembles (e.g. Orpheon Consort, Johann-Rosenm\u00fcller-Ensemble, Sch\u00fctz-Akademie, Capella Sagittariana, Dresdener Barockorchester, Lautten-Compagney, Kievskaya Kamerata) and conductors (Howard Arman, Joshua Rifkin, Frieder Bernius, Thomas Hengelbrock, Florian Heyerick, Vojt\u011bch Spurn\u00fd and others). This cooperation brought about a number of recordings. Irena Troupov\u00e1 was a regular participant in the concert programmes of the State Opera in Berlin and the Berlin Symphony Orchestra. Among the most interesting opera productions that she took part in during her German period, a mention should be made of Monteverdi\u2019s Orfeo headed by Joshua Rifkin in Basel, Freiburg and Mulhouse (the roles of Musica and Proserpine), of the modern premiere of H.I.F. Biber\u2019s opera Arminius in Salzburg (later released on CD), but also of Le malade imaginaire of M.-A. Charpentier and J.-B. Lully in Berlin.<\/p>\n\n\n\n<p>Irena Troupov\u00e1 is a frequent guest singer at international music festivals, including <em>Tage der alten Musik Herne, Pra\u017esk\u00e9 jaro (Prague Spring), Festival de musique baroque Caen, Holland-festival oudemuziek Utrecht, Bach-Festival Sumy and Concenturs Moraviae<\/em>, to name a few.<\/p>\n\n\n\n<p>Irena\u2019s early music projects over recent years include programmes in cooperation with the Comic Opera (Berlin), German radio NDR (Norddeutscher Rundfunk) and Belgian conductor Florian Heyerik (Salto vocale \u2013 fragments from the operas of G. Ph. Telemann), with Musica Florea (operatic projects \u2013 Ch. W. Gluck: La Danza, G. F. H\u00e4ndel: Terpsicore), Ensemble Tourbillon, Barbara M. Willi, Jaroslav T\u016fma, Monika Knoblochov\u00e1, Petra Mat\u011bjov\u00e1 and others. More recently, she has been working closely with the international ensemble Orpheon; they have toured Spain, Austria and France together and have also recorded an album, Marin Marais and his friends. She has collaborated with members of the Staatskapelle Berlin, joining in a fascinating project connecting the musicality of the Baroque with that of the Modern: Musik im Dialog \u2013 Claudio Monteverdi und Luciano Berio, a concert cycle in the State Opera in Berlin which was followed by a programme from the works of J. S. Bach, Bach \u2013 reloaded.<\/p>\n\n\n\n<p>Irena Troupov\u00e1 has gradually extended her scope to include Romantic and Modern lyrical and operatic works. She has performed songs from German and French Romanticism a number of times at the concerts of the Prague Symphony Orchestra and the Czech Philharmonic (the early songs of Gustav Mahler). She has also given voice to Jan Du\u0161ek\u2019s orchestral songs Chalomet yehudi\u2019im together with Orchestra BERG for the EBU and the songs of Milo\u0161 \u0160t\u011bdro\u0148 for Czech Radio.<\/p>\n\n\n\n<p>Lately, she has focused her attention on the music of the 20th and 21st century; she recorded Bohuslav Martin\u016f\u2019s opera Le jour de bont\u00e9 (The Day of Charity) for Arco Diva. She has performed the works of Marek Kopelent (the Singspiel Musica, the cantata Agnus Dei at Prague Spring 2012) \u2013 she joined the Prague Philharmonia conducted by Jakub Hr\u016f\u0161a to render the premiere of Kopelent\u2019s Pozdn\u00ed sb\u011br (Late Harvest). She is also actively interested in the music of interwar authors \u2013 Viktor Ullmann, Erwin Schulhoff, Norbert von Hannenheim, Philip Herschkowitz \u2013 performing their works to international audiences and recording a number of their compositions for Czech Radio and Deutschlandfunk.&nbsp;Irena Troupov\u00e1 is also greatly valued as a tutor of early music, teaching at the Jan\u00e1\u010dek Academy of Music and Performing Arts and Masaryk University in Brno, and in courses both in the Czech Republic and abroad.&nbsp;She is a co-founder of the Lieder Company association.<\/p>\n\n\n\n<p>Irena Troupov\u00e1 is a co-founder of the Lieder Company.<\/p>\n\n\n\n<p class=\"has-text-align-right\"><a href=\"https:\/\/www.troupova.com\" target=\"_blank\" rel=\"noopener\">https:\/\/www.troupova.com<\/a><\/p>\n<\/div><\/details>\n\n\n\n<details class=\"wp-block-themeisle-blocks-accordion-item\"><summary class=\"wp-block-themeisle-blocks-accordion-item__title\"><div>Ond\u0159ej Holub &#8211; tenor<\/div><\/summary><div class=\"wp-block-themeisle-blocks-accordion-item__content\"><div class=\"wp-block-image animated fadeIn slower\">\n<figure class=\"alignleft size-large is-resized\"><img decoding=\"async\" src=\"https:\/\/liedercompany.cz\/wp-content\/uploads\/2023\/04\/Holub-1-1024x1024.jpg\" alt=\"\" class=\"wp-image-4255\" width=\"300\" title=\"\" srcset=\"https:\/\/liedercompany.cz\/wp-content\/uploads\/2023\/04\/Holub-1-1024x1024.jpg 1024w, https:\/\/liedercompany.cz\/wp-content\/uploads\/2023\/04\/Holub-1-300x300.jpg 300w, https:\/\/liedercompany.cz\/wp-content\/uploads\/2023\/04\/Holub-1-150x150.jpg 150w, https:\/\/liedercompany.cz\/wp-content\/uploads\/2023\/04\/Holub-1-768x768.jpg 768w, https:\/\/liedercompany.cz\/wp-content\/uploads\/2023\/04\/Holub-1-1536x1536.jpg 1536w, https:\/\/liedercompany.cz\/wp-content\/uploads\/2023\/04\/Holub-1-200x200.jpg 200w, https:\/\/liedercompany.cz\/wp-content\/uploads\/2023\/04\/Holub-1-600x600.jpg 600w, https:\/\/liedercompany.cz\/wp-content\/uploads\/2023\/04\/Holub-1-100x100.jpg 100w, https:\/\/liedercompany.cz\/wp-content\/uploads\/2023\/04\/Holub-1.jpg 2048w\" sizes=\"(max-width: 1024px) 100vw, 1024px\" \/><\/figure>\n<\/div>\n\n\n<p>In his early youth&nbsp;<strong>Ond\u0159ej Holub<\/strong>&nbsp;went through K\u00fchn\u2019s children\u2019s choir and the Pueri gaudentes boys\u2019 choir, thanks to which he became a child soloist of the Prague State Opera in a production of Mozart\u2019s The Magic Flute. He studied classical singing privately with Prof. Lenka Pi\u0161t\u011bck\u00e1, while studying at the Prague Conservatory with Prof. Valentin Prolat and later developed his singing skills with Prof. Ji\u0159\u00ed Kotou\u010d.<\/p>\n\n\n\n<p>Since 2019 he has been collaborating with the internationally renowned Collegium 1704, where he performs as a soloist as a soloist and ensemble singer, he also regularly collaborates with Ensemble Damian, a historically informed interpretation of Baroque opera. As a soloist he regularly collaborates with a number of ensembles and orchestras (Prague Symphony Orchestra FOK, Hradec Kr\u00e1lov\u00e9 Philharmonic, South Bohemian Chamber Philharmonic, etc. He is also an ensemble singer with most of the leading domestic early music ensembles \u2013 Schola Gregoriana Pragensis, Collegium Marianum, Cappella Mariana, Ensemble In\u00e9gal, Czech Ensemble Baroque, Victoria Ensemble, Musica Florea, with whom he regularly participates in prestigious domestic and international festivals.<\/p>\n\n\n\n<p>From 2013-2019 he was a member of the vocal ensemble Martin\u016f Voices, which ranks among the elite performers of 20th and 21st century music. In 2007, he founded the male vocal quintet Rudolfvoice with former members of the Pueri Gaudentes choir, with whom he performed at the Kennedy Center in Washington, DC. He also occasionally collaborates with the Prague Philharmonic Choir, with whom he performed Gustav Mahler&#8217;s Symphony No. 2 at New York&#8217;s Carnegie Hall on the centenary of the founding of Czechoslovakia.<\/p>\n<\/div><\/details>\n\n\n\n<details class=\"wp-block-themeisle-blocks-accordion-item\"><summary class=\"wp-block-themeisle-blocks-accordion-item__title\"><div>Lydie H\u00e4rtelov\u00e1 &#8211; harp<\/div><\/summary><div class=\"wp-block-themeisle-blocks-accordion-item__content\"><div class=\"wp-block-image animated fadeIn slower\">\n<figure class=\"alignleft size-large is-resized\"><img decoding=\"async\" src=\"https:\/\/liedercompany.cz\/wp-content\/uploads\/2023\/04\/hartelova_edit-1024x1022.jpg\" alt=\"\" class=\"wp-image-4354\" width=\"300\" title=\"\" srcset=\"https:\/\/liedercompany.cz\/wp-content\/uploads\/2023\/04\/hartelova_edit-1024x1022.jpg 1024w, https:\/\/liedercompany.cz\/wp-content\/uploads\/2023\/04\/hartelova_edit-300x299.jpg 300w, https:\/\/liedercompany.cz\/wp-content\/uploads\/2023\/04\/hartelova_edit-150x150.jpg 150w, https:\/\/liedercompany.cz\/wp-content\/uploads\/2023\/04\/hartelova_edit-768x766.jpg 768w, https:\/\/liedercompany.cz\/wp-content\/uploads\/2023\/04\/hartelova_edit-1536x1532.jpg 1536w, https:\/\/liedercompany.cz\/wp-content\/uploads\/2023\/04\/hartelova_edit-200x200.jpg 200w, https:\/\/liedercompany.cz\/wp-content\/uploads\/2023\/04\/hartelova_edit-600x599.jpg 600w, https:\/\/liedercompany.cz\/wp-content\/uploads\/2023\/04\/hartelova_edit-100x100.jpg 100w, https:\/\/liedercompany.cz\/wp-content\/uploads\/2023\/04\/hartelova_edit.jpg 1725w\" sizes=\"(max-width: 1024px) 100vw, 1024px\" \/><\/figure>\n<\/div>\n\n\n<p>Lydia H\u00e4rtelov\u00e1, solo harpist of the Czech Radio Symphony Orchestra, first took up piano as a child (she participated in the Concertino Praga competition as a pianist), and from the age of 14 she took up the harp. Here She studied harp at the Prague Conservatory with prof. Libu\u0161e V\u00e1chalov\u00e1 and at the Music Faculty of the Academy of Performing Arts with doc. Karel Patras. While still a student she was engaged in the Musica Bohemica ensemble, then she worked for a season and a half as a solo harpist at the Smetana Theatre (State Opera) in Prague, before being accepted by the Czechoslovak (now Czech) Radio Symphony Orchestra following a successful audition. Prague. She recorded seventy solo and chamber recordings for the Czech Radio (e.g. concertos by W. A. Mozart, J. G. Albrechtsberger, C. Reinecke, R. M. Glier, A. Mosolov, F. Martin, P. Hindemith, Z. Luk\u00e1\u0161, Jar. Kr\u010dka, M. Malecki, Debussy&#8217;s Dances), she has also recorded for Radio Munich and for the music publishers Supraphon, Panton, ECM, Ligia digital, MusicVars, Navona Records and NP Records.<\/p>\n\n\n\n<p>Since 2012 he has been teaching harp at the Prague Conservatory. She has been invited to join the juries of harp competitions. In 2019 she was the chair of the international jury of the Concertino Praga radio competition. <\/p>\n\n\n\n<p>She is a member of the chamber ensembles Trio cantabile and Trigonum musicum.<\/p>\n\n\n\n<p class=\"has-text-align-right\"><a href=\"http:\/\/www.hartelova.cz\/\" target=\"_blank\" rel=\"noreferrer noopener\">http:\/\/www.hartelova.cz\/<\/a><\/p>\n\n\n\n<hr class=\"wp-block-separator has-alpha-channel-opacity\"\/>\n<\/div><\/details>\n<\/div>\n<\/div><\/div>\n\n\n\n<div style=\"height:29px\" aria-hidden=\"true\" class=\"wp-block-spacer\"><\/div>\n\n\n\n<div id=\"wp-block-themeisle-blocks-advanced-columns-7d84338f\" class=\"wp-block-themeisle-blocks-advanced-columns has-1-columns has-desktop-equal-layout has-tablet-equal-layout has-mobile-equal-layout has-vertical-unset\"><div class=\"wp-block-themeisle-blocks-advanced-columns-overlay\"><\/div><div class=\"innerblocks-wrap\">\n<div id=\"wp-block-themeisle-blocks-advanced-column-1f0df171\" class=\"wp-block-themeisle-blocks-advanced-column\">\n<h3 id=\"wp-block-themeisle-blocks-advanced-heading-ff290f5e\" class=\"wp-block-themeisle-blocks-advanced-heading wp-block-themeisle-blocks-advanced-heading-ff290f5e\">Venue:<\/h3>\n\n\n\n<div id=\"wp-block-themeisle-blocks-advanced-columns-291ddd9a\" class=\"wp-block-themeisle-blocks-advanced-columns has-1-columns has-desktop-equal-layout has-tablet-equal-layout has-mobile-equal-layout has-vertical-unset\"><div class=\"wp-block-themeisle-blocks-advanced-columns-overlay\"><\/div><div class=\"innerblocks-wrap\">\n<div id=\"wp-block-themeisle-blocks-advanced-column-409ad7fd\" class=\"wp-block-themeisle-blocks-advanced-column\"><div  class=\"tribe-block tribe-block__venue tribe-clearfix\" >\n\t\n\t\n<div class=\"tribe-block__venue__meta\">\n\t<div class=\"tribe-block__venue__name\">\n\t\t<h3>Salsita Club<\/h3>\n\t<\/div>\n\n\t\n\t\t\t\t\t\t<address class=\"tribe-block__venue__address\">\n\t\t\t\t<span class=\"tribe-address\">\n\n<span class=\"tribe-street-address\">\u0160tef\u00e1nikova 25<\/span>\n\t\n\t\t<br>\n\t\t<span class=\"tribe-locality\">Praha 5<\/span><span class=\"tribe-delimiter\">,<\/span>\n\n\n\t<span class=\"tribe-postal-code\">15000<\/span>\n\n\t<span class=\"tribe-country-name\">\u010cesk\u00e1 republika<\/span>\n\n<\/span>\n\n\t\t\t\t\t\t\t<\/address>\n\t\t\n\t\t\n\t\t\t\t\t<span class=\"tribe-block__venue__website\"><a href=\"https:\/\/www.salsitaclub.com\/\" target=\"_self\" rel=\"external noopener\">View Venue Website<\/a><\/span><br \/>\n\t\t\t\n\t<\/div>\n\t\n\t<\/div>\n<\/div>\n<\/div><\/div>\n<\/div>\n<\/div><\/div>\n\n\n\n<div style=\"height:29px\" aria-hidden=\"true\" class=\"wp-block-spacer\"><\/div>\n\n\n\n<figure class=\"wp-block-embed is-type-video is-provider-youtube wp-block-embed-youtube wp-embed-aspect-16-9 wp-has-aspect-ratio\"><div class=\"wp-block-embed__wrapper\">\n<div class=\"nv-iframe-embed\"><iframe title=\"Sylva Smejkalov\u00e1 o sob\u011b a sv\u00e9m cyklu A la faveur de la nuit\" width=\"1200\" height=\"675\" src=\"https:\/\/www.youtube.com\/embed\/5bEd1J_l0ZY?feature=oembed\" frameborder=\"0\" allow=\"accelerometer; autoplay; clipboard-write; encrypted-media; gyroscope; picture-in-picture; web-share\" allowfullscreen><\/iframe><\/div>\n<\/div><\/figure>\n\n\n\n<div style=\"height:29px\" aria-hidden=\"true\" class=\"wp-block-spacer\"><\/div>\n\n\n\n<div class=\"wp-block-columns is-layout-flex wp-container-core-columns-is-layout-9d6595d7 wp-block-columns-is-layout-flex\">\n<div class=\"wp-block-column is-vertically-aligned-center is-layout-flow wp-block-column-is-layout-flow\"><div class=\"wp-block-image\">\n<figure class=\"aligncenter size-full is-resized\"><img decoding=\"async\" src=\"https:\/\/liedercompany.cz\/wp-content\/uploads\/2021\/04\/OSA.png\" alt=\"OSA_Partner\" class=\"wp-image-354\" width=\"150\" title=\"\"><\/figure>\n<\/div><\/div>\n<\/div>\n","protected":false},"excerpt":{"rendered":"<p>TROUPOV\u00c1 &#038; HOLUB &#038; H\u00c4RTELOV\u00c1<\/p>\n<p>Benjamin Britten, Louis Vierne, Sylva Smejkalov\u00e1, and others<\/p>\n","protected":false},"author":18,"featured_media":4022,"template":"","meta":{"neve_meta_sidebar":"","neve_meta_container":"","neve_meta_enable_content_width":"","neve_meta_content_width":0,"neve_meta_title_alignment":"","neve_meta_author_avatar":"","neve_post_elements_order":"","neve_meta_disable_header":"","neve_meta_disable_footer":"","neve_meta_disable_title":"","neve_meta_reading_time":"","_EventAllDay":false,"_EventTimezone":"Europe\/Prague","_EventStartDate":"2023-04-30 19:30:00","_EventEndDate":"2023-04-30 19:30:00","_EventStartDateUTC":"2023-04-30 17:30:00","_EventEndDateUTC":"2023-04-30 17:30:00","_EventShowMap":false,"_EventShowMapLink":true,"_EventURL":"https:\/\/goout.net\/en\/tickets\/song-tuned-to-harp\/jkxr\/","_EventCost":"","_EventCostDescription":"","_EventCurrencySymbol":"CZK","_EventCurrencyCode":"","_EventCurrencyPosition":"","_EventDateTimeSeparator":"","_EventTimeRangeSeparator":"","_EventOrganizerID":[],"_EventVenueID":[3792],"_OrganizerEmail":"","_OrganizerPhone":"","_OrganizerWebsite":"","_VenueAddress":"","_VenueCity":"","_VenueCountry":"","_VenueProvince":"","_VenueState":"","_VenueZip":"","_VenuePhone":"","_VenueURL":"","_VenueStateProvince":"","_VenueLat":"","_VenueLng":"","_VenueShowMap":false,"_VenueShowMapLink":false,"_themeisle_gutenberg_block_has_review":false,"_tribe_events_status":"","_tribe_events_status_reason":"","footnotes":""},"tags":[],"tribe_events_cat":[],"class_list":["post-4357","tribe_events","type-tribe_events","status-publish","has-post-thumbnail","hentry"],"_links":{"self":[{"href":"https:\/\/liedercompany.cz\/en\/wp-json\/wp\/v2\/tribe_events\/4357","targetHints":{"allow":["GET"]}}],"collection":[{"href":"https:\/\/liedercompany.cz\/en\/wp-json\/wp\/v2\/tribe_events"}],"about":[{"href":"https:\/\/liedercompany.cz\/en\/wp-json\/wp\/v2\/types\/tribe_events"}],"author":[{"embeddable":true,"href":"https:\/\/liedercompany.cz\/en\/wp-json\/wp\/v2\/users\/18"}],"version-history":[{"count":0,"href":"https:\/\/liedercompany.cz\/en\/wp-json\/wp\/v2\/tribe_events\/4357\/revisions"}],"wp:featuredmedia":[{"embeddable":true,"href":"https:\/\/liedercompany.cz\/en\/wp-json\/wp\/v2\/media\/4022"}],"wp:attachment":[{"href":"https:\/\/liedercompany.cz\/en\/wp-json\/wp\/v2\/media?parent=4357"}],"wp:term":[{"taxonomy":"post_tag","embeddable":true,"href":"https:\/\/liedercompany.cz\/en\/wp-json\/wp\/v2\/tags?post=4357"},{"taxonomy":"tribe_events_cat","embeddable":true,"href":"https:\/\/liedercompany.cz\/en\/wp-json\/wp\/v2\/tribe_events_cat?post=4357"}],"curies":[{"name":"wp","href":"https:\/\/api.w.org\/{rel}","templated":true}]}}