{"id":4403,"date":"2023-04-23T22:45:27","date_gmt":"2023-04-23T20:45:27","guid":{"rendered":"https:\/\/liedercompany.cz\/event\/kalabis-ligeti-100-complete-songs\/"},"modified":"2023-05-17T07:37:24","modified_gmt":"2023-05-17T05:37:24","slug":"kalabis-ligeti-100-complete-songs-sibera-holub-janal-sembera-dusek-stehlik","status":"publish","type":"tribe_events","link":"https:\/\/liedercompany.cz\/en\/event\/kalabis-ligeti-100-complete-songs-sibera-holub-janal-sembera-dusek-stehlik\/","title":{"rendered":"KALABIS &#038; LIGETI 100 \u2013 Complete Songs"},"content":{"rendered":"\n<h2 id=\"wp-block-themeisle-blocks-advanced-heading-b57e5834\" class=\"wp-block-themeisle-blocks-advanced-heading wp-block-themeisle-blocks-advanced-heading-b57e5834\">SIBERA &amp; HOLUB &amp; JAN\u00c1L &amp; \u0160EMBERA &amp; DU\u0160EK &amp; STEHL\u00cdK<\/h2>\n\n\n\n<div id=\"wp-block-themeisle-blocks-advanced-columns-21c58472\" class=\"wp-block-themeisle-blocks-advanced-columns has-2-columns has-desktop-equal-layout has-tablet-equal-layout has-mobile-collapsedRows-layout has-vertical-unset has-light-bg\"><div class=\"wp-block-themeisle-blocks-advanced-columns-overlay\"><\/div><div class=\"innerblocks-wrap\">\n<div id=\"wp-block-themeisle-blocks-advanced-column-4b57c752\" class=\"wp-block-themeisle-blocks-advanced-column\"><div class=\"wp-block-themeisle-blocks-advanced-column-overlay\"><\/div>\n<p>This year marks the centenary of the birth of two composers \u2013 the Czech composer&nbsp;<strong>Viktor Kalabis<\/strong>&nbsp;and one of the most important composers of the 20th century,&nbsp;<strong>Gy\u00f6rgy Ligeti<\/strong>.<\/p>\n\n\n\n<p>It is said that a listener can only get to know the work and thinking of a composer thoroughly if he knows his entire oeuvre. And since the chamber song works of these composers are rarely performed in concert, we will give listeners the opportunity to hear them in their entirety in one evening. <\/p>\n\n\n\n<p>Moreover, it will be performed by the best Czech singers and pianists. Their songs will be performed by soprano Jana Sibera, last year&#8217;s winner of the Thalia Award, young tenor Ond\u0159ej Holub, baritones Roman Jan\u00e1l and Vojt\u011bch \u0160embera and pianists Bohum\u00edr Stehl\u00edk and Jan Du\u0161ek.<\/p>\n<\/div>\n\n\n\n<div id=\"wp-block-themeisle-blocks-advanced-column-c0203347\" class=\"wp-block-themeisle-blocks-advanced-column\"><div class=\"wp-block-image animated fadeIn slower\">\n<figure class=\"aligncenter size-large\"><img fetchpriority=\"high\" decoding=\"async\" width=\"1024\" height=\"629\" src=\"https:\/\/liedercompany.cz\/wp-content\/uploads\/2023\/04\/Kalabis_Ligeti-1024x629.jpg\" alt=\"\" class=\"wp-image-4176\" title=\"\" srcset=\"https:\/\/liedercompany.cz\/wp-content\/uploads\/2023\/04\/Kalabis_Ligeti-1024x629.jpg 1024w, https:\/\/liedercompany.cz\/wp-content\/uploads\/2023\/04\/Kalabis_Ligeti-300x184.jpg 300w, https:\/\/liedercompany.cz\/wp-content\/uploads\/2023\/04\/Kalabis_Ligeti-768x472.jpg 768w, https:\/\/liedercompany.cz\/wp-content\/uploads\/2023\/04\/Kalabis_Ligeti-1536x944.jpg 1536w, https:\/\/liedercompany.cz\/wp-content\/uploads\/2023\/04\/Kalabis_Ligeti-200x123.jpg 200w, https:\/\/liedercompany.cz\/wp-content\/uploads\/2023\/04\/Kalabis_Ligeti-600x369.jpg 600w, https:\/\/liedercompany.cz\/wp-content\/uploads\/2023\/04\/Kalabis_Ligeti.jpg 1896w\" sizes=\"(max-width: 1024px) 100vw, 1024px\" \/><\/figure>\n<\/div>\n\n\n<div style=\"height:10px\" aria-hidden=\"true\" class=\"wp-block-spacer\"><\/div>\n\n\n\n<div id=\"wp-block-themeisle-blocks-advanced-columns-58ee6e66\" class=\"wp-block-themeisle-blocks-advanced-columns has-1-columns has-desktop-equal-layout has-tablet-equal-layout has-mobile-equal-layout has-vertical-unset\"><div class=\"wp-block-themeisle-blocks-advanced-columns-overlay\"><\/div><div class=\"innerblocks-wrap\">\n<div id=\"wp-block-themeisle-blocks-advanced-column-727ba837\" class=\"wp-block-themeisle-blocks-advanced-column\"><div  class=\"tribe-events-schedule tribe-clearfix\" >\n\t<p class=\"tribe-events-schedule__datetime\">\n\t\t<span class=\"tribe-events-schedule__date tribe-events-schedule__date--start\">\n\t\t\t25 \/ 6 \/ 2023\t\t<\/span>\n\n\t\t\t\t\t<span class=\"tribe-events-schedule__separator tribe-events-schedule__separator--date\">\n\t\t\t\t at \t\t\t<\/span>\n\t\t\t<span class=\"tribe-events-schedule__time tribe-events-schedule__time--start\">\n\t\t\t\t19:30\t\t\t<\/span>\n\t\t\n\t\t\t<\/p>\n<\/div>\n<\/div>\n<\/div><\/div>\n\n\n\n<h3 id=\"wp-block-themeisle-blocks-advanced-heading-d69a83b3\" class=\"wp-block-themeisle-blocks-advanced-heading wp-block-themeisle-blocks-advanced-heading-d69a83b3\">Novom\u011bstsk\u00e1 radnice, Praha<\/h3>\n\n\n\n<h4 id=\"wp-block-themeisle-blocks-advanced-heading-0b30aeae\" class=\"wp-block-themeisle-blocks-advanced-heading wp-block-themeisle-blocks-advanced-heading-0b30aeae\">Great Hall<\/h4>\n<\/div>\n<\/div><\/div>\n\n\n\n<div id=\"wp-block-themeisle-blocks-advanced-columns-e78a0609\" class=\"wp-block-themeisle-blocks-advanced-columns has-1-columns has-desktop-equal-layout has-tablet-equal-layout has-mobile-equal-layout has-vertical-unset\"><div class=\"wp-block-themeisle-blocks-advanced-columns-overlay\"><\/div><div class=\"innerblocks-wrap\">\n<div id=\"wp-block-themeisle-blocks-advanced-column-b4e606b5\" class=\"wp-block-themeisle-blocks-advanced-column\">\n<div id=\"wp-block-themeisle-blocks-advanced-columns-9f535a9b\" class=\"wp-block-themeisle-blocks-advanced-columns has-1-columns has-desktop-equal-layout has-tablet-equal-layout has-mobile-equal-layout has-vertical-unset\"><div class=\"wp-block-themeisle-blocks-advanced-columns-overlay\"><\/div><div class=\"innerblocks-wrap\">\n<div id=\"wp-block-themeisle-blocks-advanced-column-d7c1c6f4\" class=\"wp-block-themeisle-blocks-advanced-column\"><div  class=\"tribe-block tribe-block__event-website\" >\n\t<a href=\"https:\/\/goout.net\/en\/tickets\/kalabis-and-ligeti-100-complete-songs\/cogs\/\" target=\"_self\" rel=\"noopener\">\n\t\tBuy tickets\t<\/a>\n<\/div>\n<\/div>\n<\/div><\/div>\n<\/div>\n<\/div><\/div>\n\n\n\n<div id=\"wp-block-themeisle-blocks-advanced-columns-2e61e71c\" class=\"wp-block-themeisle-blocks-advanced-columns has-1-columns has-desktop-equal-layout has-tablet-equal-layout has-mobile-collapsedRows-layout has-vertical-unset\"><div class=\"wp-block-themeisle-blocks-advanced-columns-overlay\"><\/div><div class=\"innerblocks-wrap\">\n<div id=\"wp-block-themeisle-blocks-advanced-column-d9cd90cf\" class=\"wp-block-themeisle-blocks-advanced-column\"><div class=\"wp-block-themeisle-blocks-advanced-column-overlay\"><\/div>\n<div class=\"wp-block-group\"><div class=\"wp-block-group__inner-container is-layout-constrained wp-block-group-is-layout-constrained\">\n<h2 id=\"wp-block-themeisle-blocks-advanced-heading-49b8c093\" class=\"wp-block-themeisle-blocks-advanced-heading wp-block-themeisle-blocks-advanced-heading-49b8c093\">Programme:<\/h2>\n\n\n\n<div id=\"wp-block-themeisle-blocks-icon-list-ef734a21\" class=\"wp-block-themeisle-blocks-icon-list\">\n<div id=\"wp-block-themeisle-blocks-icon-list-item-82e1579f\" class=\"wp-block-themeisle-blocks-icon-list-item\"><i class=\"fas fa-angle-double-right wp-block-themeisle-blocks-icon-list-item-icon-custom\"><\/i><p class=\"wp-block-themeisle-blocks-icon-list-item-content\"><strong>Viktor Kalabis<\/strong>:<\/p><\/div>\n\n\n\n<div id=\"wp-block-themeisle-blocks-icon-list-item-813af89d\" class=\"wp-block-themeisle-blocks-icon-list-item\"><i class=\"fas fa-long-arrow-alt-right wp-block-themeisle-blocks-icon-list-item-icon\"><\/i><p class=\"wp-block-themeisle-blocks-icon-list-item-content\">Lessons from the Sons, Op.1<\/p><\/div>\n\n\n\n<div id=\"wp-block-themeisle-blocks-icon-list-item-bab02b15\" class=\"wp-block-themeisle-blocks-icon-list-item\"><i class=\"fas fa-long-arrow-alt-right wp-block-themeisle-blocks-icon-list-item-icon\"><\/i><p class=\"wp-block-themeisle-blocks-icon-list-item-content\">Bird Weddings, Op. 5<\/p><\/div>\n\n\n\n<div id=\"wp-block-themeisle-blocks-icon-list-item-5e6a17a7\" class=\"wp-block-themeisle-blocks-icon-list-item\"><i class=\"fas fa-long-arrow-alt-right wp-block-themeisle-blocks-icon-list-item-icon\"><\/i><p class=\"wp-block-themeisle-blocks-icon-list-item-content\">Five Romantic Songs of Love, Op. 38<\/p><\/div>\n\n\n\n<div id=\"wp-block-themeisle-blocks-icon-list-item-08a14354\" class=\"wp-block-themeisle-blocks-icon-list-item\"><i class=\"fas fa-long-arrow-alt-right wp-block-themeisle-blocks-icon-list-item-icon\"><\/i><p class=\"wp-block-themeisle-blocks-icon-list-item-content\">Carousel of Life, Op. 70<\/p><\/div>\n\n\n\n<div id=\"wp-block-themeisle-blocks-icon-list-item-5a731a76\" class=\"wp-block-themeisle-blocks-icon-list-item\"><i class=\"fas fa-angle-double-right wp-block-themeisle-blocks-icon-list-item-icon-custom\"><\/i><p class=\"wp-block-themeisle-blocks-icon-list-item-content\"><strong>Gy\u00f6rgy Ligeti<\/strong>:<\/p><\/div>\n\n\n\n<div id=\"wp-block-themeisle-blocks-icon-list-item-80bade40\" class=\"wp-block-themeisle-blocks-icon-list-item\"><i class=\"fas fa-long-arrow-alt-right wp-block-themeisle-blocks-icon-list-item-icon\"><\/i><p class=\"wp-block-themeisle-blocks-icon-list-item-content\">H\u00e1rom We\u00f6res-dal<\/p><\/div>\n\n\n\n<div id=\"wp-block-themeisle-blocks-icon-list-item-6f9cc783\" class=\"wp-block-themeisle-blocks-icon-list-item\"><i class=\"fas fa-long-arrow-alt-right wp-block-themeisle-blocks-icon-list-item-icon\"><\/i><p class=\"wp-block-themeisle-blocks-icon-list-item-content\">\u00d6t Arany-dal<\/p><\/div>\n\n\n\n<div id=\"wp-block-themeisle-blocks-icon-list-item-336c9ab6\" class=\"wp-block-themeisle-blocks-icon-list-item\"><i class=\"fas fa-long-arrow-alt-right wp-block-themeisle-blocks-icon-list-item-icon\"><\/i><p class=\"wp-block-themeisle-blocks-icon-list-item-content\">Der Sommer<\/p><\/div>\n<\/div>\n<\/div><\/div>\n<\/div>\n<\/div><\/div>\n\n\n\n<div class=\"wp-block-group\"><div class=\"wp-block-group__inner-container is-layout-constrained wp-block-group-is-layout-constrained\">\n<h2 id=\"wp-block-themeisle-blocks-advanced-heading-d4a8cef3\" class=\"wp-block-themeisle-blocks-advanced-heading wp-block-themeisle-blocks-advanced-heading-d4a8cef3\">Performers:<\/h2>\n\n\n\n<div id=\"wp-block-themeisle-blocks-accordion-22ba6274\" class=\"wp-block-themeisle-blocks-accordion exclusive is-style-default\">\n<details class=\"wp-block-themeisle-blocks-accordion-item\"><summary class=\"wp-block-themeisle-blocks-accordion-item__title\"><div>Jana Sibera &#8211; soprano<\/div><\/summary><div class=\"wp-block-themeisle-blocks-accordion-item__content\"><div class=\"wp-block-image animated fadeIn slower\">\n<figure class=\"alignleft size-large is-resized\"><img decoding=\"async\" src=\"https:\/\/liedercompany.cz\/wp-content\/uploads\/2021\/12\/DSC0629-Edit-683x1024.jpg\" alt=\"\" class=\"wp-image-1008\" width=\"300\" title=\"\" srcset=\"https:\/\/liedercompany.cz\/wp-content\/uploads\/2021\/12\/DSC0629-Edit-683x1024.jpg 683w, https:\/\/liedercompany.cz\/wp-content\/uploads\/2021\/12\/DSC0629-Edit-200x300.jpg 200w, https:\/\/liedercompany.cz\/wp-content\/uploads\/2021\/12\/DSC0629-Edit-768x1152.jpg 768w, https:\/\/liedercompany.cz\/wp-content\/uploads\/2021\/12\/DSC0629-Edit-1024x1536.jpg 1024w, https:\/\/liedercompany.cz\/wp-content\/uploads\/2021\/12\/DSC0629-Edit-1366x2048.jpg 1366w, https:\/\/liedercompany.cz\/wp-content\/uploads\/2021\/12\/DSC0629-Edit-300x450.jpg 300w, https:\/\/liedercompany.cz\/wp-content\/uploads\/2021\/12\/DSC0629-Edit-600x900.jpg 600w, https:\/\/liedercompany.cz\/wp-content\/uploads\/2021\/12\/DSC0629-Edit-scaled.jpg 1707w\" sizes=\"(max-width: 683px) 100vw, 683px\" \/><\/figure>\n<\/div>\n\n\n<p>Jana Sibera, soloist of The National Theatre Opera, is one of the most sought-after interpreters of the lyric coloratura roles in the Czech Republic. She graduated from the Prague Conservatory and the Academy of Performing Arts in Prague.<\/p>\n\n\n\n<p>She regularly appears in the roles of Violetta, Queen of the Night, Susanna, Gilda, Lucia di Lammermoor, Julliette, Ophelie, The Cunning Little Vixen, Terinka, Bla\u017eenka, Ma\u0159enka and many others.<\/p>\n\n\n\n<p>She is a permanent guest of the National Moravian-Silesian Theatre in Ostrava. In 2017, she was nominated for the Thalia Award for the role of Ophelie, the role she successfully sang in Gothenburg opera house. She collaborates with all major orchestras in the Czech Republic and has toured with the National Theatre in Japan several times. Jana Sibera was invited to sing as the only guest with J. Kaufmann on his profile CD for Decca. <\/p>\n\n\n\n<p class=\"has-text-align-right\"><a href=\"http:\/\/www.janasibera.cz\/\" target=\"_blank\" rel=\"noreferrer noopener\">http:\/\/www.janasibera.cz\/<\/a><\/p>\n<\/div><\/details>\n\n\n\n<details class=\"wp-block-themeisle-blocks-accordion-item\"><summary class=\"wp-block-themeisle-blocks-accordion-item__title\"><div>Ond\u0159ej Holub &#8211; tenor<\/div><\/summary><div class=\"wp-block-themeisle-blocks-accordion-item__content\"><div class=\"wp-block-image animated fadeIn slower\">\n<figure class=\"alignleft size-large is-resized\"><img decoding=\"async\" src=\"https:\/\/liedercompany.cz\/wp-content\/uploads\/2023\/04\/Holub-1-1024x1024.jpg\" alt=\"\" class=\"wp-image-4255\" width=\"300\" title=\"\" srcset=\"https:\/\/liedercompany.cz\/wp-content\/uploads\/2023\/04\/Holub-1-1024x1024.jpg 1024w, https:\/\/liedercompany.cz\/wp-content\/uploads\/2023\/04\/Holub-1-300x300.jpg 300w, https:\/\/liedercompany.cz\/wp-content\/uploads\/2023\/04\/Holub-1-150x150.jpg 150w, https:\/\/liedercompany.cz\/wp-content\/uploads\/2023\/04\/Holub-1-768x768.jpg 768w, https:\/\/liedercompany.cz\/wp-content\/uploads\/2023\/04\/Holub-1-1536x1536.jpg 1536w, https:\/\/liedercompany.cz\/wp-content\/uploads\/2023\/04\/Holub-1-200x200.jpg 200w, https:\/\/liedercompany.cz\/wp-content\/uploads\/2023\/04\/Holub-1-600x600.jpg 600w, https:\/\/liedercompany.cz\/wp-content\/uploads\/2023\/04\/Holub-1-100x100.jpg 100w, https:\/\/liedercompany.cz\/wp-content\/uploads\/2023\/04\/Holub-1.jpg 2048w\" sizes=\"(max-width: 1024px) 100vw, 1024px\" \/><\/figure>\n<\/div>\n\n\n<p>In his early youth&nbsp;<strong>Ond\u0159ej Holub<\/strong>&nbsp;went through K\u00fchn\u2019s children\u2019s choir and the Pueri gaudentes boys\u2019 choir, thanks to which he became a child soloist of the Prague State Opera in a production of Mozart\u2019s The Magic Flute. He studied classical singing privately with Prof. Lenka Pi\u0161t\u011bck\u00e1, while studying at the Prague Conservatory with Prof. Valentin Prolat and later developed his singing skills with Prof. Ji\u0159\u00ed Kotou\u010d.<\/p>\n\n\n\n<p>Since 2019 he has been collaborating with the internationally renowned Collegium 1704, where he performs as a soloist as a soloist and ensemble singer, he also regularly collaborates with Ensemble Damian, a historically informed interpretation of Baroque opera. As a soloist he regularly collaborates with a number of ensembles and orchestras (Prague Symphony Orchestra FOK, Hradec Kr\u00e1lov\u00e9 Philharmonic, South Bohemian Chamber Philharmonic, etc. He is also an ensemble singer with most of the leading domestic early music ensembles \u2013 Schola Gregoriana Pragensis, Collegium Marianum, Cappella Mariana, Ensemble In\u00e9gal, Czech Ensemble Baroque, Victoria Ensemble, Musica Florea, with whom he regularly participates in prestigious domestic and international festivals.<\/p>\n\n\n\n<p>From 2013-2019 he was a member of the vocal ensemble Martin\u016f Voices, which ranks among the elite performers of 20th and 21st century music. In 2007, he founded the male vocal quintet Rudolfvoice with former members of the Pueri Gaudentes choir, with whom he performed at the Kennedy Center in Washington, DC. He also occasionally collaborates with the Prague Philharmonic Choir, with whom he performed Gustav Mahler&#8217;s Symphony No. 2 at New York&#8217;s Carnegie Hall on the centenary of the founding of Czechoslovakia.<\/p>\n<\/div><\/details>\n\n\n\n<details class=\"wp-block-themeisle-blocks-accordion-item\"><summary class=\"wp-block-themeisle-blocks-accordion-item__title\"><div>Roman Jan\u00e1l &#8211; baritone<\/div><\/summary><div class=\"wp-block-themeisle-blocks-accordion-item__content\"><div class=\"wp-block-image animated fadeIn slower\">\n<figure class=\"alignleft size-full is-resized\"><img decoding=\"async\" src=\"https:\/\/liedercompany.cz\/wp-content\/uploads\/2021\/02\/janal.jpg\" alt=\"Roman_Janal\" class=\"wp-image-154\" width=\"300\" title=\"\" srcset=\"https:\/\/liedercompany.cz\/wp-content\/uploads\/2021\/02\/janal.jpg 500w, https:\/\/liedercompany.cz\/wp-content\/uploads\/2021\/02\/janal-300x407.jpg 300w, https:\/\/liedercompany.cz\/wp-content\/uploads\/2021\/02\/janal-221x300.jpg 221w\" sizes=\"(max-width: 500px) 100vw, 500px\" \/><\/figure>\n<\/div>\n\n\n<p>After graduation from the Pilsen Conservatory in violin playing, Jan\u00e1l studied singing at the Music Academy in Sophia, Bulgaria. During the course of his studies he was guest singer at the State Opera House of Sophia (Don Giovanni, Eugen Onegin, Prince Tarquinius in Britten\u2019s The Rape of Lucretia) and appeared at local chamber music festivals. He first worked in Bansk\u00e1 Bystrica (Slovakia) after graduating in 1990, he then left for the Prague Chamber Opera (later Mozart Opera). In 1994 he became guest singer of the Pilsen Opera House (Lady of Spades \u2013 Tomskij, Faust and Marguerite, \u2013 Valentin, Don Giovanni \u2013 Don Giovanni, Fidelio \u2013 Don Pizarro). After a successful debut in the State Opera of Prague as Guglielmo in Cosi fan tutte and Figaro in Barber of Seville, he was a soloist for the State Opera of Prague in 1995. In November 1995 he became over-all winner of the Anton\u00edn Dvo\u0159\u00e1k International Singers\u2018 Competition in Karlovy Vary. Since 1997 he has been the soloist of the National Theatre of Prague where he has performed a number of national and international repertoire parts, such as Gr\u00e9gorio in Romeo and Juliet, Figaro in Barber of Seville, Escamillio in Carmen, Pollux in the Baroque lyric tragedy Castor et Pollux, the title part in Mozart\u2019s Don Giovanni. The list of his opera repertoire also includes the parts of Onegin in Yevgeny Onegin, Marcel in La Boheme, Silvio in Cavalleria Rusticana, Conte Almaviva in Figaro\u2019s Wedding, Germont in La Traviata, roles in operas by Martin\u016f, Smetana, Jan\u00e1\u010dek and Dvo\u0159\u00e1k, etc. He has often participated in a number of foreign tours with the Prague National Theatre, such as in Japan, Hong Kong, France, Germany, Netherlands, Korea. Roman Jan\u00e1l has successfully appeared in local and international music festivals such as the Prague Spring, the Smetana Litomy\u0161l, the International Music Festival of \u010cesk\u00fd Krumlov, The Pontes Festival, The Days of Bohuslav Martin\u016f in London, the Europalia Brussels and The B. Martin\u016f Festival in Amsterdam. He regularly collaborates with acclaimed conductors (Ji\u0159\u00ed B\u011blohl\u00e1vek, Christopher Hogwood, Ji\u0159\u00ed Kout, Serge Baudo, John Fiore, Tom\u00e1\u0161 Hanus) and with local and international orchestras, including the Prague Philharmonia, the BBC Symphony Orchestra, the Czech Philharmonic Orchestra, the Prague Symphony Orchestra and the Czech Radio Symphony Orchestra. In February 2007 he participated in the recording of Janacek\u00b4s opera The Excursions of Mr. Broucek (the roles of Sacristan, Lunobor and Domsik) with Jiri B\u011blohl\u00e1vek and the BBC Symphony Orchestra, for the BBC and Deutsche Grammophon (released in January 2008). Since 1984, he has recorded extensively for Czech Radio, performing a range of repertoire from opera arias to contemporary Czech song-cycles. These recordings were released on CD and have resulted in the issue of a profile operatic album, including arias from operas by W. A. Mozart, L. van Beethoven, G. Verdi, B. Smetana and others. Roman Jan\u00e1l won the prestigious Thalia Prize in 1999 for the part of Pollux in Rameau\u2019s \u201eCastor and Pollux\u201c at the National Theatre of Prague.<\/p>\n\n\n\n<p class=\"has-text-align-right\"><a href=\"https:\/\/www.romanjanal.com\/\" target=\"_blank\" rel=\"noreferrer noopener\">www.romanjanal.com<\/a><\/p>\n<\/div><\/details>\n\n\n\n<details class=\"wp-block-themeisle-blocks-accordion-item\"><summary class=\"wp-block-themeisle-blocks-accordion-item__title\"><div>Vojt\u011bch \u0160embera &#8211; baritone<\/div><\/summary><div class=\"wp-block-themeisle-blocks-accordion-item__content\"><div class=\"wp-block-image animated fadeIn slower\">\n<figure class=\"alignleft size-large is-resized\"><img decoding=\"async\" src=\"https:\/\/liedercompany.cz\/wp-content\/uploads\/2021\/12\/Foto-VS-1024x681.jpg\" alt=\"\" class=\"wp-image-1016\" width=\"300\" title=\"\" srcset=\"https:\/\/liedercompany.cz\/wp-content\/uploads\/2021\/12\/Foto-VS-1024x681.jpg 1024w, https:\/\/liedercompany.cz\/wp-content\/uploads\/2021\/12\/Foto-VS-300x200.jpg 300w, https:\/\/liedercompany.cz\/wp-content\/uploads\/2021\/12\/Foto-VS-768x511.jpg 768w, https:\/\/liedercompany.cz\/wp-content\/uploads\/2021\/12\/Foto-VS-600x399.jpg 600w, https:\/\/liedercompany.cz\/wp-content\/uploads\/2021\/12\/Foto-VS.jpg 1201w\" sizes=\"(max-width: 1024px) 100vw, 1024px\" \/><\/figure>\n<\/div>\n\n\n<p>Baritone and composer <strong>Vojt\u011bch \u0160embera <\/strong>studied singing at the Jan\u00e1\u010dek Academy of Performing Arts in Brno with Jarom\u00edr Novotn\u00fd and Irena Troupov\u00e1, composition with Ivo Medek and Martin Smolka. He also studied briefly at the Royal Conservatory in The Hague, the Netherlands, where he attended composition classes with Cornelis de Bondt, Calliope Tsoupaki and Jan van de Putte, and further improved his singing skills under Noa Frenkel. He has participated in selected interpretation courses abroad (eg VENI Academy, vocal masterclass EMA) and singing masterclasses with Antonio Carangel and Kate\u0159ina Kn\u011b\u017e\u00edkov\u00e1. In his singing practice, he focuses mainly on the interpretation of contemporary music and the song repertoire. His composing activities are mostly aimed at vocal work and graphic scores.<\/p>\n\n\n\n<p>In 2013 and 2014, he was awarded an honourable mention at the GENERATION International Composition Competition, and in 2015 he was awarded 2nd place at the Anton\u00edn Dvo\u0159\u00e1k International Singing Competition in the Opera Hope category. In 2017, he received 2nd place at the Du\u0161ek Singing Competition, The President of the EMA prize and 3rd place at the Anton\u00edn Dvo\u0159\u00e1k International Singing Competition in the Junior and Song categories.<\/p>\n\n\n\n<p>During his studies at JAMU, he performed in several productions of the JAMU Chamber Opera (M. H\u00e1ba:&nbsp;<em>The Little Prince&nbsp;<\/em>\u2013 The King, The Snake; W. A. \u200b\u200bMozart:&nbsp;<em>The Magic Flute<\/em>&nbsp;\u2013 Papageno;C. Orff:&nbsp;<em>Die Kluge<\/em>&nbsp;\u2013 The Mule Man). He made his professional opera debut at the Silesian Theatre in Opava (A. Dvo\u0159\u00e1k:&nbsp;<em>Rusalka<\/em>&nbsp;\u2013 Hunter) and also performed at the Jan Kajet\u00e1n Tyl Theatre in Pilsen (A. Thomas:&nbsp;<em>Hamlet<\/em>&nbsp;\u2013 Horatio). In his concert activities he has performed with the Karlovy Vary Symphony Orchestra (C. Orff:&nbsp;<em>Carmina Burana<\/em>; J. S. Bach:&nbsp;<em>John\u2019s Passions<\/em>; A. Dvo\u0159\u00e1k:&nbsp;<em>Biblical Songs<\/em>), with the National Theatre Orchestra (D. Matej:&nbsp;<em>KyAriAe<\/em>), North Bohemian Philharmonic Teplice (W. A. Mozart:&nbsp;<em>The Marriage of Figaro<\/em>&nbsp;\u2013 Count Almaviva) and others.&nbsp;In collaboration with Ensemble 18+, he portrayed one of the main roles in the renewed premiere of Joseph Barta\u2019s singspiel&nbsp;<em>Dobr\u00e1 rada dobr\u00e1<\/em>. He performed his own composition for baritone and orchestra&nbsp;<em>Filokt\u00e9t\u00e9s<\/em>&nbsp;with the Brno Philharmonic and the West Bohemian Symphony Orchestra Mari\u00e1nsk\u00e9 L\u00e1zn\u011b. Together with Leo\u0161 Sv\u00e1rovsk\u00fd and the Czech Radio Symphony Orchestra, he made a recording of Anton\u00edn Dvo\u0159\u00e1k\u2019s&nbsp;<em>Biblical Songs<\/em>. In the field of contemporary music, he has performed with the ensembles VENI ensemble, Mirror ensemble, at the festival Days of New Opera Ostrava (A. H\u00e1ba:&nbsp;<em>Thy Kingdom Come<\/em>&nbsp;\u2013Christ, Lay Preacher; Songbooks \u2013 Solo Voice), or with Orchestr BERG (L. Lim:&nbsp;<em>Tongue of the Invisible<\/em>). During his one-year study stay in the Netherlands, he collaborated with the Orkest de Ereprijs on the Young Composers Meeting project and performed at the Dag in de Branding festival (M. Arta\u00e7:&nbsp;<em>Zizos<\/em>). He regularly collaborates with the Meeting of New Music Plus festival. With his own project&nbsp;<em>Voice Drowned in the Ocean of Silence<\/em>, which has so far been attended by composers from more than 10 countries, he contributes to expanding the repertoire for solo voice.<\/p>\n\n\n\n<p class=\"has-text-align-right\"><a href=\"http:\/\/www.vojtechsembera.com\/\" target=\"_blank\" rel=\"noreferrer noopener\">www.vojtechsembera.com<\/a><\/p>\n<\/div><\/details>\n\n\n\n<details class=\"wp-block-themeisle-blocks-accordion-item\"><summary class=\"wp-block-themeisle-blocks-accordion-item__title\"><div>Jan Du\u0161ek &#8211; piano<\/div><\/summary><div class=\"wp-block-themeisle-blocks-accordion-item__content\"><div class=\"wp-block-image animated fadeIn slower\">\n<figure class=\"alignleft size-full is-resized\"><img decoding=\"async\" src=\"https:\/\/liedercompany.cz\/wp-content\/uploads\/2021\/02\/dusek.jpg\" alt=\"Jan_Dusek\" class=\"wp-image-15\" width=\"300\" title=\"\" srcset=\"https:\/\/liedercompany.cz\/wp-content\/uploads\/2021\/02\/dusek.jpg 1024w, https:\/\/liedercompany.cz\/wp-content\/uploads\/2021\/02\/dusek-300x200.jpg 300w, https:\/\/liedercompany.cz\/wp-content\/uploads\/2021\/02\/dusek-600x401.jpg 600w, https:\/\/liedercompany.cz\/wp-content\/uploads\/2021\/02\/dusek-768x513.jpg 768w\" sizes=\"(max-width: 1024px) 100vw, 1024px\" \/><\/figure>\n<\/div>\n\n\n<p><strong>Jan Du\u0161ek<\/strong> studied at the Conservatory in Teplice (piano, composition). In 2004-2012, he studied composition at the Academy of Performing Arts in Prague (Hanus Barton), where he finished his doctoral studies in the same field in 2012. Since then, Jan Du\u0161ek has taught at the composition department of the Academy. As a pianist he participated in several master courses (Cyprien Katsaris, Irina Ossipova, Angela Hewitt, Lilit Grygorian, Maria Jo\u00e3o Pires), in 2013\/14 he studied piano privately with Robert Lehrbaumer in Vienna, in 2015 with Xiao-Mei Zhu in Paris, and since 2016 with Gordon Fergus-Thompson in London. He has won awards and honourable mentions in competitions (Concertino Praga, the International Piano Competition B. Smetana Competition of Conservatories, Zdenek Fibich International Competition in the interpretation of melodrama). He periodically records contemporary Czech music for Czech Radio, e.g. in 2019, he completed a&nbsp; recording of complete piano works by Rudolf Karel. In 2015 he released a CD of complete songs for soprano and piano by Viktor Ullman with soprano Irena Troupova. He regularly performs at international music festivals (Prague Spring, V\u011b\u010dn\u00e1 nad\u011bje, Junge Kunstler Beyreuth etc.).<\/p>\n\n\n\n<p>In 2006 he was awarded the first prize at the Composers Competition \u201cGeneration\u201c for the piece \u201c\u2026 in seven days I will send rain on the Earth \u2026\u201d, and in 2007 at the same competition he again won first prize for the composition \u201cGradation for organ.\u201d In 2008 he received the \u2018Audience\u2019s Prize\u2019 for the composition \u201cChalomot jehudi\u2019im\u201d, a year later receiving the Prize of Gideon Klein for the same composition. In 2010, his melodrama \u201cPrague Walker\u201d was awarded 2nd prize in the Competition for Young Artists, announced by the City District Prague 1. For his music to accompany the silent film \u201cThe Child of the Ghetto\u201d, Jan received the \u2018Audience\u2019s Prize\u2019 in the 2011 NuBerg competition. His compositions have been commissioned by festivals and competitions (such as the International Festival of Concert Melodrama, Viktor Ullmann festival \u010cesk\u00fd T\u011b\u0161\u00edn, Prague Spring Competition etc.), and performed by leading Czech soloists (such as clarinettist Irvin Veny\u0161 and the percussionist Mark\u00e9ta Mazourov\u00e1) as well as chamber ensembles and orchestras (e.g., Nederlands Blazers Ensemble, Epoque quartet; BERG Orchestra; Prague Philharmonia; Prague Philharmonic Choir). In 2021, Jan co-established the Lieder Company association which aims to promote art song recitals and repertoire.\n<\/p>\n\n\n\n<p class=\"has-text-align-right\"><a href=\"http:\/\/www.jan-dusek.com\" target=\"_blank\" data-type=\"URL\" data-id=\"www.jan-dusek.com\" rel=\"noreferrer noopener\">www.jan-dusek.com<\/a><\/p>\n<\/div><\/details>\n\n\n\n<details class=\"wp-block-themeisle-blocks-accordion-item\"><summary class=\"wp-block-themeisle-blocks-accordion-item__title\"><div>Bohum\u00edr Stehl\u00edk &#8211; piano<\/div><\/summary><div class=\"wp-block-themeisle-blocks-accordion-item__content\"><div class=\"wp-block-image animated fadeIn slower\">\n<figure class=\"alignleft size-large is-resized\"><img decoding=\"async\" src=\"https:\/\/liedercompany.cz\/wp-content\/uploads\/2021\/12\/6-1024x683.jpg\" alt=\"\" class=\"wp-image-1041\" width=\"300\" title=\"\" srcset=\"https:\/\/liedercompany.cz\/wp-content\/uploads\/2021\/12\/6-1024x683.jpg 1024w, https:\/\/liedercompany.cz\/wp-content\/uploads\/2021\/12\/6-300x200.jpg 300w, https:\/\/liedercompany.cz\/wp-content\/uploads\/2021\/12\/6-768x512.jpg 768w, https:\/\/liedercompany.cz\/wp-content\/uploads\/2021\/12\/6-1536x1024.jpg 1536w, https:\/\/liedercompany.cz\/wp-content\/uploads\/2021\/12\/6-2048x1365.jpg 2048w, https:\/\/liedercompany.cz\/wp-content\/uploads\/2021\/12\/6-930x620.jpg 930w, https:\/\/liedercompany.cz\/wp-content\/uploads\/2021\/12\/6-600x400.jpg 600w\" sizes=\"(max-width: 1024px) 100vw, 1024px\" \/><\/figure>\n<\/div>\n\n\n<p><strong>Bohum\u00edr Stehl\u00edk<\/strong> is one of the foremost Czech pianists of the younger generation. He has distinguished himself both as a soloist and chamber music player, having developed a sensitive instrumental skill and great musical expressive power.<\/p>\n\n\n\n<p>Bohum\u00edr\u2019s music education started at an early age at the Music Gymnasium in Prague under Irina Kondrat\u011bnko and later on at the Academy of Performing Arts in Prague under Franti\u0161ek Mal\u00fd. From 2011 to 2016 he studied under well-know Swedish pianist Mats Widlund at Edsberg Music Institute, part of the Royal Academy in Stockholm and one of the most prestigious music academies of Northern Europe. He has been awarded various prizes in many international solo competitions (e.g. Ljunggrenska t\u00e4vlingen \u2013 1st prize, Stockholm International Music Competition \u2013 2nd price, Virtuosi per Musica di Pianoforte \u2013 1st prize, Concertino Praga \u2013 1st prize etc.). Bohumir also obtained the Yamaha Scholarship Award and the prestigious KMA Swedish National Scholarship for both solo piano, chamber music and accompaniment (maximal sum reached in 2015). A member of Duo du R\u00eave, Bohum\u00edr and flautist Jana Jarkovsk\u00e1 won prizes in various competitions of music ensembles (Chieri International Music Competition \u201cCitta di Chieri\u201d \u2013 1st prize, Val Tidone International Chamber Music Competition \u2013 1st prize, Salieri-Zinneti Chamber Music Competition \u2013 3rd prize, winner of ProMusicis International Award in France, winner of ISA Challenge and Open Awards in Austria etc.). He also recorded several CDs with Jana Jarkovska. Outside Duo du R\u00eave, he collaborates with violinist Mark\u00e9ta Janou\u0161kov\u00e1 and is also a member of D\u2019Accord chamber music ensemble.<\/p>\n\n\n\n<p>In addition to his concert activities, he collaborates with Czech Radio. Bohum\u00edr also works in productions for the Povale\u010d Music Festival (CZ) and the \u201eD\u2019Accord, Das Klassikfestival\u201c in (D), where he also leads the masterclass. He worked as a teacher at the Ingesund Academy of Music at Karlstad University in Sweden and since October 2016 has also been teaching at the Jan\u00e1\u010dek Academy of Music and Performing Arts in Brno. Bohum\u00edr works as a regenschori in the Church of the Name of the Virgin Mary in K\u0159tiny (CZ).<\/p>\n\n\n\n<p class=\"has-text-align-right\"><a href=\"http:\/\/www.bohumirstehlik.com\/\" target=\"_blank\" rel=\"noreferrer noopener\">www.bohumirstehlik.com<\/a><\/p>\n<\/div><\/details>\n<\/div>\n<\/div><\/div>\n\n\n\n<div style=\"height:29px\" aria-hidden=\"true\" class=\"wp-block-spacer\"><\/div>\n\n\n\n<div id=\"wp-block-themeisle-blocks-advanced-columns-7d84338f\" class=\"wp-block-themeisle-blocks-advanced-columns has-1-columns has-desktop-equal-layout has-tablet-equal-layout has-mobile-equal-layout has-vertical-unset\"><div class=\"wp-block-themeisle-blocks-advanced-columns-overlay\"><\/div><div class=\"innerblocks-wrap\">\n<div id=\"wp-block-themeisle-blocks-advanced-column-1f0df171\" class=\"wp-block-themeisle-blocks-advanced-column\">\n<h3 id=\"wp-block-themeisle-blocks-advanced-heading-ff290f5e\" class=\"wp-block-themeisle-blocks-advanced-heading wp-block-themeisle-blocks-advanced-heading-ff290f5e\">Venue:<\/h3>\n\n\n\n<div id=\"wp-block-themeisle-blocks-advanced-columns-291ddd9a\" class=\"wp-block-themeisle-blocks-advanced-columns has-1-columns has-desktop-equal-layout has-tablet-equal-layout has-mobile-equal-layout has-vertical-unset\"><div class=\"wp-block-themeisle-blocks-advanced-columns-overlay\"><\/div><div class=\"innerblocks-wrap\">\n<div id=\"wp-block-themeisle-blocks-advanced-column-409ad7fd\" class=\"wp-block-themeisle-blocks-advanced-column\"><div  class=\"tribe-block tribe-block__venue tribe-clearfix\" >\n\t\n\t\n<div class=\"tribe-block__venue__meta\">\n\t<div class=\"tribe-block__venue__name\">\n\t\t<h3>Novom\u011bstsk\u00e1 radnice<\/h3>\n\t<\/div>\n\n\t\n\t\t\t\t\t\t<address class=\"tribe-block__venue__address\">\n\t\t\t\t<span class=\"tribe-address\">\n\n<span class=\"tribe-street-address\">Karlovo n\u00e1m. 1<\/span>\n\t\n\t\t<br>\n\t\t<span class=\"tribe-locality\">Praha 2<\/span><span class=\"tribe-delimiter\">,<\/span>\n\n\n\t<span class=\"tribe-postal-code\">120 00<\/span>\n\n\t<span class=\"tribe-country-name\">\u010cesk\u00e1 republika<\/span>\n\n<\/span>\n\n\t\t\t\t\t\t\t<\/address>\n\t\t\n\t\t\n\t\t\t\t\t<span class=\"tribe-block__venue__website\"><a href=\"http:\/\/www.novomestskaradnice.cz\/\" target=\"_self\" rel=\"external noopener\">View Venue Website<\/a><\/span><br \/>\n\t\t\t\n\t<\/div>\n\t\n\t<\/div>\n<\/div>\n<\/div><\/div>\n<\/div>\n<\/div><\/div>\n\n\n\n<div style=\"height:29px\" aria-hidden=\"true\" class=\"wp-block-spacer\"><\/div>\n\n\n\n<div class=\"wp-block-columns is-layout-flex wp-container-core-columns-is-layout-9d6595d7 wp-block-columns-is-layout-flex\">\n<div class=\"wp-block-column is-vertically-aligned-center is-layout-flow wp-block-column-is-layout-flow\">\n<div class=\"wp-block-columns is-layout-flex wp-container-core-columns-is-layout-9d6595d7 wp-block-columns-is-layout-flex\">\n<div class=\"wp-block-column is-vertically-aligned-center is-layout-flow wp-block-column-is-layout-flow\"><div class=\"wp-block-image\">\n<figure class=\"aligncenter size-full is-resized\"><a href=\"https:\/\/www.osa.cz\/\" target=\"_blank\" rel=\"noreferrer noopener\"><img decoding=\"async\" src=\"https:\/\/liedercompany.cz\/wp-content\/uploads\/2021\/04\/OSA.png\" alt=\"OSA_Partner\" class=\"wp-image-354\" width=\"185\" height=\"110\" title=\"\"><\/a><\/figure>\n<\/div><\/div>\n\n\n\n<div class=\"wp-block-column is-vertically-aligned-center is-layout-flow wp-block-column-is-layout-flow\"><div class=\"wp-block-image\">\n<figure class=\"aligncenter size-full is-resized\"><a href=\"https:\/\/kalabisruzickova.cz\/kalabis100\/\" target=\"_blank\" rel=\"noreferrer noopener\"><img decoding=\"async\" src=\"https:\/\/liedercompany.cz\/wp-content\/uploads\/2023\/03\/K100.jpg\" alt=\"\" class=\"wp-image-4125\" width=\"150\" title=\"\" srcset=\"https:\/\/liedercompany.cz\/wp-content\/uploads\/2023\/03\/K100.jpg 578w, https:\/\/liedercompany.cz\/wp-content\/uploads\/2023\/03\/K100-300x128.jpg 300w, https:\/\/liedercompany.cz\/wp-content\/uploads\/2023\/03\/K100-200x85.jpg 200w\" sizes=\"(max-width: 578px) 100vw, 578px\" \/><\/a><\/figure>\n<\/div><\/div>\n\n\n\n<div class=\"wp-block-column is-vertically-aligned-center is-layout-flow wp-block-column-is-layout-flow\"><div class=\"wp-block-image\">\n<figure class=\"aligncenter size-large is-resized\"><img decoding=\"async\" src=\"https:\/\/liedercompany.cz\/wp-content\/uploads\/2023\/03\/KalabisRuzickovaFund-1024x838.jpg\" alt=\"\" class=\"wp-image-4077\" width=\"150\" title=\"\" srcset=\"https:\/\/liedercompany.cz\/wp-content\/uploads\/2023\/03\/KalabisRuzickovaFund-1024x838.jpg 1024w, https:\/\/liedercompany.cz\/wp-content\/uploads\/2023\/03\/KalabisRuzickovaFund-300x245.jpg 300w, https:\/\/liedercompany.cz\/wp-content\/uploads\/2023\/03\/KalabisRuzickovaFund-768x628.jpg 768w, https:\/\/liedercompany.cz\/wp-content\/uploads\/2023\/03\/KalabisRuzickovaFund-1536x1257.jpg 1536w, https:\/\/liedercompany.cz\/wp-content\/uploads\/2023\/03\/KalabisRuzickovaFund-2048x1676.jpg 2048w, https:\/\/liedercompany.cz\/wp-content\/uploads\/2023\/03\/KalabisRuzickovaFund-200x164.jpg 200w, https:\/\/liedercompany.cz\/wp-content\/uploads\/2023\/03\/KalabisRuzickovaFund-600x491.jpg 600w\" sizes=\"(max-width: 1024px) 100vw, 1024px\" \/><\/figure>\n<\/div><\/div>\n<\/div>\n<\/div>\n<\/div>\n","protected":false},"excerpt":{"rendered":"<p>SIBERA &#038; HOLUB &#038; JAN\u00c1L &#038; \u0160EMBERA &#038; DU\u0160EK &#038; STEHL\u00cdK<\/p>\n<p>Viktor Kalabis and Gy\u00f6rgy Ligeti.<\/p>\n","protected":false},"author":18,"featured_media":4177,"template":"","meta":{"neve_meta_sidebar":"","neve_meta_container":"","neve_meta_enable_content_width":"","neve_meta_content_width":0,"neve_meta_title_alignment":"","neve_meta_author_avatar":"","neve_post_elements_order":"","neve_meta_disable_header":"","neve_meta_disable_footer":"","neve_meta_disable_title":"","neve_meta_reading_time":"","_EventAllDay":false,"_EventTimezone":"Europe\/Prague","_EventStartDate":"2023-06-25 19:30:00","_EventEndDate":"2023-06-25 19:30:00","_EventStartDateUTC":"2023-06-25 17:30:00","_EventEndDateUTC":"2023-06-25 17:30:00","_EventShowMap":false,"_EventShowMapLink":true,"_EventURL":"https:\/\/goout.net\/en\/tickets\/kalabis-and-ligeti-100-complete-songs\/cogs\/","_EventCost":"","_EventCostDescription":"","_EventCurrencySymbol":"CZK","_EventCurrencyCode":"","_EventCurrencyPosition":"","_EventDateTimeSeparator":"","_EventTimeRangeSeparator":"","_EventOrganizerID":[],"_EventVenueID":[866],"_OrganizerEmail":"","_OrganizerPhone":"","_OrganizerWebsite":"","_VenueAddress":"","_VenueCity":"","_VenueCountry":"","_VenueProvince":"","_VenueState":"","_VenueZip":"","_VenuePhone":"","_VenueURL":"","_VenueStateProvince":"","_VenueLat":"","_VenueLng":"","_VenueShowMap":false,"_VenueShowMapLink":false,"_themeisle_gutenberg_block_has_review":false,"_tribe_events_status":"","_tribe_events_status_reason":"","footnotes":""},"tags":[],"tribe_events_cat":[],"class_list":["post-4403","tribe_events","type-tribe_events","status-publish","has-post-thumbnail","hentry"],"_links":{"self":[{"href":"https:\/\/liedercompany.cz\/en\/wp-json\/wp\/v2\/tribe_events\/4403","targetHints":{"allow":["GET"]}}],"collection":[{"href":"https:\/\/liedercompany.cz\/en\/wp-json\/wp\/v2\/tribe_events"}],"about":[{"href":"https:\/\/liedercompany.cz\/en\/wp-json\/wp\/v2\/types\/tribe_events"}],"author":[{"embeddable":true,"href":"https:\/\/liedercompany.cz\/en\/wp-json\/wp\/v2\/users\/18"}],"version-history":[{"count":0,"href":"https:\/\/liedercompany.cz\/en\/wp-json\/wp\/v2\/tribe_events\/4403\/revisions"}],"wp:featuredmedia":[{"embeddable":true,"href":"https:\/\/liedercompany.cz\/en\/wp-json\/wp\/v2\/media\/4177"}],"wp:attachment":[{"href":"https:\/\/liedercompany.cz\/en\/wp-json\/wp\/v2\/media?parent=4403"}],"wp:term":[{"taxonomy":"post_tag","embeddable":true,"href":"https:\/\/liedercompany.cz\/en\/wp-json\/wp\/v2\/tags?post=4403"},{"taxonomy":"tribe_events_cat","embeddable":true,"href":"https:\/\/liedercompany.cz\/en\/wp-json\/wp\/v2\/tribe_events_cat?post=4403"}],"curies":[{"name":"wp","href":"https:\/\/api.w.org\/{rel}","templated":true}]}}