{"id":4619,"date":"2023-05-20T14:58:17","date_gmt":"2023-05-20T12:58:17","guid":{"rendered":"https:\/\/liedercompany.cz\/event\/strings-suit-songs\/"},"modified":"2023-09-30T13:45:42","modified_gmt":"2023-09-30T11:45:42","slug":"strings-suit-songs","status":"publish","type":"tribe_events","link":"https:\/\/liedercompany.cz\/en\/event\/strings-suit-songs\/","title":{"rendered":"Strings Suit Songs"},"content":{"rendered":"\n<h2 id=\"wp-block-themeisle-blocks-advanced-heading-b57e5834\" class=\"wp-block-themeisle-blocks-advanced-heading wp-block-themeisle-blocks-advanced-heading-b57e5834\">TROUPOV\u00c1 &amp; HROCHOV\u00c1 &amp; GRAFFE QUARTET<\/h2>\n\n\n\n<div id=\"wp-block-themeisle-blocks-advanced-columns-21c58472\" class=\"wp-block-themeisle-blocks-advanced-columns has-2-columns has-desktop-equal-layout has-tablet-equal-layout has-mobile-collapsedRows-layout has-vertical-unset\"><div class=\"wp-block-themeisle-blocks-advanced-columns-overlay\"><\/div><div class=\"innerblocks-wrap\">\n<div id=\"wp-block-themeisle-blocks-advanced-column-4b57c752\" class=\"wp-block-themeisle-blocks-advanced-column\"><div class=\"wp-block-themeisle-blocks-advanced-column-overlay\"><\/div>\n<p>The combination of the human voice and string instruments has been attractive to many composers, especially in the 20th century, but remains so today. This concert is made up of works in which the accompaniment of the songs is not provided by the usual piano, but by a string quartet or just a selection of some strings. <\/p>\n\n\n\n<p>The concert will include the world premiere of a composition by <strong>Milo\u0161 \u0160t\u011bdro\u0148<\/strong>&nbsp;composed for soprano Irena Troupov\u00e1 and mezzo-soprano Jana Hrochov\u00e1.<\/p>\n\n\n\n<p>For the concert we have also commissioned a piece by the Czech female composer <strong>Terezie \u0160varcov\u00e1<\/strong>, which we will also perform in its world premiere.<\/p>\n\n\n\n<p>There will also be wonderful works by <strong>Ottorino Respighi<\/strong>, <strong>Viktor Ullmann<\/strong> and <strong>Paul Hindemith<\/strong>, which were also composed for this setting.<\/p>\n\n\n\n<p><em>The compositions will be presented in the original languages and accompanied by Czech subtitles.<\/em><\/p>\n<\/div>\n\n\n\n<div id=\"wp-block-themeisle-blocks-advanced-column-c0203347\" class=\"wp-block-themeisle-blocks-advanced-column\"><div class=\"wp-block-image animated fadeIn slower\">\n<figure class=\"aligncenter size-large\"><img fetchpriority=\"high\" decoding=\"async\" width=\"1024\" height=\"700\" src=\"https:\/\/liedercompany.cz\/wp-content\/uploads\/2023\/05\/Troupova_Hrochova-1024x700.jpg\" alt=\"\" class=\"wp-image-4614\" title=\"\" srcset=\"https:\/\/liedercompany.cz\/wp-content\/uploads\/2023\/05\/Troupova_Hrochova-1024x700.jpg 1024w, https:\/\/liedercompany.cz\/wp-content\/uploads\/2023\/05\/Troupova_Hrochova-300x205.jpg 300w, https:\/\/liedercompany.cz\/wp-content\/uploads\/2023\/05\/Troupova_Hrochova-768x525.jpg 768w, https:\/\/liedercompany.cz\/wp-content\/uploads\/2023\/05\/Troupova_Hrochova-1536x1050.jpg 1536w, https:\/\/liedercompany.cz\/wp-content\/uploads\/2023\/05\/Troupova_Hrochova-2048x1401.jpg 2048w, https:\/\/liedercompany.cz\/wp-content\/uploads\/2023\/05\/Troupova_Hrochova-200x137.jpg 200w, https:\/\/liedercompany.cz\/wp-content\/uploads\/2023\/05\/Troupova_Hrochova-600x410.jpg 600w\" sizes=\"(max-width: 1024px) 100vw, 1024px\" \/><\/figure>\n<\/div>\n\n\n<div style=\"height:10px\" aria-hidden=\"true\" class=\"wp-block-spacer\"><\/div>\n\n\n\n<div id=\"wp-block-themeisle-blocks-advanced-columns-58ee6e66\" class=\"wp-block-themeisle-blocks-advanced-columns has-1-columns has-desktop-equal-layout has-tablet-equal-layout has-mobile-equal-layout has-vertical-unset\"><div class=\"wp-block-themeisle-blocks-advanced-columns-overlay\"><\/div><div class=\"innerblocks-wrap\">\n<div id=\"wp-block-themeisle-blocks-advanced-column-727ba837\" class=\"wp-block-themeisle-blocks-advanced-column\"><div  class=\"tribe-events-schedule tribe-clearfix\" >\n\t<p class=\"tribe-events-schedule__datetime\">\n\t\t<span class=\"tribe-events-schedule__date tribe-events-schedule__date--start\">\n\t\t\t22 \/ 10 \/ 2023\t\t<\/span>\n\n\t\t\t\t\t<span class=\"tribe-events-schedule__separator tribe-events-schedule__separator--date\">\n\t\t\t\t at \t\t\t<\/span>\n\t\t\t<span class=\"tribe-events-schedule__time tribe-events-schedule__time--start\">\n\t\t\t\t19:30\t\t\t<\/span>\n\t\t\n\t\t\t<\/p>\n<\/div>\n<\/div>\n<\/div><\/div>\n\n\n\n<h3 id=\"wp-block-themeisle-blocks-advanced-heading-d69a83b3\" class=\"wp-block-themeisle-blocks-advanced-heading wp-block-themeisle-blocks-advanced-heading-d69a83b3\">Salsita Club, Prague \u2013 Sm\u00edchov<\/h3>\n<\/div>\n<\/div><\/div>\n\n\n\n<div style=\"height:25px\" aria-hidden=\"true\" class=\"wp-block-spacer\"><\/div>\n\n\n<div  class=\"tribe-block tribe-block__event-website\" >\n\t<a href=\"https:\/\/goout.net\/en\/tickets\/smycce-pisnim-slusi\/hsdt\/\" target=\"_self\" rel=\"noopener\">\n\t\tBuy tickets\t<\/a>\n<\/div>\n\n\n\n<div id=\"wp-block-themeisle-blocks-advanced-columns-2e61e71c\" class=\"wp-block-themeisle-blocks-advanced-columns has-1-columns has-desktop-equal-layout has-tablet-equal-layout has-mobile-collapsedRows-layout has-vertical-unset\"><div class=\"wp-block-themeisle-blocks-advanced-columns-overlay\"><\/div><div class=\"innerblocks-wrap\">\n<div id=\"wp-block-themeisle-blocks-advanced-column-d9cd90cf\" class=\"wp-block-themeisle-blocks-advanced-column\"><div class=\"wp-block-themeisle-blocks-advanced-column-overlay\"><\/div>\n<div class=\"wp-block-group\"><div class=\"wp-block-group__inner-container is-layout-constrained wp-block-group-is-layout-constrained\">\n<h2 id=\"wp-block-themeisle-blocks-advanced-heading-49b8c093\" class=\"wp-block-themeisle-blocks-advanced-heading wp-block-themeisle-blocks-advanced-heading-49b8c093\">Programme:<\/h2>\n\n\n\n<div id=\"wp-block-themeisle-blocks-icon-list-ef734a21\" class=\"wp-block-themeisle-blocks-icon-list\">\n<div id=\"wp-block-themeisle-blocks-icon-list-item-82e1579f\" class=\"wp-block-themeisle-blocks-icon-list-item\"><i class=\"fas fa-angle-double-right wp-block-themeisle-blocks-icon-list-item-icon-custom\"><\/i><p class=\"wp-block-themeisle-blocks-icon-list-item-content\">Ottorino Respighi: <em>Il tramonto <\/em>for voice and string quartet<\/p><\/div>\n\n\n\n<div id=\"wp-block-themeisle-blocks-icon-list-item-92ac6da7\" class=\"wp-block-themeisle-blocks-icon-list-item\"><i class=\"fas fa-angle-double-right wp-block-themeisle-blocks-icon-list-item-icon-custom\"><\/i><p class=\"wp-block-themeisle-blocks-icon-list-item-content\">Paul Hindemith: <em>Melancholie, Op.13 <\/em>for voice and string quartet<\/p><\/div>\n\n\n\n<div id=\"wp-block-themeisle-blocks-icon-list-item-1c399367\" class=\"wp-block-themeisle-blocks-icon-list-item\"><i class=\"fas fa-angle-double-right wp-block-themeisle-blocks-icon-list-item-icon-custom\"><\/i><p class=\"wp-block-themeisle-blocks-icon-list-item-content\">Viktor Ullmann: <em>Three Songs <\/em>for voice and string trio<\/p><\/div>\n\n\n\n<div id=\"wp-block-themeisle-blocks-icon-list-item-228bd9e3\" class=\"wp-block-themeisle-blocks-icon-list-item\"><i class=\"fas fa-angle-double-right wp-block-themeisle-blocks-icon-list-item-icon-custom\"><\/i><p class=\"wp-block-themeisle-blocks-icon-list-item-content\">Milo\u0161 \u0160t\u011bdro\u0148: <em>Cantigas y Estampidas <\/em>for two female voices and string quartet<em> <\/em>\/PREMIERE\/<\/p><\/div>\n\n\n\n<div id=\"wp-block-themeisle-blocks-icon-list-item-046d24fe\" class=\"wp-block-themeisle-blocks-icon-list-item\"><i class=\"fas fa-angle-double-right wp-block-themeisle-blocks-icon-list-item-icon-custom\"><\/i><p class=\"wp-block-themeisle-blocks-icon-list-item-content\">Terezie \u0160varcov\u00e1: <em>Vier Gedichte von Christian Morgenstern<em> <\/em><\/em>for two female voices and string quartet<em><em> <\/em>\/PREMIERE\/<\/em><\/p><\/div>\n<\/div>\n<\/div><\/div>\n<\/div>\n<\/div><\/div>\n\n\n\n<div class=\"wp-block-group\"><div class=\"wp-block-group__inner-container is-layout-constrained wp-block-group-is-layout-constrained\">\n<h2 id=\"wp-block-themeisle-blocks-advanced-heading-d4a8cef3\" class=\"wp-block-themeisle-blocks-advanced-heading wp-block-themeisle-blocks-advanced-heading-d4a8cef3\">Performers:<\/h2>\n\n\n\n<div id=\"wp-block-themeisle-blocks-accordion-22ba6274\" class=\"wp-block-themeisle-blocks-accordion exclusive is-style-default\">\n<details class=\"wp-block-themeisle-blocks-accordion-item\"><summary class=\"wp-block-themeisle-blocks-accordion-item__title\"><div>Irena Troupov\u00e1 &#8211; soprano<\/div><\/summary><div class=\"wp-block-themeisle-blocks-accordion-item__content\"><div class=\"wp-block-image animated fadeIn slower\">\n<figure class=\"alignleft size-large is-resized\"><img decoding=\"async\" src=\"https:\/\/liedercompany.cz\/wp-content\/uploads\/2023\/05\/Troupova-edited.jpg\" alt=\"Irena_Troupova\" class=\"wp-image-4616\" style=\"width:300px\" width=\"300\" title=\"\" srcset=\"https:\/\/liedercompany.cz\/wp-content\/uploads\/2023\/05\/Troupova-edited.jpg 601w, https:\/\/liedercompany.cz\/wp-content\/uploads\/2023\/05\/Troupova-edited-225x300.jpg 225w, https:\/\/liedercompany.cz\/wp-content\/uploads\/2023\/05\/Troupova-edited-150x200.jpg 150w, https:\/\/liedercompany.cz\/wp-content\/uploads\/2023\/05\/Troupova-edited-300x400.jpg 300w\" sizes=\"(max-width: 601px) 100vw, 601px\" \/><\/figure>\n<\/div>\n\n\n<p>The eminent Czech soprano&nbsp;<strong>Irena Troupov\u00e1<\/strong>&nbsp;gained international renown through the historically-based interpretation of early music, which she devoted herself to already during her musicology studies at Charles University in Prague. She studied singing under Terezie Blumov\u00e1 in Prague, later under M. Corelli in Berlin. She collaborated with the ensemble Musica Antiqua Praha led by Pavel Klikar, creating a string of recordings and exceptionally successful concerts both at home and abroad. At that time she also found an interest in contemporary music and has worked with the likes of Petr Eben, Svatopluk Havelka and others. After her studies she performed mainly in Germany, but the demand for her talent also grew rapidly in other countries (England, Italy, Denmark, Sweden, France, Switzerland, Poland). She worked with many different ensembles (e.g. Orpheon Consort, Johann-Rosenm\u00fcller-Ensemble, Sch\u00fctz-Akademie, Capella Sagittariana, Dresdener Barockorchester, Lautten-Compagney, Kievskaya Kamerata) and conductors (Howard Arman, Joshua Rifkin, Frieder Bernius, Thomas Hengelbrock, Florian Heyerick, Vojt\u011bch Spurn\u00fd and others). This cooperation brought about a number of recordings. Irena Troupov\u00e1 was a regular participant in the concert programmes of the State Opera in Berlin and the Berlin Symphony Orchestra. Among the most interesting opera productions that she took part in during her German period, a mention should be made of Monteverdi\u2019s Orfeo headed by Joshua Rifkin in Basel, Freiburg and Mulhouse (the roles of Musica and Proserpine), of the modern premiere of H.I.F. Biber\u2019s opera Arminius in Salzburg (later released on CD), but also of Le malade imaginaire of M.-A. Charpentier and J.-B. Lully in Berlin.<\/p>\n\n\n\n<p>Irena Troupov\u00e1 is a frequent guest singer at international music festivals, including&nbsp;<em>Tage der alten Musik Herne, Pra\u017esk\u00e9 jaro (Prague Spring), Festival de musique baroque Caen, Holland-festival oudemuziek Utrecht, Bach-Festival Sumy and Concenturs Moraviae<\/em>, to name a few.<\/p>\n\n\n\n<p>Irena\u2019s early music projects over recent years include programmes in cooperation with the Comic Opera (Berlin), German radio NDR (Norddeutscher Rundfunk) and Belgian conductor Florian Heyerik (Salto vocale \u2013 fragments from the operas of G. Ph. Telemann), with Musica Florea (operatic projects \u2013 Ch. W. Gluck: La Danza, G. F. H\u00e4ndel: Terpsicore), Ensemble Tourbillon, Barbara M. Willi, Jaroslav T\u016fma, Monika Knoblochov\u00e1, Petra Mat\u011bjov\u00e1 and others. More recently, she has been working closely with the international ensemble Orpheon; they have toured Spain, Austria and France together and have also recorded an album, Marin Marais and his friends. She has collaborated with members of the Staatskapelle Berlin, joining in a fascinating project connecting the musicality of the Baroque with that of the Modern: Musik im Dialog \u2013 Claudio Monteverdi und Luciano Berio, a concert cycle in the State Opera in Berlin which was followed by a programme from the works of J. S. Bach, Bach \u2013 reloaded.<\/p>\n\n\n\n<p>Irena Troupov\u00e1 has gradually extended her scope to include Romantic and Modern lyrical and operatic works. She has performed songs from German and French Romanticism a number of times at the concerts of the Prague Symphony Orchestra and the Czech Philharmonic (the early songs of Gustav Mahler). She has also given voice to Jan Du\u0161ek\u2019s orchestral songs Chalomot yehudi\u2019im together with Orchestra BERG for the EBU and the songs of Milo\u0161 \u0160t\u011bdro\u0148 for Czech Radio.\n\n&nbsp;<\/p>\n\n\n\n<p>Lately, she has focused her attention on the music of the 20th and 21st century; she recorded Bohuslav Martin\u016f\u2019s opera Le jour de bont\u00e9 (The Day of Charity) for Arco Diva. She has performed the works of Marek Kopelent (the Singspiel Musica, the cantata Agnus Dei at Prague Spring 2012) \u2013 she joined the Prague Philharmonia conducted by Jakub Hr\u016f\u0161a to render the premiere of Kopelent\u2019s Pozdn\u00ed sb\u011br (Late Harvest). She is also actively interested in the music of interwar authors \u2013 Viktor Ullmann, Erwin Schulhoff, Norbert von Hannenheim, Philip Herschkowitz \u2013 performing their works to international audiences and recording a number of their compositions for Czech Radio and Deutschlandfunk.&nbsp;Irena Troupov\u00e1 is also greatly valued as a tutor of early music, teaching at the Jan\u00e1\u010dek Academy of Music and Performing Arts and Masaryk University in Brno, and in courses both in the Czech Republic and abroad.<\/p>\n\n\n\n<p>Irena Troupov\u00e1 is a co-founder of the Lieder Company Prague.<\/p>\n\n\n\n<p class=\"has-text-align-right\"><a href=\"https:\/\/www.troupova.com\" target=\"_blank\" rel=\"noopener\">https:\/\/www.troupova.com<\/a><\/p>\n<\/div><\/details>\n\n\n\n<details class=\"wp-block-themeisle-blocks-accordion-item\"><summary class=\"wp-block-themeisle-blocks-accordion-item__title\"><div>Jana Hrochov\u00e1 &#8211; mezzo-soprano<\/div><\/summary><div class=\"wp-block-themeisle-blocks-accordion-item__content\"><div class=\"wp-block-image animated fadeIn slower\">\n<figure class=\"alignleft size-large is-resized\"><img decoding=\"async\" src=\"https:\/\/liedercompany.cz\/wp-content\/uploads\/2021\/12\/0LB9835-Edit-669x1024.jpg\" alt=\"\" class=\"wp-image-1007\" style=\"width:300px\" width=\"300\" title=\"\" srcset=\"https:\/\/liedercompany.cz\/wp-content\/uploads\/2021\/12\/0LB9835-Edit-669x1024.jpg 669w, https:\/\/liedercompany.cz\/wp-content\/uploads\/2021\/12\/0LB9835-Edit-196x300.jpg 196w, https:\/\/liedercompany.cz\/wp-content\/uploads\/2021\/12\/0LB9835-Edit-768x1176.jpg 768w, https:\/\/liedercompany.cz\/wp-content\/uploads\/2021\/12\/0LB9835-Edit-300x459.jpg 300w, https:\/\/liedercompany.cz\/wp-content\/uploads\/2021\/12\/0LB9835-Edit-600x918.jpg 600w, https:\/\/liedercompany.cz\/wp-content\/uploads\/2021\/12\/0LB9835-Edit.jpg 980w\" sizes=\"(max-width: 669px) 100vw, 669px\" \/><\/figure>\n<\/div>\n\n\n<p>The mezzo-soprano&nbsp;<strong>Jana Hrochov\u00e1<\/strong>&nbsp;(Wallingerov\u00e1), n\u00e9e \u0160tef\u00e1\u010dkov\u00e1, gained her first singing experience in a children\u2019s choir in the Moravian town of \u0160umperk. She studied at the Prague Conservatory with Jarmila Kr\u00e1sov\u00e1 from 1993 to 1999. In 2001, she began studying privately with the soprano Natalia Romanov\u00e1. In 1998, she came in second at the Czech Conservatories Singing Contest. Her first engagements took place at the Opera Mozart in Prague between 1997 and 2000, extending her activities to ancient music (with Ars Cameralis) and folk music (with the Muzika Jara ensemble).\n\nIn 2000, Mrs Hrochov\u00e1 was invited to join the opera company of the National Theatre in Brno, Czech Republic. The repertoire she sang in Brno includes Carmen (Carmen), Laura (La Gioconda), Kate (The Devil and Kate), Rosina (Il barbiere di Siviglia), Suzuki (Madame Butterfly), The Fox (The Cunning Little Vixen), Varvara (Katja Kabanova), Fenena (Nabucco), H\u00e4nsel (H\u00e4nsel and Gretel), Nicklausse (The Tales of Hoffmann) and others. Guest performances have taken the young mezzo to a number of opera houses, such as the Prague National Theatre, Prague State Opera, Plze\u0148, \u00dast\u00ed nad Labem, Liberec, Ostrava, Olomouc (Czech Republic), State Theatre Ko\u0161ice (Slovakia) and Theatre Freiburg (Germany). Mrs Hrochov\u00e1\u2019s concert activities are an essential part of her repertoire and have brought her together with some leading Czech and foreign orchestras, such as the BBC Symphony Orchestra, Tokyo Metropolitan Symphony Orchestra, Czech Philharmonic, Prague Symphony Orchestra FOK, Prague Radio Symphonic Orchestra, Brno Philharmonic Orchestra, Prague Chamber Philharmonic Orchestra, Jan\u00e1\u010dek Philharmonic Orchestra, Bohuslav Martin\u016f Philharmonic Orchestra and others. She works with conductors such as Ji\u0159\u00ed B\u011blohl\u00e1vek, Serge Baudo, Gerd Albrecht, Manfred Honeck, Ondrej Len\u00e1rd, Petr Altrichter, Jakub Hr\u016f\u0161a, Leo\u0161 Sv\u00e1rovsk\u00fd, Tom\u00e1\u0161 Hanus, Andrej Borejko, Dennis Russell Davies and others. Mrs Hrochov\u00e1&nbsp; often makes guest appearances at opera houses and concert stages outside the Czech Republic (Great Britain, Japan, China, Spain, Mexico, Greece, Netherlands, Austria, Germany and Italy).\n\nIn 2011, she sang the alto solo in Dvorak\u2019s Requiem mass at a state funeral of Vaclav Havel. The Brno National Theatre awarded her with the DIVA 2005, 2008 and 2010 Award. In 2012, she was nominated for the Thalia award for her role as Dulcin\u00e9e in Massenet\u2019s Don Quichotte in a production of the F. X. \u0160alda Theatre in Liberec. In 2013, she was nominated for the Thalia award for her role as Hermia in Britten\u2019s Midsummer Night\u2019s Dream in a production of The Brno National Theatre. In 2011 and 2018 she recorded songs by Bohuslav Martin\u016f for Naxos Records. In 2014, she was invited to perform the role of Carmen in the Theatre Freiburg, Germany. In 2016, she made her BBC Proms debut at the Royal Albert Hall in London.<\/p>\n\n\n\n<p class=\"has-text-align-right\"><a href=\"https:\/\/www.janahrochova.cz\/\" target=\"_blank\" rel=\"noreferrer noopener\">www.janahrochova.cz\/<\/a><\/p>\n<\/div><\/details>\n\n\n\n<details class=\"wp-block-themeisle-blocks-accordion-item\"><summary class=\"wp-block-themeisle-blocks-accordion-item__title\"><div>Graffe Quartet<\/div><\/summary><div class=\"wp-block-themeisle-blocks-accordion-item__content\"><div class=\"wp-block-image animated fadeIn slower\">\n<figure class=\"alignleft size-large\"><img decoding=\"async\" src=\"https:\/\/www.graffequartet.com\/data\/GK_new_uvod.jpg\" alt=\"\" title=\"\"><\/figure>\n<\/div>\n\n\n<p>The <strong>Graffe Quartet<\/strong> is one of the leading Czech ensembles of the middle generation and continues the rich performance tradition of the Czech quartet school. Founded in 1997, the ensemble has been awarded numerous prizes at international competitions (International Beethoven&#8217;s Hradec Performance Competition 1999; ACT International Chamber Ensemble Competition 2003 &#8211; London, Great Britain; International Competition &#8220;Verfemte Musik&#8221; 2005 &#8211; Schwerin, Germany), and has twice received the Leo\u0161 Jan\u00e1\u010dek Foundation Prize (2001, 2003) for its interpretation of Leo\u0161 Jan\u00e1\u010dek&#8217;s quartets. In 2005, the quartet won the special prize of the French association &#8220;Forum Voix Etouff\u00e9s&#8221; and in 2008 the prestigious Czech Chamber Music Association Prize at the Czech Philharmonic, placing it alongside the winners of this prize, the most important Czech chamber ensembles.<\/p>\n\n\n\n<p>During their studies, members of the Jan\u00e1\u010dek Quartet (especially Prof. Adolf S\u00fdkora) contributed to the artistic growth of the Graffe Quartet, and Prof. Jerry Horner (a member of the famous American Fine Arts Quartet), with whom the quartet collaborated from 2006 to 2017, was a major artistic influence. The quartet has also repeatedly participated in a number of international chamber music courses, where it has had the opportunity to study under the guidance of leading artists. This included G\u00fcnter Pichler (Alban Berg Quartet, Vienna), Norbert Brainin and Siegmund Nissel (Amadeus Quartet, London), L\u00e1szl\u00f3 Mez\u00f6 (Bart\u00f3k Quartet, Budapest), Milan \u0160kampa (Smetana Quartet, Prague) and others.<\/p>\n\n\n\n<p>The Graffe Quartet has performed on hundreds of concert stages on three continents as part of major concert series (Dvo\u0159\u00e1k Hall, Prague Rudolfinum, Czech Chamber Music Society; Besedn\u00ed d\u016fm in Brno, Society of Friends of Music; Chicago Chamber Music Society, USA; Spivay Hall, Atlanta, USA; Leamington Music, UK, etc. Recently, the ensemble has also performed at many important music festivals, such as Prague Spring, Varna Summer International Music Festival, Bratislava Music Festival, Moravian Autumn, Jan\u00e1\u010dek Brno, Concentus Moravia, Leo\u0161 Jan\u00e1\u010dek International Music Festival in Ostrava, etc. Recordings of the ensemble have been made by radio and television stations not only in Europe, but also overseas (Czech, Slovak, Croatian Radio, BBC, American Public Media, Czech Television, Tv NOE, etc.). The Graff Quartet has also made recordings on CD, which have repeatedly won the title &#8220;Recording of the Month&#8221; on the prestigious British music portal MusicWeb International.<\/p>\n\n\n\n<p>The Graffe Quartet&#8217;s repertoire has included around 150 works of chamber literature over 25 years of activity, and the ensemble has collaborated in larger chamber ensembles with a number of important artists. These have included: Michio Otaki-piano (USA), Grigorios Zamparas-piano (USA), Jitka \u010cechov\u00e1-piano, Igor Arda\u0161ev-piano, Jan Jirask\u00fd-piano, Bohuslav Matou\u0161ek-viola, Josef \u0160pa\u010dek-violin, viola, Kristina Fialov\u00e1-viola, Ji\u0159\u00ed B\u00e1rta-violoncello, Petr Nouzovsk\u00fd-violoncello, James Campbell-clarinet (Kandada), Irvin Veny\u0161-clarinet, Vlastimil Mare\u0161-clarinet, Pra\u017e\u00e1k Quartet, etc. The quartet is also the ensemble in residence of the VOX IMAGINIS art cycle, which takes place in cooperation with the Moravian Gallery in Brno. Within the framework of these music-drama programmes, the quartet has collaborated with a number of leading Czech actors. Among them we can mention: Jitka Molavcov\u00e1, Maria Durnova, Lubom\u00edra Sonkov\u00e1, Alfred Strej\u010dek, Jan Ka\u010der, Josef Somr, Vladim\u00edr Kr\u00e1tk\u00fd, Franti\u0161ek Derfler, Sasha Ra\u0161ilov, Michal Bumb\u00e1lek, Otakar Brousek Jr.<\/p>\n\n\n\n<p>The Graffe Quartet has given many world premieres of works by major composers and many compositions have been dedicated to the ensemble. The premieres have included works by Bohuslav Martin\u016f, Andr\u00e9 Previn, Werner Schulz, Ji\u0159\u00ed Pavlica, Milan Slim\u00e1\u010dek, Milo\u0161 \u0160t\u011bdron, etc.<\/p>\n\n\n\n<p class=\"has-text-align-right\"><a href=\"https:\/\/www.graffequartet.com\/index1.html\" target=\"_blank\" rel=\"noopener\">https:\/\/www.graffequartet.com<\/a><\/p>\n\n\n\n<hr class=\"wp-block-separator has-alpha-channel-opacity\"\/>\n<\/div><\/details>\n<\/div>\n<\/div><\/div>\n\n\n\n<div style=\"height:29px\" aria-hidden=\"true\" class=\"wp-block-spacer\"><\/div>\n\n\n\n<div id=\"wp-block-themeisle-blocks-advanced-columns-7d84338f\" class=\"wp-block-themeisle-blocks-advanced-columns has-1-columns has-desktop-equal-layout has-tablet-equal-layout has-mobile-equal-layout has-vertical-unset\"><div class=\"wp-block-themeisle-blocks-advanced-columns-overlay\"><\/div><div class=\"innerblocks-wrap\">\n<div id=\"wp-block-themeisle-blocks-advanced-column-1f0df171\" class=\"wp-block-themeisle-blocks-advanced-column\">\n<h3 id=\"wp-block-themeisle-blocks-advanced-heading-ff290f5e\" class=\"wp-block-themeisle-blocks-advanced-heading wp-block-themeisle-blocks-advanced-heading-ff290f5e\">Venue:<\/h3>\n\n\n\n<div id=\"wp-block-themeisle-blocks-advanced-columns-291ddd9a\" class=\"wp-block-themeisle-blocks-advanced-columns has-1-columns has-desktop-equal-layout has-tablet-equal-layout has-mobile-equal-layout has-vertical-unset\"><div class=\"wp-block-themeisle-blocks-advanced-columns-overlay\"><\/div><div class=\"innerblocks-wrap\">\n<div id=\"wp-block-themeisle-blocks-advanced-column-409ad7fd\" class=\"wp-block-themeisle-blocks-advanced-column\"><div  class=\"tribe-block tribe-block__venue tribe-clearfix\" >\n\t\n\t\n<div class=\"tribe-block__venue__meta\">\n\t<div class=\"tribe-block__venue__name\">\n\t\t<h3>Salsita Club<\/h3>\n\t<\/div>\n\n\t\n\t\t\t\t\t\t<address class=\"tribe-block__venue__address\">\n\t\t\t\t<span class=\"tribe-address\">\n\n<span class=\"tribe-street-address\">\u0160tef\u00e1nikova 25<\/span>\n\t\n\t\t<br>\n\t\t<span class=\"tribe-locality\">Praha 5<\/span><span class=\"tribe-delimiter\">,<\/span>\n\n\n\t<span class=\"tribe-postal-code\">15000<\/span>\n\n\t<span class=\"tribe-country-name\">\u010cesk\u00e1 republika<\/span>\n\n<\/span>\n\n\t\t\t\t\t\t\t<\/address>\n\t\t\n\t\t\n\t\t\t\t\t<span class=\"tribe-block__venue__website\"><a href=\"https:\/\/www.salsitaclub.com\/\" target=\"_self\" rel=\"external noopener\">View Venue Website<\/a><\/span><br \/>\n\t\t\t\n\t<\/div>\n\t\n\t<\/div>\n<\/div>\n<\/div><\/div>\n<\/div>\n<\/div><\/div>\n","protected":false},"excerpt":{"rendered":"<p>TROUPOV\u00c1 &#038; HROCHOV\u00c1 &#038; GRAFFE QUARTET<\/p>\n<p>Ottorino Respighi, Paul Hindemith, Viktor Ullmann, Milo\u0161 \u0160t\u011bdro\u0148, and Terezie \u0160varcov\u00e1<\/p>\n","protected":false},"author":18,"featured_media":4615,"template":"","meta":{"neve_meta_sidebar":"","neve_meta_container":"","neve_meta_enable_content_width":"","neve_meta_content_width":0,"neve_meta_title_alignment":"","neve_meta_author_avatar":"","neve_post_elements_order":"","neve_meta_disable_header":"","neve_meta_disable_footer":"","neve_meta_disable_title":"","neve_meta_reading_time":"","_EventAllDay":false,"_EventTimezone":"Europe\/Prague","_EventStartDate":"2023-10-22 19:30:00","_EventEndDate":"2023-10-22 19:30:00","_EventStartDateUTC":"2023-10-22 17:30:00","_EventEndDateUTC":"2023-10-22 17:30:00","_EventShowMap":false,"_EventShowMapLink":true,"_EventURL":"https:\/\/goout.net\/en\/tickets\/smycce-pisnim-slusi\/hsdt\/","_EventCost":"","_EventCostDescription":"","_EventCurrencySymbol":"CZK","_EventCurrencyCode":"","_EventCurrencyPosition":"","_EventDateTimeSeparator":"","_EventTimeRangeSeparator":"","_EventOrganizerID":[],"_EventVenueID":[3792],"_OrganizerEmail":"","_OrganizerPhone":"","_OrganizerWebsite":"","_VenueAddress":"","_VenueCity":"","_VenueCountry":"","_VenueProvince":"","_VenueState":"","_VenueZip":"","_VenuePhone":"","_VenueURL":"","_VenueStateProvince":"","_VenueLat":"","_VenueLng":"","_VenueShowMap":false,"_VenueShowMapLink":false,"_themeisle_gutenberg_block_has_review":false,"_tribe_events_status":"","_tribe_events_status_reason":"","footnotes":""},"tags":[],"tribe_events_cat":[],"class_list":["post-4619","tribe_events","type-tribe_events","status-publish","has-post-thumbnail","hentry"],"_links":{"self":[{"href":"https:\/\/liedercompany.cz\/en\/wp-json\/wp\/v2\/tribe_events\/4619","targetHints":{"allow":["GET"]}}],"collection":[{"href":"https:\/\/liedercompany.cz\/en\/wp-json\/wp\/v2\/tribe_events"}],"about":[{"href":"https:\/\/liedercompany.cz\/en\/wp-json\/wp\/v2\/types\/tribe_events"}],"author":[{"embeddable":true,"href":"https:\/\/liedercompany.cz\/en\/wp-json\/wp\/v2\/users\/18"}],"version-history":[{"count":0,"href":"https:\/\/liedercompany.cz\/en\/wp-json\/wp\/v2\/tribe_events\/4619\/revisions"}],"wp:featuredmedia":[{"embeddable":true,"href":"https:\/\/liedercompany.cz\/en\/wp-json\/wp\/v2\/media\/4615"}],"wp:attachment":[{"href":"https:\/\/liedercompany.cz\/en\/wp-json\/wp\/v2\/media?parent=4619"}],"wp:term":[{"taxonomy":"post_tag","embeddable":true,"href":"https:\/\/liedercompany.cz\/en\/wp-json\/wp\/v2\/tags?post=4619"},{"taxonomy":"tribe_events_cat","embeddable":true,"href":"https:\/\/liedercompany.cz\/en\/wp-json\/wp\/v2\/tribe_events_cat?post=4619"}],"curies":[{"name":"wp","href":"https:\/\/api.w.org\/{rel}","templated":true}]}}