{"id":4742,"date":"2023-06-22T09:44:37","date_gmt":"2023-06-22T07:44:37","guid":{"rendered":"https:\/\/liedercompany.cz\/event\/songs-of-the-romantic-masters\/"},"modified":"2023-10-02T22:10:50","modified_gmt":"2023-10-02T20:10:50","slug":"songs-of-romantic-masters","status":"publish","type":"tribe_events","link":"https:\/\/liedercompany.cz\/en\/event\/songs-of-romantic-masters\/","title":{"rendered":"Songs of Romantic Masters"},"content":{"rendered":"\n<h2 id=\"wp-block-themeisle-blocks-advanced-heading-b57e5834\" class=\"wp-block-themeisle-blocks-advanced-heading wp-block-themeisle-blocks-advanced-heading-b57e5834\">HROCHOV\u00c1 &amp; \u010cERVINEK &amp; \u0158EZN\u00cd\u010cEK &amp; STEHL\u00cdK<\/h2>\n\n\n\n<div id=\"wp-block-themeisle-blocks-advanced-columns-21c58472\" class=\"wp-block-themeisle-blocks-advanced-columns has-2-columns has-desktop-equal-layout has-tablet-equal-layout has-mobile-collapsedRows-layout has-vertical-unset has-light-bg\"><div class=\"wp-block-themeisle-blocks-advanced-columns-overlay\"><\/div><div class=\"innerblocks-wrap\">\n<div id=\"wp-block-themeisle-blocks-advanced-column-4b57c752\" class=\"wp-block-themeisle-blocks-advanced-column\"><div class=\"wp-block-themeisle-blocks-advanced-column-overlay\"><\/div>\n<p>It would surely be a great mistake to omit the anniversary of <strong>Johannes Brahms<\/strong> (1833 &#8211; 1897), whose song output is as fundamental as his chamber or symphonic works, in 2023. For this concert, we have therefore chosen the lesser-performed works of this great Romantic composer and supplemented them with other works by the jubilee Romantic composers <strong>Edvard Hagerup Grieg<\/strong> (1843-1907) and <strong>Max Reger<\/strong> (1873-1916). The work of the latter is virtually unknown in this country, and his songs may never have been heard in Bohemia. The programme will surprisingly conclude pieces by seldomly performed but interesting composers <strong>Frank Bridge<\/strong>  (1879 \u2013 1941) and <strong>Adolph Busch<\/strong> (1839 \u2013 1913).<\/p>\n\n\n\n<p>These romantic song gems will be performed by leading Czech mezzo-soprano <strong>Jana Hrochov\u00e1<\/strong>, young promising baritone <strong>Robin \u010cervinek,<\/strong> violist <strong>Jan \u0158ezn\u00ed\u010dek<\/strong> and pianist <strong>Bohum\u00edr Stehl\u00edk<\/strong>.<\/p>\n\n\n\n<p>The concert will take place in the sought-after pleasant environment of Club Salsita in Sm\u00edchov.<\/p>\n\n\n\n<p>The compositions will be performed in the original languages and accompanied by Czech subtitles.<\/p>\n<\/div>\n\n\n\n<div id=\"wp-block-themeisle-blocks-advanced-column-c0203347\" class=\"wp-block-themeisle-blocks-advanced-column\"><div class=\"wp-block-image animated fadeIn slower\">\n<figure class=\"aligncenter size-large\"><img fetchpriority=\"high\" decoding=\"async\" width=\"1024\" height=\"662\" src=\"https:\/\/liedercompany.cz\/wp-content\/uploads\/2023\/06\/Hrochova_Cervinek-1024x662.jpg\" alt=\"\" class=\"wp-image-4733\" title=\"\" srcset=\"https:\/\/liedercompany.cz\/wp-content\/uploads\/2023\/06\/Hrochova_Cervinek-1024x662.jpg 1024w, https:\/\/liedercompany.cz\/wp-content\/uploads\/2023\/06\/Hrochova_Cervinek-300x194.jpg 300w, https:\/\/liedercompany.cz\/wp-content\/uploads\/2023\/06\/Hrochova_Cervinek-768x497.jpg 768w, https:\/\/liedercompany.cz\/wp-content\/uploads\/2023\/06\/Hrochova_Cervinek-1536x993.jpg 1536w, https:\/\/liedercompany.cz\/wp-content\/uploads\/2023\/06\/Hrochova_Cervinek-2048x1324.jpg 2048w, https:\/\/liedercompany.cz\/wp-content\/uploads\/2023\/06\/Hrochova_Cervinek-200x129.jpg 200w, https:\/\/liedercompany.cz\/wp-content\/uploads\/2023\/06\/Hrochova_Cervinek-600x388.jpg 600w\" sizes=\"(max-width: 1024px) 100vw, 1024px\" \/><\/figure>\n<\/div>\n\n\n<div style=\"height:10px\" aria-hidden=\"true\" class=\"wp-block-spacer\"><\/div>\n\n\n\n<div id=\"wp-block-themeisle-blocks-advanced-columns-58ee6e66\" class=\"wp-block-themeisle-blocks-advanced-columns has-1-columns has-desktop-equal-layout has-tablet-equal-layout has-mobile-equal-layout has-vertical-unset\"><div class=\"wp-block-themeisle-blocks-advanced-columns-overlay\"><\/div><div class=\"innerblocks-wrap\">\n<div id=\"wp-block-themeisle-blocks-advanced-column-727ba837\" class=\"wp-block-themeisle-blocks-advanced-column\"><div  class=\"tribe-events-schedule tribe-clearfix\" >\n\t<p class=\"tribe-events-schedule__datetime\">\n\t\t<span class=\"tribe-events-schedule__date tribe-events-schedule__date--start\">\n\t\t\t10 \/ 12 \/ 2023\t\t<\/span>\n\n\t\t\t\t\t<span class=\"tribe-events-schedule__separator tribe-events-schedule__separator--date\">\n\t\t\t\t at \t\t\t<\/span>\n\t\t\t<span class=\"tribe-events-schedule__time tribe-events-schedule__time--start\">\n\t\t\t\t19:30\t\t\t<\/span>\n\t\t\n\t\t\t<\/p>\n<\/div>\n<\/div>\n<\/div><\/div>\n\n\n\n<h3 id=\"wp-block-themeisle-blocks-advanced-heading-d69a83b3\" class=\"wp-block-themeisle-blocks-advanced-heading wp-block-themeisle-blocks-advanced-heading-d69a83b3\">Salsita Club, Prague \u2013 Sm\u00edchov<\/h3>\n\n\n\n<h4 id=\"wp-block-themeisle-blocks-advanced-heading-6781cfa3\" class=\"wp-block-themeisle-blocks-advanced-heading wp-block-themeisle-blocks-advanced-heading-6781cfa3\"><\/h4>\n<\/div>\n<\/div><\/div>\n\n\n\n<div style=\"height:25px\" aria-hidden=\"true\" class=\"wp-block-spacer\"><\/div>\n\n\n<div  class=\"tribe-block tribe-block__event-website\" >\n\t<a href=\"https:\/\/goout.net\/en\/tickets\/pisne-mistru-romantismu\/isdt\/\" target=\"_self\" rel=\"noopener\">\n\t\tBuy tickets\t<\/a>\n<\/div>\n\n\n\n<div id=\"wp-block-themeisle-blocks-advanced-columns-2e61e71c\" class=\"wp-block-themeisle-blocks-advanced-columns has-1-columns has-desktop-equal-layout has-tablet-equal-layout has-mobile-collapsedRows-layout has-vertical-unset\"><div class=\"wp-block-themeisle-blocks-advanced-columns-overlay\"><\/div><div class=\"innerblocks-wrap\">\n<div id=\"wp-block-themeisle-blocks-advanced-column-d9cd90cf\" class=\"wp-block-themeisle-blocks-advanced-column\"><div class=\"wp-block-themeisle-blocks-advanced-column-overlay\"><\/div>\n<div class=\"wp-block-group\"><div class=\"wp-block-group__inner-container is-layout-constrained wp-block-group-is-layout-constrained\">\n<h2 id=\"wp-block-themeisle-blocks-advanced-heading-49b8c093\" class=\"wp-block-themeisle-blocks-advanced-heading wp-block-themeisle-blocks-advanced-heading-49b8c093\">Programme:<\/h2>\n\n\n\n<div id=\"wp-block-themeisle-blocks-icon-list-ef734a21\" class=\"wp-block-themeisle-blocks-icon-list\">\n<div id=\"wp-block-themeisle-blocks-icon-list-item-82e1579f\" class=\"wp-block-themeisle-blocks-icon-list-item\"><i class=\"fas fa-angle-double-right wp-block-themeisle-blocks-icon-list-item-icon-custom\"><\/i><p class=\"wp-block-themeisle-blocks-icon-list-item-content\">Johannes Brahms: <em>2 Gesange, Op. 91 for voice, viola and piano; 4 Duets, Op.28 for mezzo-soprano, baritone and piano<\/em><\/p><\/div>\n\n\n\n<div id=\"wp-block-themeisle-blocks-icon-list-item-92ac6da7\" class=\"wp-block-themeisle-blocks-icon-list-item\"><i class=\"fas fa-angle-double-right wp-block-themeisle-blocks-icon-list-item-icon-custom\"><\/i><p class=\"wp-block-themeisle-blocks-icon-list-item-content\">Edward Hagerup Grieg: <em>Six Songs, op. 4;<\/em> <em>Melody of the Heart, Op.5<\/em><\/p><\/div>\n\n\n\n<div id=\"wp-block-themeisle-blocks-icon-list-item-1c399367\" class=\"wp-block-themeisle-blocks-icon-list-item\"><i class=\"fas fa-angle-double-right wp-block-themeisle-blocks-icon-list-item-icon-custom\"><\/i><p class=\"wp-block-themeisle-blocks-icon-list-item-content\">Max Reger: <em>Five Songs, Op. 98<\/em><\/p><\/div>\n\n\n\n<div id=\"wp-block-themeisle-blocks-icon-list-item-391a4cf3\" class=\"wp-block-themeisle-blocks-icon-list-item\"><i class=\"fas fa-angle-double-right wp-block-themeisle-blocks-icon-list-item-icon-custom\"><\/i><p class=\"wp-block-themeisle-blocks-icon-list-item-content\">Frank Bridge: Three Songs for voice, viola and piano<\/p><\/div>\n\n\n\n<div id=\"wp-block-themeisle-blocks-icon-list-item-773b481f\" class=\"wp-block-themeisle-blocks-icon-list-item\"><i class=\"fas fa-angle-double-right wp-block-themeisle-blocks-icon-list-item-icon-custom\"><\/i><p class=\"wp-block-themeisle-blocks-icon-list-item-content\">Adolph Busch: <em>Three Songs for voice, viola and piano<\/em><\/p><\/div>\n<\/div>\n<\/div><\/div>\n<\/div>\n<\/div><\/div>\n\n\n\n<div class=\"wp-block-group\"><div class=\"wp-block-group__inner-container is-layout-constrained wp-block-group-is-layout-constrained\">\n<h2 id=\"wp-block-themeisle-blocks-advanced-heading-d4a8cef3\" class=\"wp-block-themeisle-blocks-advanced-heading wp-block-themeisle-blocks-advanced-heading-d4a8cef3\">Performers:<\/h2>\n\n\n\n<div id=\"wp-block-themeisle-blocks-accordion-22ba6274\" class=\"wp-block-themeisle-blocks-accordion exclusive is-style-default\">\n<details class=\"wp-block-themeisle-blocks-accordion-item\"><summary class=\"wp-block-themeisle-blocks-accordion-item__title\"><div>Jana Hrochov\u00e1 \u2013 mezzo-soprano<\/div><\/summary><div class=\"wp-block-themeisle-blocks-accordion-item__content\"><div class=\"wp-block-image animated fadeIn slower\">\n<figure class=\"alignleft size-large is-resized\"><img decoding=\"async\" src=\"https:\/\/liedercompany.cz\/wp-content\/uploads\/2021\/12\/0LB9835-Edit-669x1024.jpg\" alt=\"\" class=\"wp-image-1007\" style=\"width:300px\" width=\"300\" title=\"\" srcset=\"https:\/\/liedercompany.cz\/wp-content\/uploads\/2021\/12\/0LB9835-Edit-669x1024.jpg 669w, https:\/\/liedercompany.cz\/wp-content\/uploads\/2021\/12\/0LB9835-Edit-196x300.jpg 196w, https:\/\/liedercompany.cz\/wp-content\/uploads\/2021\/12\/0LB9835-Edit-768x1176.jpg 768w, https:\/\/liedercompany.cz\/wp-content\/uploads\/2021\/12\/0LB9835-Edit-300x459.jpg 300w, https:\/\/liedercompany.cz\/wp-content\/uploads\/2021\/12\/0LB9835-Edit-600x918.jpg 600w, https:\/\/liedercompany.cz\/wp-content\/uploads\/2021\/12\/0LB9835-Edit.jpg 980w\" sizes=\"(max-width: 669px) 100vw, 669px\" \/><\/figure>\n<\/div>\n\n\n<p>The mezzo-soprano <strong>Jana Hrochov\u00e1<\/strong> (Wallingerov\u00e1), n\u00e9e \u0160tef\u00e1\u010dkov\u00e1, gained her first singing experience in a children\u2019s choir in the Moravian town of \u0160umperk. She studied at the Prague Conservatory with Jarmila Kr\u00e1sov\u00e1 from 1993 to 1999. In 2001, she began studying privately with the soprano Natalia Romanov\u00e1. In 1998, she came in second at the Czech Conservatories Singing Contest. Her first engagements took place at the Opera Mozart in Prague between 1997 and 2000, extending her activities to ancient music (with Ars Cameralis) and folk music (with the Muzika Jara ensemble).&nbsp;In 2000, Mrs Hrochov\u00e1 was invited to join the opera company of the National Theatre in Brno, Czech Republic. The repertoire she sang in Brno includes Carmen (Carmen), Laura (La Gioconda), Kate (The Devil and Kate), Rosina (Il barbiere di Siviglia), Suzuki (Madame Butterfly), The Fox (The Cunning Little Vixen), Varvara (Katja Kabanova), Fenena (Nabucco), H\u00e4nsel (H\u00e4nsel and Gretel), Nicklausse (The Tales of Hoffmann) and others. Guest performances have taken the young mezzo to a number of opera houses, such as the Prague National Theatre, Prague State Opera, Plze\u0148, \u00dast\u00ed nad Labem, Liberec, Ostrava, Olomouc (Czech Republic), State Theatre Ko\u0161ice (Slovakia) and Theatre Freiburg (Germany). Mrs Hrochov\u00e1\u2019s concert activities are an essential part of her repertoire and have brought her together with some leading Czech and foreign orchestras, such as the BBC Symphony Orchestra, Tokyo Metropolitan Symphony Orchestra, Czech Philharmonic, Prague Symphony Orchestra FOK, Prague Radio Symphonic Orchestra, Brno Philharmonic Orchestra, Prague Chamber Philharmonic Orchestra, Jan\u00e1\u010dek Philharmonic Orchestra, Bohuslav Martin\u016f Philharmonic Orchestra and others. She works with conductors such as Ji\u0159\u00ed B\u011blohl\u00e1vek, Serge Baudo, Gerd Albrecht, Manfred Honeck, Ondrej Len\u00e1rd, Petr Altrichter, Jakub Hr\u016f\u0161a, Leo\u0161 Sv\u00e1rovsk\u00fd, Tom\u00e1\u0161 Hanus, Andrej Borejko, Dennis Russell Davies and others. Mrs Hrochov\u00e1&nbsp; often makes guest appearances at opera houses and concert stages outside the Czech Republic (Great Britain, Japan, China, Spain, Mexico, Greece, Netherlands, Austria, Germany and Italy).&nbsp;In 2011, she sang the alto solo in Dvorak\u2019s Requiem mass at a state funeral of Vaclav Havel. The Brno National Theatre awarded her with the DIVA 2005, 2008 and 2010 Award. In 2012, she was nominated for the Thalia award for her role as Dulcin\u00e9e in Massenet\u2019s Don Quichotte in a production of the F. X. \u0160alda Theatre in Liberec. In 2013, she was nominated for the Thalia award for her role as Hermia in Britten\u2019s Midsummer Night\u2019s Dream in a production of The Brno National Theatre. In 2011 and 2018 she recorded songs by Bohuslav Martin\u016f for Naxos Records. In 2014, she was invited to perform the role of Carmen in the Theatre Freiburg, Germany. In 2016, she made her BBC Proms debut at the Royal Albert Hall in London.<\/p>\n\n\n\n<p class=\"has-text-align-right\"><a href=\"https:\/\/www.janahrochova.cz\/\" target=\"_blank\" rel=\"noreferrer noopener\">www.janahrochova.cz\/<\/a><\/p>\n<\/div><\/details>\n\n\n\n<details class=\"wp-block-themeisle-blocks-accordion-item\"><summary class=\"wp-block-themeisle-blocks-accordion-item__title\"><div>Robin \u010cervinek \u2013 baritone<\/div><\/summary><div class=\"wp-block-themeisle-blocks-accordion-item__content\"><div class=\"wp-block-image animated fadeIn slower\">\n<figure class=\"alignleft size-large is-resized\"><img decoding=\"async\" src=\"https:\/\/liedercompany.cz\/wp-content\/uploads\/2021\/12\/2018-11-01-0125-683x1024.jpg\" alt=\"\" class=\"wp-image-1015\" style=\"width:280px\" width=\"280\" title=\"\" srcset=\"https:\/\/liedercompany.cz\/wp-content\/uploads\/2021\/12\/2018-11-01-0125-683x1024.jpg 683w, https:\/\/liedercompany.cz\/wp-content\/uploads\/2021\/12\/2018-11-01-0125-200x300.jpg 200w, https:\/\/liedercompany.cz\/wp-content\/uploads\/2021\/12\/2018-11-01-0125-768x1151.jpg 768w, https:\/\/liedercompany.cz\/wp-content\/uploads\/2021\/12\/2018-11-01-0125-1025x1536.jpg 1025w, https:\/\/liedercompany.cz\/wp-content\/uploads\/2021\/12\/2018-11-01-0125-300x450.jpg 300w, https:\/\/liedercompany.cz\/wp-content\/uploads\/2021\/12\/2018-11-01-0125-600x899.jpg 600w, https:\/\/liedercompany.cz\/wp-content\/uploads\/2021\/12\/2018-11-01-0125.jpg 1281w\" sizes=\"(max-width: 683px) 100vw, 683px\" \/><\/figure>\n<\/div>\n\n\n<p><strong>Robin \u010cervinek<\/strong> was born in Kyjov, where he also started singing at the Basic Arts School. He attended private lessons with David Szendiuch, a soloist of the National Theatre in Olomouc. In 2021, he completed his master&#8217;s degree at the Jan\u00e1\u010dek Academy of Performing Arts in Brno in Zden\u011bk \u0160muka\u0159\u2019s class. He has also been a student at the Universit\u00e4t f\u00fcr Musik und darstellende Kunst in Vienna since 2020, where he studies with Prof. Margit Klaushofer. During his studies, he has participated in several international performance courses with international artists and teachers such as Adam Plachetka, Kate\u0159ina Kn\u011b\u017e\u00edkov\u00e1, Thomas Steinh\u00f6fel, Singfried Goritz, Irena Sylya and Amelia Felle.<\/p>\n\n\n\n<p>He has performed the following roles in the chamber opera at the Orl\u00ed Theatre in Brno: The King in Orff\u2019s opera&nbsp;<i>Die Kluge<\/i>, The Poet in the contemporary opera&nbsp;<i>Unknown<\/i>&nbsp;by Daniel \u0160imek, The Count in&nbsp;<i>Il Matrimonio Segreto<\/i>&nbsp;by Domenico Cimarosa and The Count in Mozart\u2019s opera&nbsp;<i>The Marriage of Figaro<\/i>. At the Sch\u00f6nbrunn Palace Theatre in Vienna he performed the role of Harlequin in Strauss\u2019s&nbsp;<i>Ariadne auf Naxos<\/i>.<\/p>\n\n\n\n<p>He has also taken part in several international competitions. In 2018 he was the overall winner of the Prague Singer competition. He won 2nd prize at the Anton\u00edn Dvo\u0159\u00e1k International Singing Competition in Karlovy Vary, where he also won numerous special prizes, such as the Jan Lucembursk\u00fd Prize, the Beno Blachut Prize, the Vil\u00e9m Z\u00edtek Prize and the Milan B\u00fcrger Prize. His other competition successes include 2nd place at the Dusek Performance Competition. In May 2019, he won 2nd prize at the Iuventus Canti competition. In 2021, he won 2nd prize at the Iuventus Canti competition and was a laureate of the Mikulas Schneider-Trnavsky International Competition. In November 2021 he was the winner of the Bohuslav Martin\u016f Foundation Competition, where he also won three special prizes.  Since the 2021\/2022 season he has been a member of the opera studio of the Slovak National Theatre in Bratislava. He also makes guest appearances at the National Theatre in Brno and the National Theatre in Ostrava.<\/p>\n<\/div><\/details>\n\n\n\n<details class=\"wp-block-themeisle-blocks-accordion-item\"><summary class=\"wp-block-themeisle-blocks-accordion-item__title\"><div>Jan \u0158ezn\u00ed\u010dek \u2013 viola<\/div><\/summary><div class=\"wp-block-themeisle-blocks-accordion-item__content\"><div class=\"wp-block-image animated fadeIn slower\">\n<figure class=\"alignleft size-full is-resized\"><img decoding=\"async\" src=\"https:\/\/liedercompany.cz\/wp-content\/uploads\/2023\/06\/reznicek.jpg\" alt=\"\" class=\"wp-image-4735\" style=\"width:280px\" width=\"280\" title=\"\"><\/figure>\n<\/div>\n\n\n<p><strong>Jan \u0158ezn\u00ed\u010dek<\/strong> first studied violin at both the Conservatory and the Jan\u00e1\u010dek Academy of Performing Arts and later extended his studies at the latter institution to include the viola. \u0158ezn\u00ed\u010dek worked briefly as a violinist in the Brno State Philharmonic Orchestra and as a second violinist and violist in the Moravian Quartet before returning to the Brno State Philharmonic to take up the position of violist. \u0158ezn\u00ed\u010dek has, however, also collaborated with other major ensembles from home and abroad, such as the Bohuslav Martin\u016f Philharmonic; the Brno Philharmonic; the Moravian Chamber Orchestra; the Talich Chamber Orchestra and the Toronto Sinfonietta; as well as with conductors of both illustrious and less illustrious names, including other fellow instrumentalists. \u0158ezn\u00ed\u010dek regularly performs with pianists Ji\u0159ina Kolmanov\u00e1 and Eduard Sp\u00e1\u010dil, either with them or with other colleagues, to regularly premiere selected works by Czech or foreign contemporary composers. Currently, \u0158ezn\u00ed\u010dek is mainly associated with the Jan\u00e1\u010dek Quartet, with whom he performs on concert stages and on international tours, but he also finds time for his own solo viola recitals in front of audiences at home and abroad. \u0158ezn\u00ed\u010dek continues to work with the latter group, has recorded countless albums and has travelled to several countries.<\/p>\n\n\n\n<p>In addition to his artistic activities, Jan \u0158ezn\u00ed\u010dek also teaches at both the Brno Conservatory and the Jan\u00e1\u010dek Academy of Performing Arts, under whose wing he served as professor of chamber music. In addition to his educational activities, \u0158ezn\u00ed\u010dek also teaches new young candidates for musical education at instrumental courses in Turnov or Nov\u00e9 M\u011bsto na Morav\u011b, or sits on juries of competitions at conservatories and primary art schools. For years Jan \u0158ezn\u00ed\u010dek has been associated mainly with performing with the Jan\u00e1\u010dek Quartet or with his own solo recitals.<\/p>\n\n\n\n<hr class=\"wp-block-separator has-alpha-channel-opacity\"\/>\n<\/div><\/details>\n\n\n\n<details class=\"wp-block-themeisle-blocks-accordion-item\"><summary class=\"wp-block-themeisle-blocks-accordion-item__title\"><div>Bohum\u00edr Stehl\u00edk \u2013 piano<\/div><\/summary><div class=\"wp-block-themeisle-blocks-accordion-item__content\"><div class=\"wp-block-image\">\n<figure class=\"alignleft size-large is-resized\"><img decoding=\"async\" src=\"https:\/\/liedercompany.cz\/wp-content\/uploads\/2023\/06\/DSC07016-1024x683.jpg\" alt=\"\" class=\"wp-image-4739\" style=\"width:300px\" width=\"300\" title=\"\" srcset=\"https:\/\/liedercompany.cz\/wp-content\/uploads\/2023\/06\/DSC07016-1024x683.jpg 1024w, https:\/\/liedercompany.cz\/wp-content\/uploads\/2023\/06\/DSC07016-300x200.jpg 300w, https:\/\/liedercompany.cz\/wp-content\/uploads\/2023\/06\/DSC07016-768x512.jpg 768w, https:\/\/liedercompany.cz\/wp-content\/uploads\/2023\/06\/DSC07016-1536x1024.jpg 1536w, https:\/\/liedercompany.cz\/wp-content\/uploads\/2023\/06\/DSC07016-2048x1365.jpg 2048w, https:\/\/liedercompany.cz\/wp-content\/uploads\/2023\/06\/DSC07016-930x620.jpg 930w, https:\/\/liedercompany.cz\/wp-content\/uploads\/2023\/06\/DSC07016-200x133.jpg 200w, https:\/\/liedercompany.cz\/wp-content\/uploads\/2023\/06\/DSC07016-600x400.jpg 600w\" sizes=\"(max-width: 1024px) 100vw, 1024px\" \/><\/figure>\n<\/div>\n\n\n<p><strong>Bohum\u00edr Stehl\u00edk<\/strong> is one of the foremost Czech pianists of the younger generation. He has distinguished himself both as a soloist and chamber music player, having developed a sensitive instrumental skill and great musical expressive power. <\/p>\n\n\n\n<p>Bohum\u00edr\u2019s music education started at an early age at the Music Gymnasium in Prague under Irina Kondrat\u011bnko and later on at the Academy of Performing Arts in Prague under Franti\u0161ek Mal\u00fd. From 2011 to 2016 he studied under well-know Swedish pianist Mats Widlund at Edsberg Music Institute, part of the Royal Academy in Stockholm and one of the most prestigious music academies of Northern Europe. He has been awarded various prizes in many international solo competitions (e.g. Ljunggrenska t\u00e4vlingen \u2013 1st prize, Stockholm International Music Competition \u2013 2nd price, Virtuosi per Musica di Pianoforte \u2013 1st prize, Concertino Praga \u2013 1st prize etc.). Bohumir also obtained the Yamaha Scholarship Award and the prestigious KMA Swedish National Scholarship for both solo piano, chamber music and accompaniment (maximal sum reached in 2015). A member of Duo du R\u00eave, Bohum\u00edr and flautist Jana Jarkovsk\u00e1 won prizes in various competitions of music ensembles (Chieri International Music Competition \u201cCitta di Chieri\u201d \u2013 1st prize, Val Tidone International Chamber Music Competition \u2013 1st prize, Salieri-Zinneti Chamber Music Competition \u2013 3rd prize, winner of ProMusicis International Award in France, winner of ISA Challenge and Open Awards in Austria etc.). He also recorded several CDs with Jana Jarkovska. Outside Duo du R\u00eave, he collaborates with violinist Mark\u00e9ta Janou\u0161kov\u00e1 and is also a member of D\u2019Accord chamber music ensemble.<\/p>\n\n\n\n<p>In addition to his concert activities, he collaborates with Czech Radio. Bohum\u00edr also works in productions for the Povale\u010d Music Festival (CZ) and the \u201eD\u2019Accord, Das Klassikfestival\u201c in (D), where he also leads the masterclass. He worked as a teacher at the Ingesund Academy of Music at Karlstad University in Sweden and since October 2016 has also been teaching at the Jan\u00e1\u010dek Academy of Music and Performing Arts in Brno. Bohum\u00edr works as a regenschori in the Church of the Name of the Virgin Mary in K\u0159tiny (CZ).<\/p>\n\n\n\n<p class=\"has-text-align-right\"><a href=\"http:\/\/www.bohumirstehlik.com\/\" target=\"_blank\" rel=\"noreferrer noopener\">www.bohumirstehlik.com<\/a><\/p>\n<\/div><\/details>\n<\/div>\n<\/div><\/div>\n\n\n\n<div style=\"height:29px\" aria-hidden=\"true\" class=\"wp-block-spacer\"><\/div>\n\n\n\n<div id=\"wp-block-themeisle-blocks-advanced-columns-7d84338f\" class=\"wp-block-themeisle-blocks-advanced-columns has-1-columns has-desktop-equal-layout has-tablet-equal-layout has-mobile-equal-layout has-vertical-unset\"><div class=\"wp-block-themeisle-blocks-advanced-columns-overlay\"><\/div><div class=\"innerblocks-wrap\">\n<div id=\"wp-block-themeisle-blocks-advanced-column-1f0df171\" class=\"wp-block-themeisle-blocks-advanced-column\">\n<h3 id=\"wp-block-themeisle-blocks-advanced-heading-ff290f5e\" class=\"wp-block-themeisle-blocks-advanced-heading wp-block-themeisle-blocks-advanced-heading-ff290f5e\">Venue:<\/h3>\n\n\n\n<div id=\"wp-block-themeisle-blocks-advanced-columns-291ddd9a\" class=\"wp-block-themeisle-blocks-advanced-columns has-1-columns has-desktop-equal-layout has-tablet-equal-layout has-mobile-equal-layout has-vertical-unset\"><div class=\"wp-block-themeisle-blocks-advanced-columns-overlay\"><\/div><div class=\"innerblocks-wrap\">\n<div id=\"wp-block-themeisle-blocks-advanced-column-409ad7fd\" class=\"wp-block-themeisle-blocks-advanced-column\"><div  class=\"tribe-block tribe-block__venue tribe-clearfix\" >\n\t\n\t\n<div class=\"tribe-block__venue__meta\">\n\t<div class=\"tribe-block__venue__name\">\n\t\t<h3>Salsita Club<\/h3>\n\t<\/div>\n\n\t\n\t\t\t\t\t\t<address class=\"tribe-block__venue__address\">\n\t\t\t\t<span class=\"tribe-address\">\n\n<span class=\"tribe-street-address\">\u0160tef\u00e1nikova 25<\/span>\n\t\n\t\t<br>\n\t\t<span class=\"tribe-locality\">Praha 5<\/span><span class=\"tribe-delimiter\">,<\/span>\n\n\n\t<span class=\"tribe-postal-code\">15000<\/span>\n\n\t<span class=\"tribe-country-name\">\u010cesk\u00e1 republika<\/span>\n\n<\/span>\n\n\t\t\t\t\t\t\t<\/address>\n\t\t\n\t\t\n\t\t\t\t\t<span class=\"tribe-block__venue__website\"><a href=\"https:\/\/www.salsitaclub.com\/\" target=\"_self\" rel=\"external noopener\">View Venue Website<\/a><\/span><br \/>\n\t\t\t\n\t<\/div>\n\t\n\t<\/div>\n<\/div>\n<\/div><\/div>\n<\/div>\n<\/div><\/div>\n","protected":false},"excerpt":{"rendered":"<p>HROCHOV\u00c1 &#038; \u010cERVINEK &#038; \u0158EZN\u00cd\u010cEK &#038; STEHL\u00cdK<\/p>\n<p>Johannes Brahms, Edvard Hagerup Grieg, Max Reger, Frank Bridge, and Adolph Busch<\/p>\n","protected":false},"author":18,"featured_media":4734,"template":"","meta":{"neve_meta_sidebar":"","neve_meta_container":"","neve_meta_enable_content_width":"","neve_meta_content_width":0,"neve_meta_title_alignment":"","neve_meta_author_avatar":"","neve_post_elements_order":"","neve_meta_disable_header":"","neve_meta_disable_footer":"","neve_meta_disable_title":"","neve_meta_reading_time":"","_EventAllDay":false,"_EventTimezone":"Europe\/Prague","_EventStartDate":"2023-12-10 19:30:00","_EventEndDate":"2023-12-10 19:30:00","_EventStartDateUTC":"2023-12-10 18:30:00","_EventEndDateUTC":"2023-12-10 18:30:00","_EventShowMap":false,"_EventShowMapLink":true,"_EventURL":"https:\/\/goout.net\/en\/tickets\/pisne-mistru-romantismu\/isdt\/","_EventCost":"","_EventCostDescription":"","_EventCurrencySymbol":"CZK","_EventCurrencyCode":"","_EventCurrencyPosition":"","_EventDateTimeSeparator":"","_EventTimeRangeSeparator":"","_EventOrganizerID":[],"_EventVenueID":[3792],"_OrganizerEmail":"","_OrganizerPhone":"","_OrganizerWebsite":"","_VenueAddress":"","_VenueCity":"","_VenueCountry":"","_VenueProvince":"","_VenueState":"","_VenueZip":"","_VenuePhone":"","_VenueURL":"","_VenueStateProvince":"","_VenueLat":"","_VenueLng":"","_VenueShowMap":false,"_VenueShowMapLink":false,"_themeisle_gutenberg_block_has_review":false,"_tribe_events_status":"","_tribe_events_status_reason":"","footnotes":""},"tags":[],"tribe_events_cat":[],"class_list":["post-4742","tribe_events","type-tribe_events","status-publish","has-post-thumbnail","hentry"],"_links":{"self":[{"href":"https:\/\/liedercompany.cz\/en\/wp-json\/wp\/v2\/tribe_events\/4742","targetHints":{"allow":["GET"]}}],"collection":[{"href":"https:\/\/liedercompany.cz\/en\/wp-json\/wp\/v2\/tribe_events"}],"about":[{"href":"https:\/\/liedercompany.cz\/en\/wp-json\/wp\/v2\/types\/tribe_events"}],"author":[{"embeddable":true,"href":"https:\/\/liedercompany.cz\/en\/wp-json\/wp\/v2\/users\/18"}],"version-history":[{"count":0,"href":"https:\/\/liedercompany.cz\/en\/wp-json\/wp\/v2\/tribe_events\/4742\/revisions"}],"wp:featuredmedia":[{"embeddable":true,"href":"https:\/\/liedercompany.cz\/en\/wp-json\/wp\/v2\/media\/4734"}],"wp:attachment":[{"href":"https:\/\/liedercompany.cz\/en\/wp-json\/wp\/v2\/media?parent=4742"}],"wp:term":[{"taxonomy":"post_tag","embeddable":true,"href":"https:\/\/liedercompany.cz\/en\/wp-json\/wp\/v2\/tags?post=4742"},{"taxonomy":"tribe_events_cat","embeddable":true,"href":"https:\/\/liedercompany.cz\/en\/wp-json\/wp\/v2\/tribe_events_cat?post=4742"}],"curies":[{"name":"wp","href":"https:\/\/api.w.org\/{rel}","templated":true}]}}