{"id":6791,"date":"2023-12-09T10:53:35","date_gmt":"2023-12-09T09:53:35","guid":{"rendered":"https:\/\/liedercompany.cz\/event\/benefit-concert-for-siriri\/"},"modified":"2024-01-21T16:52:21","modified_gmt":"2024-01-21T15:52:21","slug":"benefit-concert-for-siriri","status":"publish","type":"tribe_events","link":"https:\/\/liedercompany.cz\/en\/event\/benefit-concert-for-siriri\/","title":{"rendered":"Benefit Concert for SIRIRI"},"content":{"rendered":"\n<h2 id=\"wp-block-themeisle-blocks-advanced-heading-b57e5834\" class=\"wp-block-themeisle-blocks-advanced-heading wp-block-themeisle-blocks-advanced-heading-b57e5834\">TROUPOV\u00c1 &amp; HROCHOV\u00c1 &amp; \u0160EMBERA &amp; JAN\u00c1L &amp; STEHL\u00cdK<\/h2>\n\n\n\n<div id=\"wp-block-themeisle-blocks-advanced-columns-21c58472\" class=\"wp-block-themeisle-blocks-advanced-columns has-2-columns has-desktop-equal-layout has-tablet-equal-layout has-mobile-collapsedRows-layout has-vertical-unset has-light-bg\"><div class=\"wp-block-themeisle-blocks-advanced-columns-overlay\"><\/div><div class=\"innerblocks-wrap\">\n<div id=\"wp-block-themeisle-blocks-advanced-column-4b57c752\" class=\"wp-block-themeisle-blocks-advanced-column\"><div class=\"wp-block-themeisle-blocks-advanced-column-overlay\"><\/div>\n<p>They say music heals. We take this saying literally and try to use music to help where help is not usually available. Just like last year, we are entering the new year with a benefit concert in cooperation with <strong>Salsita s.r.o.<\/strong> This time we have established cooperation with the organization <strong>SIRIRI o.p.s.<\/strong>, which intensively helps in the Central African Republic. Read more below.<\/p>\n\n\n\n<p>Soprano <strong>Irena Troupov\u00e1<\/strong>, mezzo-soprano <strong>Jana Hrochov\u00e1<\/strong>, baritones <strong>Roman Jan\u00e1l<\/strong> and <strong>Vojt\u011bch \u0160embera<\/strong>, and pianists <strong>Bohum\u00edr Stehl\u00edk<\/strong> and <strong>Jan Du\u0161ek<\/strong> will all perform at the concert without any fee.<\/p>\n\n\n\n<p>The evening will be hosted by <strong>Jana Trojanov\u00e1<\/strong> and <strong>Milan Luk\u00e1\u0161 \u0160najdr<\/strong>.<\/p>\n\n\n\n<p>The entire collected entrance fee will be donated to SIRIRI o.p.s. to support <strong>the dialysis centre in Bangui<\/strong> run by doctor <strong>C\u00e9dric Ouanekpon<\/strong>, who will attend the concert in person.<\/p>\n\n\n\n<p>The concert will also feature the premiere of a short documentary film, <strong>Healing and Hope in the Heart of Africa<\/strong>, about the above mentioned doctor.<\/p>\n<\/div>\n\n\n\n<div id=\"wp-block-themeisle-blocks-advanced-column-c0203347\" class=\"wp-block-themeisle-blocks-advanced-column\"><div class=\"wp-block-image animated fadeIn slower\">\n<figure class=\"aligncenter size-full\"><img decoding=\"async\" width=\"929\" height=\"696\" src=\"https:\/\/liedercompany.cz\/wp-content\/uploads\/2023\/12\/IMG-20221227-WA0003.jpg\" alt=\"\" class=\"wp-image-6762\" title=\"\" srcset=\"https:\/\/liedercompany.cz\/wp-content\/uploads\/2023\/12\/IMG-20221227-WA0003.jpg 929w, https:\/\/liedercompany.cz\/wp-content\/uploads\/2023\/12\/IMG-20221227-WA0003-300x225.jpg 300w, https:\/\/liedercompany.cz\/wp-content\/uploads\/2023\/12\/IMG-20221227-WA0003-768x575.jpg 768w, https:\/\/liedercompany.cz\/wp-content\/uploads\/2023\/12\/IMG-20221227-WA0003-200x150.jpg 200w, https:\/\/liedercompany.cz\/wp-content\/uploads\/2023\/12\/IMG-20221227-WA0003-600x450.jpg 600w\" sizes=\"(max-width: 929px) 100vw, 929px\" \/><\/figure>\n<\/div>\n\n\n<div style=\"height:10px\" aria-hidden=\"true\" class=\"wp-block-spacer\"><\/div>\n\n\n\n<div id=\"wp-block-themeisle-blocks-advanced-columns-58ee6e66\" class=\"wp-block-themeisle-blocks-advanced-columns has-1-columns has-desktop-equal-layout has-tablet-equal-layout has-mobile-equal-layout has-vertical-unset\"><div class=\"wp-block-themeisle-blocks-advanced-columns-overlay\"><\/div><div class=\"innerblocks-wrap\">\n<div id=\"wp-block-themeisle-blocks-advanced-column-727ba837\" class=\"wp-block-themeisle-blocks-advanced-column\"><div  class=\"tribe-events-schedule tribe-clearfix\" >\n\t<p class=\"tribe-events-schedule__datetime\">\n\t\t<span class=\"tribe-events-schedule__date tribe-events-schedule__date--start\">\n\t\t\t28 \/ 1 \/ 2024\t\t<\/span>\n\n\t\t\t\t\t<span class=\"tribe-events-schedule__separator tribe-events-schedule__separator--date\">\n\t\t\t\t at \t\t\t<\/span>\n\t\t\t<span class=\"tribe-events-schedule__time tribe-events-schedule__time--start\">\n\t\t\t\t18:00\t\t\t<\/span>\n\t\t\n\t\t\t<\/p>\n<\/div>\n<\/div>\n<\/div><\/div>\n\n\n\n<h3 id=\"wp-block-themeisle-blocks-advanced-heading-d69a83b3\" class=\"wp-block-themeisle-blocks-advanced-heading wp-block-themeisle-blocks-advanced-heading-d69a83b3\">Salsita Club, Praha \u2013 Sm\u00edchov<\/h3>\n\n\n\n<h4 id=\"wp-block-themeisle-blocks-advanced-heading-6781cfa3\" class=\"wp-block-themeisle-blocks-advanced-heading wp-block-themeisle-blocks-advanced-heading-6781cfa3\"><\/h4>\n<\/div>\n<\/div><\/div>\n\n\n\n<div style=\"height:25px\" aria-hidden=\"true\" class=\"wp-block-spacer\"><\/div>\n\n\n\n<div id=\"wp-block-themeisle-blocks-accordion-68c7786a\" data-has-schema=\"false\" class=\"wp-block-themeisle-blocks-accordion exclusive icon-first has-icon has-open-icon has-light-active-title-bg\">\n<details class=\"wp-block-themeisle-blocks-accordion-item\"><summary class=\"wp-block-themeisle-blocks-accordion-item__title\"><div><strong>buy tickets<\/strong><\/div><\/summary><div class=\"wp-block-themeisle-blocks-accordion-item__content\">\n<p>Choose the ticket value according to your possibilities. If you wish to purchase a ticket in a different amount, please contact us at <a href=\"mailto:vstupenky@liedercompany.cz\" target=\"_blank\" rel=\"noreferrer noopener\">vstupenky@liedercompany.cz<\/a>. Thank you.<\/p>\n\n\n\n<!-- NOTE: add this in the <head> of the page -->\n<script src='https:\/\/connect.boomevents.org\/events\/v3\/widget.js'><\/script>\n<link rel='stylesheet' href='https:\/\/connect.boomevents.org\/events\/v3\/widget.css' \/>\n<script>\n  window.WIDGET_CONFIG = {\n      eventId: 'b283b447-53b6-4356-a42e-beb59d754746',\n      eventUrl: 'https:\/\/connect.boomevents.org\/event\/b283b447-53b6-4356-a42e-beb59d754746\/widget',\n      parentPageInitialUrl: window.location.href,\n      theme: {\n          colors: {\"gray\":[\"#FCFCFC\",\"#F7F7F7\",\"#EDEDED\",\"#FFFFFF\",\"#E2E2E2\",\"#838383\",\"#5B5B5B\",\"#3E3E3E\",\"#2E2E2E\",\"#212121\"],\"violet\":[\"#FFFFFF\",\"#FFFFFF\",\"#FFFFFF\",\"#FDFBF8\",\"#F0DFC5\",\"#E0BD89\",\"#DD9933\",\"#D1820B\",\"#9C6108\",\"#7F4F07\"],\"green\":[\"#E3FFED\",\"#C1FFDA\",\"#9FFFC9\",\"#5DF7A5\",\"#28E886\",\"#04D16C\",\"#00B25D\",\"#008B3D\",\"#006223\",\"#003B10\"],\"red\":[\"#FFE3E3\",\"#FED0D1\",\"#FD9596\",\"#F54F51\",\"#E51719\",\"#CC0002\",\"#AC0002\",\"#870002\",\"#600001\",\"#3B0001\"]}\n      },\n  };\n<\/script>\n\n<!--  NOTE: PLACE THIS <div> WHEREVER YOU WANT THE CHECKOUT WIDGET TO APPEAR -->\n<div class='sales-widget' data-config-property='WIDGET_CONFIG'><\/div>\n\n\n\n<div id=\"wp-block-themeisle-blocks-advanced-columns-c3d18fab\" class=\"wp-block-themeisle-blocks-advanced-columns has-2-columns has-desktop-oneTwo-layout has-tablet-equal-layout has-mobile-collapsedRows-layout has-vertical-center\"><div class=\"wp-block-themeisle-blocks-advanced-columns-overlay\"><\/div><div class=\"innerblocks-wrap\">\n<div id=\"wp-block-themeisle-blocks-advanced-column-3dfad6c8\" class=\"wp-block-themeisle-blocks-advanced-column\">\n<p class=\"has-text-align-right has-small-font-size\">Ticket sales are handled by<\/p>\n<\/div>\n\n\n\n<div id=\"wp-block-themeisle-blocks-advanced-column-4da6a433\" class=\"wp-block-themeisle-blocks-advanced-column\"><div class=\"wp-block-image\">\n<figure class=\"alignleft size-full is-resized\"><a href=\"https:\/\/connect.boomevents.org\/cs\/organizer\/1a39a071-d37e-4241-b5d8-bad0ecada1fb\" target=\"_blank\" rel=\"noreferrer noopener\"><img decoding=\"async\" width=\"990\" height=\"473\" src=\"https:\/\/liedercompany.cz\/wp-content\/uploads\/2023\/12\/BOOM-Events-logo-black.png\" alt=\"\" class=\"wp-image-6899\" style=\"width:80px\" title=\"\" srcset=\"https:\/\/liedercompany.cz\/wp-content\/uploads\/2023\/12\/BOOM-Events-logo-black.png 990w, https:\/\/liedercompany.cz\/wp-content\/uploads\/2023\/12\/BOOM-Events-logo-black-300x143.png 300w, https:\/\/liedercompany.cz\/wp-content\/uploads\/2023\/12\/BOOM-Events-logo-black-768x367.png 768w, https:\/\/liedercompany.cz\/wp-content\/uploads\/2023\/12\/BOOM-Events-logo-black-200x96.png 200w, https:\/\/liedercompany.cz\/wp-content\/uploads\/2023\/12\/BOOM-Events-logo-black-600x287.png 600w\" sizes=\"(max-width: 990px) 100vw, 990px\" \/><\/a><\/figure>\n<\/div><\/div>\n<\/div><\/div>\n<\/div><\/details>\n<\/div>\n\n\n\n<div id=\"wp-block-themeisle-blocks-advanced-columns-c7397dad\" class=\"wp-block-themeisle-blocks-advanced-columns has-2-columns has-desktop-equal-layout has-tablet-equal-layout has-mobile-collapsedRows-layout has-vertical-unset\"><div class=\"wp-block-themeisle-blocks-advanced-columns-overlay\"><\/div><div class=\"innerblocks-wrap\">\n<div id=\"wp-block-themeisle-blocks-advanced-column-103fcd8a\" class=\"wp-block-themeisle-blocks-advanced-column\"><div class=\"wp-block-themeisle-blocks-advanced-column-overlay\"><\/div>\n<h2 id=\"wp-block-themeisle-blocks-advanced-heading-49b8c093\" class=\"wp-block-themeisle-blocks-advanced-heading wp-block-themeisle-blocks-advanced-heading-49b8c093\">Whom are we helping?<\/h2>\n\n\n\n<div class=\"wp-block-group\"><div class=\"wp-block-group__inner-container is-layout-constrained wp-block-group-is-layout-constrained\">\n<h3 id=\"wp-block-themeisle-blocks-advanced-heading-4b75c820\" class=\"wp-block-themeisle-blocks-advanced-heading wp-block-themeisle-blocks-advanced-heading-4b75c820\">SIRIRI, o.p.s<\/h3>\n\n\n\n<p>SIRIRI is a Czech non-profit organization that helps Central Africans get back on their feet.<\/p>\n\n\n\n<p>Our mission is development aid to &#8220;donor orphans&#8221; &#8211; poor countries that are outside the interests of other organisations and official aid, but cannot do without outside help. Awareness and education for &#8220;development thinking&#8221; and consciousness of co-responsibility for the situation in Africa.<\/p>\n\n\n\n<p>We implement sustainable development projects in the Central African Republic (CAR) in collaboration with a reliable partner organization on the ground (the Genoese Province of the Barefoot Carmelites). The main goal of all SIRIRI projects is the resulting independence of the people of CAR from outside help &#8211; &#8220;helping them to stand on their own feet&#8221;. SIRIRI seeks to flourish the SAR&#8217;s own human and natural potential.<\/p>\n\n\n<style type=\"text\/css\">.otter-masonry .blocks-gallery-grid .blocks-gallery-item img{ width:100% }<\/style><div class=\"otter-masonry\" data-margin=\"10\">\n<figure class=\"wp-block-gallery has-nested-images columns-default is-cropped wp-block-gallery-1 is-layout-flex wp-block-gallery-is-layout-flex\">\n<figure class=\"wp-block-image size-large\"><a href=\"https:\/\/liedercompany.cz\/wp-content\/uploads\/2023\/12\/IMG_8518.jpg\" data-lbwps-width=\"1984\" data-lbwps-height=\"2976\" data-lbwps-srcsmall=\"https:\/\/liedercompany.cz\/wp-content\/uploads\/2023\/12\/IMG_8518-200x300.jpg\"><img loading=\"lazy\" decoding=\"async\" width=\"683\" height=\"1024\" data-id=\"6764\" src=\"https:\/\/liedercompany.cz\/wp-content\/uploads\/2023\/12\/IMG_8518-683x1024.jpg\" alt=\"\" class=\"wp-image-6764\" title=\"\" srcset=\"https:\/\/liedercompany.cz\/wp-content\/uploads\/2023\/12\/IMG_8518-683x1024.jpg 683w, https:\/\/liedercompany.cz\/wp-content\/uploads\/2023\/12\/IMG_8518-200x300.jpg 200w, https:\/\/liedercompany.cz\/wp-content\/uploads\/2023\/12\/IMG_8518-768x1152.jpg 768w, https:\/\/liedercompany.cz\/wp-content\/uploads\/2023\/12\/IMG_8518-1024x1536.jpg 1024w, https:\/\/liedercompany.cz\/wp-content\/uploads\/2023\/12\/IMG_8518-1365x2048.jpg 1365w, https:\/\/liedercompany.cz\/wp-content\/uploads\/2023\/12\/IMG_8518-133x200.jpg 133w, https:\/\/liedercompany.cz\/wp-content\/uploads\/2023\/12\/IMG_8518-300x450.jpg 300w, https:\/\/liedercompany.cz\/wp-content\/uploads\/2023\/12\/IMG_8518-600x900.jpg 600w, https:\/\/liedercompany.cz\/wp-content\/uploads\/2023\/12\/IMG_8518-scaled.jpg 1707w\" sizes=\"(max-width: 683px) 100vw, 683px\" \/><\/a><\/figure>\n\n\n\n<figure class=\"wp-block-image size-large\"><a href=\"https:\/\/liedercompany.cz\/wp-content\/uploads\/2023\/12\/20220419_102224.jpg\" data-lbwps-width=\"4624\" data-lbwps-height=\"3468\" data-lbwps-srcsmall=\"https:\/\/liedercompany.cz\/wp-content\/uploads\/2023\/12\/20220419_102224-300x225.jpg\"><img loading=\"lazy\" decoding=\"async\" width=\"1024\" height=\"768\" data-id=\"6776\" src=\"https:\/\/liedercompany.cz\/wp-content\/uploads\/2023\/12\/20220419_102224-1024x768.jpg\" alt=\"\" class=\"wp-image-6776\" title=\"\" srcset=\"https:\/\/liedercompany.cz\/wp-content\/uploads\/2023\/12\/20220419_102224-1024x768.jpg 1024w, https:\/\/liedercompany.cz\/wp-content\/uploads\/2023\/12\/20220419_102224-300x225.jpg 300w, https:\/\/liedercompany.cz\/wp-content\/uploads\/2023\/12\/20220419_102224-768x576.jpg 768w, https:\/\/liedercompany.cz\/wp-content\/uploads\/2023\/12\/20220419_102224-1536x1152.jpg 1536w, https:\/\/liedercompany.cz\/wp-content\/uploads\/2023\/12\/20220419_102224-2048x1536.jpg 2048w, https:\/\/liedercompany.cz\/wp-content\/uploads\/2023\/12\/20220419_102224-200x150.jpg 200w, https:\/\/liedercompany.cz\/wp-content\/uploads\/2023\/12\/20220419_102224-600x450.jpg 600w\" sizes=\"(max-width: 1024px) 100vw, 1024px\" \/><\/a><\/figure>\n\n\n\n<figure class=\"wp-block-image size-large\"><a href=\"https:\/\/liedercompany.cz\/wp-content\/uploads\/2023\/12\/20220419_102503.jpg\" data-lbwps-width=\"3468\" data-lbwps-height=\"4624\" data-lbwps-srcsmall=\"https:\/\/liedercompany.cz\/wp-content\/uploads\/2023\/12\/20220419_102503-225x300.jpg\"><img loading=\"lazy\" decoding=\"async\" width=\"768\" height=\"1024\" data-id=\"6766\" src=\"https:\/\/liedercompany.cz\/wp-content\/uploads\/2023\/12\/20220419_102503-768x1024.jpg\" alt=\"\" class=\"wp-image-6766\" title=\"\" srcset=\"https:\/\/liedercompany.cz\/wp-content\/uploads\/2023\/12\/20220419_102503-768x1024.jpg 768w, https:\/\/liedercompany.cz\/wp-content\/uploads\/2023\/12\/20220419_102503-225x300.jpg 225w, https:\/\/liedercompany.cz\/wp-content\/uploads\/2023\/12\/20220419_102503-1152x1536.jpg 1152w, https:\/\/liedercompany.cz\/wp-content\/uploads\/2023\/12\/20220419_102503-1536x2048.jpg 1536w, https:\/\/liedercompany.cz\/wp-content\/uploads\/2023\/12\/20220419_102503-150x200.jpg 150w, https:\/\/liedercompany.cz\/wp-content\/uploads\/2023\/12\/20220419_102503-300x400.jpg 300w, https:\/\/liedercompany.cz\/wp-content\/uploads\/2023\/12\/20220419_102503-600x800.jpg 600w, https:\/\/liedercompany.cz\/wp-content\/uploads\/2023\/12\/20220419_102503-scaled.jpg 1920w\" sizes=\"(max-width: 768px) 100vw, 768px\" \/><\/a><\/figure>\n\n\n\n<figure class=\"wp-block-image size-large\"><a href=\"https:\/\/liedercompany.cz\/wp-content\/uploads\/2023\/12\/20220419_103031.jpg\" data-lbwps-width=\"3468\" data-lbwps-height=\"4624\" data-lbwps-srcsmall=\"https:\/\/liedercompany.cz\/wp-content\/uploads\/2023\/12\/20220419_103031-225x300.jpg\"><img loading=\"lazy\" decoding=\"async\" width=\"768\" height=\"1024\" data-id=\"6770\" src=\"https:\/\/liedercompany.cz\/wp-content\/uploads\/2023\/12\/20220419_103031-768x1024.jpg\" alt=\"\" class=\"wp-image-6770\" title=\"\" srcset=\"https:\/\/liedercompany.cz\/wp-content\/uploads\/2023\/12\/20220419_103031-768x1024.jpg 768w, https:\/\/liedercompany.cz\/wp-content\/uploads\/2023\/12\/20220419_103031-225x300.jpg 225w, https:\/\/liedercompany.cz\/wp-content\/uploads\/2023\/12\/20220419_103031-1152x1536.jpg 1152w, https:\/\/liedercompany.cz\/wp-content\/uploads\/2023\/12\/20220419_103031-1536x2048.jpg 1536w, https:\/\/liedercompany.cz\/wp-content\/uploads\/2023\/12\/20220419_103031-150x200.jpg 150w, https:\/\/liedercompany.cz\/wp-content\/uploads\/2023\/12\/20220419_103031-300x400.jpg 300w, https:\/\/liedercompany.cz\/wp-content\/uploads\/2023\/12\/20220419_103031-600x800.jpg 600w, https:\/\/liedercompany.cz\/wp-content\/uploads\/2023\/12\/20220419_103031-scaled.jpg 1920w\" sizes=\"(max-width: 768px) 100vw, 768px\" \/><\/a><\/figure>\n\n\n\n<figure class=\"wp-block-image size-large\"><a href=\"https:\/\/liedercompany.cz\/wp-content\/uploads\/2023\/12\/20220419_103150.jpg\" data-lbwps-width=\"3468\" data-lbwps-height=\"4624\" data-lbwps-srcsmall=\"https:\/\/liedercompany.cz\/wp-content\/uploads\/2023\/12\/20220419_103150-225x300.jpg\"><img loading=\"lazy\" decoding=\"async\" width=\"768\" height=\"1024\" data-id=\"6767\" src=\"https:\/\/liedercompany.cz\/wp-content\/uploads\/2023\/12\/20220419_103150-768x1024.jpg\" alt=\"\" class=\"wp-image-6767\" title=\"\" srcset=\"https:\/\/liedercompany.cz\/wp-content\/uploads\/2023\/12\/20220419_103150-768x1024.jpg 768w, https:\/\/liedercompany.cz\/wp-content\/uploads\/2023\/12\/20220419_103150-225x300.jpg 225w, https:\/\/liedercompany.cz\/wp-content\/uploads\/2023\/12\/20220419_103150-1152x1536.jpg 1152w, https:\/\/liedercompany.cz\/wp-content\/uploads\/2023\/12\/20220419_103150-1536x2048.jpg 1536w, https:\/\/liedercompany.cz\/wp-content\/uploads\/2023\/12\/20220419_103150-150x200.jpg 150w, https:\/\/liedercompany.cz\/wp-content\/uploads\/2023\/12\/20220419_103150-300x400.jpg 300w, https:\/\/liedercompany.cz\/wp-content\/uploads\/2023\/12\/20220419_103150-600x800.jpg 600w, https:\/\/liedercompany.cz\/wp-content\/uploads\/2023\/12\/20220419_103150-scaled.jpg 1920w\" sizes=\"(max-width: 768px) 100vw, 768px\" \/><\/a><\/figure>\n\n\n\n<figure class=\"wp-block-image size-large\"><a href=\"https:\/\/liedercompany.cz\/wp-content\/uploads\/2023\/12\/20220419_104249.jpg\" data-lbwps-width=\"4624\" data-lbwps-height=\"3468\" data-lbwps-srcsmall=\"https:\/\/liedercompany.cz\/wp-content\/uploads\/2023\/12\/20220419_104249-300x225.jpg\"><img loading=\"lazy\" decoding=\"async\" width=\"1024\" height=\"768\" data-id=\"6773\" src=\"https:\/\/liedercompany.cz\/wp-content\/uploads\/2023\/12\/20220419_104249-1024x768.jpg\" alt=\"\" class=\"wp-image-6773\" title=\"\" srcset=\"https:\/\/liedercompany.cz\/wp-content\/uploads\/2023\/12\/20220419_104249-1024x768.jpg 1024w, https:\/\/liedercompany.cz\/wp-content\/uploads\/2023\/12\/20220419_104249-300x225.jpg 300w, https:\/\/liedercompany.cz\/wp-content\/uploads\/2023\/12\/20220419_104249-768x576.jpg 768w, https:\/\/liedercompany.cz\/wp-content\/uploads\/2023\/12\/20220419_104249-1536x1152.jpg 1536w, https:\/\/liedercompany.cz\/wp-content\/uploads\/2023\/12\/20220419_104249-2048x1536.jpg 2048w, https:\/\/liedercompany.cz\/wp-content\/uploads\/2023\/12\/20220419_104249-200x150.jpg 200w, https:\/\/liedercompany.cz\/wp-content\/uploads\/2023\/12\/20220419_104249-600x450.jpg 600w\" sizes=\"(max-width: 1024px) 100vw, 1024px\" \/><\/a><\/figure>\n\n\n\n<figure class=\"wp-block-image size-large\"><a href=\"https:\/\/liedercompany.cz\/wp-content\/uploads\/2023\/12\/20230527_113313.jpg\" data-lbwps-width=\"3468\" data-lbwps-height=\"4624\" data-lbwps-srcsmall=\"https:\/\/liedercompany.cz\/wp-content\/uploads\/2023\/12\/20230527_113313-225x300.jpg\"><img loading=\"lazy\" decoding=\"async\" width=\"768\" height=\"1024\" data-id=\"6772\" src=\"https:\/\/liedercompany.cz\/wp-content\/uploads\/2023\/12\/20230527_113313-768x1024.jpg\" alt=\"\" class=\"wp-image-6772\" title=\"\" srcset=\"https:\/\/liedercompany.cz\/wp-content\/uploads\/2023\/12\/20230527_113313-768x1024.jpg 768w, https:\/\/liedercompany.cz\/wp-content\/uploads\/2023\/12\/20230527_113313-225x300.jpg 225w, https:\/\/liedercompany.cz\/wp-content\/uploads\/2023\/12\/20230527_113313-1152x1536.jpg 1152w, https:\/\/liedercompany.cz\/wp-content\/uploads\/2023\/12\/20230527_113313-1536x2048.jpg 1536w, https:\/\/liedercompany.cz\/wp-content\/uploads\/2023\/12\/20230527_113313-150x200.jpg 150w, https:\/\/liedercompany.cz\/wp-content\/uploads\/2023\/12\/20230527_113313-300x400.jpg 300w, https:\/\/liedercompany.cz\/wp-content\/uploads\/2023\/12\/20230527_113313-600x800.jpg 600w, https:\/\/liedercompany.cz\/wp-content\/uploads\/2023\/12\/20230527_113313-scaled.jpg 1920w\" sizes=\"(max-width: 768px) 100vw, 768px\" \/><\/a><\/figure>\n<\/figure>\n<\/div><\/div><\/div>\n<\/div>\n\n\n\n<div id=\"wp-block-themeisle-blocks-advanced-column-7107d9ba\" class=\"wp-block-themeisle-blocks-advanced-column\"><div class=\"wp-block-themeisle-blocks-advanced-column-overlay\"><\/div>\n<div class=\"wp-block-group\"><div class=\"wp-block-group__inner-container is-layout-constrained wp-block-group-is-layout-constrained\">\n<div style=\"height:100px\" aria-hidden=\"true\" class=\"wp-block-spacer\"><\/div>\n\n\n\n<p><strong>Healthy kidneys as a Christmas wish come true<\/strong><\/p>\n\n\n\n<p>It&#8217;s Christmas Day and my cell phone is ringing into the holiday season. A WhatsApp call from an unknown number with a Central African Republic area code. No, really, I&#8217;m not going to deal with work at Christmas yet! So I just write a dry reply saying it&#8217;s the holidays and what the person in question needs. I get a reply, <em>&#8220;Hello, I&#8217;m so sorry to disturb you at Christmas time. Doctor C\u00e9dric gave me your number. I just wanted to thank you personally that thanks to your organization we can spend Christmas together as a family. Our son Josu\u00e9 wouldn&#8217;t be here otherwise. Thank you and have a wonderful Christmas!&#8221;<\/em> Touchedness is replaced by amazement. It&#8217;s a bit like the Bible story when one of the ten lepers returns to thank Jesus for healing him. And so I silently thank the Lord God. And who is Josu\u00e9? A student at the high school in Bangui, where his daddy also teaches. He&#8217;s 19 now. He was just 18 when this story happened. He wasn&#8217;t feeling well, and it soon turned out to be malaria. His parents did everything they could for him &#8211; including medical care. But the disease was very strong, even frightening. After a few days, the young man&#8217;s kidneys failed. The only chance of survival became the possibility of blood dialysis.<\/p>\n\n\n\n<p><em><strong>Stories that can go on<\/strong><\/em><\/p>\n\n\n\n<p>Fortunately, a new clinic has been operating in Bangui for a year now, headed by a young doctor, C\u00e9dric Ouanekpon, who used to see Josu\u00e9 regularly in the paediatrics pavilion next door. Unfortunately, the family no longer had the means to cover the necessary eight sessions of hemodialysis. Cases like this rarely become chronic. One session costs 20,000 Central African francs (750 CZK). Such treatment is equivalent to more than one month&#8217;s salary for an ordinary teacher in Bangui. But SIRIRI can fund similar cases, enabling treatment where it would not be possible for financial reasons&#8230; and saving the lives of those who would otherwise not receive care and would have to die needlessly. And so we helped in this case. Josu\u00e9 will graduate next year. He would like to become an accountant or maybe just a doctor, seeing how much good it can do!<\/p>\n\n\n\n<p class=\"has-text-align-right\">Taken from Catholic Weekly No. 45\/2023<\/p>\n\n\n\n<p class=\"has-text-align-right\">Author Jana \u0160kubalov\u00e1, SIRIRI, o.p.s.<\/p>\n\n\n\n<p><a href=\"https:\/\/siriri.org\/en\/project\/first-aid-fund-for-patients-of-the-blood-dialysis-centre-in-bangui\/\" target=\"_blank\" rel=\"noreferrer noopener\">https:\/\/siriri.org\/en\/project\/first-aid-fund-for-patients-of-the-blood-dialysis-centre-in-bangui\/<\/a><\/p>\n<\/div><\/div>\n<\/div>\n<\/div><\/div>\n\n\n\n<div id=\"wp-block-themeisle-blocks-advanced-columns-e55301d5\" class=\"wp-block-themeisle-blocks-advanced-columns has-2-columns has-desktop-equal-layout has-tablet-equal-layout has-mobile-collapsedRows-layout has-vertical-unset\"><div class=\"wp-block-themeisle-blocks-advanced-columns-overlay\"><\/div><div class=\"innerblocks-wrap\">\n<div id=\"wp-block-themeisle-blocks-advanced-column-f811ad99\" class=\"wp-block-themeisle-blocks-advanced-column\"><div class=\"wp-block-image\">\n<figure class=\"aligncenter size-large is-resized\"><a href=\"https:\/\/siriri.org\/\" target=\"_blank\" rel=\"noreferrer noopener\"><img loading=\"lazy\" decoding=\"async\" width=\"724\" height=\"1024\" src=\"https:\/\/liedercompany.cz\/wp-content\/uploads\/2023\/12\/logo_barevne_pruhledne-724x1024.png\" alt=\"\" class=\"wp-image-6782\" style=\"width:152px;height:auto\" title=\"\" srcset=\"https:\/\/liedercompany.cz\/wp-content\/uploads\/2023\/12\/logo_barevne_pruhledne-724x1024.png 724w, https:\/\/liedercompany.cz\/wp-content\/uploads\/2023\/12\/logo_barevne_pruhledne-212x300.png 212w, https:\/\/liedercompany.cz\/wp-content\/uploads\/2023\/12\/logo_barevne_pruhledne-768x1086.png 768w, https:\/\/liedercompany.cz\/wp-content\/uploads\/2023\/12\/logo_barevne_pruhledne-1086x1536.png 1086w, https:\/\/liedercompany.cz\/wp-content\/uploads\/2023\/12\/logo_barevne_pruhledne-1448x2048.png 1448w, https:\/\/liedercompany.cz\/wp-content\/uploads\/2023\/12\/logo_barevne_pruhledne-141x200.png 141w, https:\/\/liedercompany.cz\/wp-content\/uploads\/2023\/12\/logo_barevne_pruhledne-300x424.png 300w, https:\/\/liedercompany.cz\/wp-content\/uploads\/2023\/12\/logo_barevne_pruhledne-600x849.png 600w\" sizes=\"(max-width: 724px) 100vw, 724px\" \/><\/a><\/figure>\n<\/div><\/div>\n\n\n\n<div id=\"wp-block-themeisle-blocks-advanced-column-dce45947\" class=\"wp-block-themeisle-blocks-advanced-column\"><div class=\"wp-block-image\">\n<figure class=\"aligncenter size-large is-resized\"><a href=\"www.salsitasoft.com\" target=\"_blank\" rel=\"noreferrer noopener\"><img loading=\"lazy\" decoding=\"async\" width=\"1024\" height=\"724\" src=\"https:\/\/liedercompany.cz\/wp-content\/uploads\/2022\/04\/salsita-1024x724.png\" alt=\"\" class=\"wp-image-1444\" style=\"width:289px;height:auto\" title=\"\" srcset=\"https:\/\/liedercompany.cz\/wp-content\/uploads\/2022\/04\/salsita-1024x724.png 1024w, https:\/\/liedercompany.cz\/wp-content\/uploads\/2022\/04\/salsita-300x212.png 300w, https:\/\/liedercompany.cz\/wp-content\/uploads\/2022\/04\/salsita-768x543.png 768w, https:\/\/liedercompany.cz\/wp-content\/uploads\/2022\/04\/salsita-1536x1086.png 1536w, https:\/\/liedercompany.cz\/wp-content\/uploads\/2022\/04\/salsita-2048x1448.png 2048w, https:\/\/liedercompany.cz\/wp-content\/uploads\/2022\/04\/salsita-600x424.png 600w\" sizes=\"(max-width: 1024px) 100vw, 1024px\" \/><\/a><\/figure>\n<\/div><\/div>\n<\/div><\/div>\n\n\n\n<div id=\"wp-block-themeisle-blocks-advanced-columns-d20b534e\" class=\"wp-block-themeisle-blocks-advanced-columns has-1-columns has-desktop-equal-layout has-tablet-equal-layout has-mobile-equal-layout has-vertical-unset\"><div class=\"wp-block-themeisle-blocks-advanced-columns-overlay\"><\/div><div class=\"innerblocks-wrap\">\n<div id=\"wp-block-themeisle-blocks-advanced-column-244117ea\" class=\"wp-block-themeisle-blocks-advanced-column\">\n<div id=\"wp-block-themeisle-blocks-advanced-columns-9a4ee430\" class=\"wp-block-themeisle-blocks-advanced-columns has-1-columns has-desktop-equal-layout has-tablet-equal-layout has-mobile-equal-layout has-vertical-unset\"><div class=\"wp-block-themeisle-blocks-advanced-columns-overlay\"><\/div><div class=\"innerblocks-wrap\">\n<div id=\"wp-block-themeisle-blocks-advanced-column-d9cd90cf\" class=\"wp-block-themeisle-blocks-advanced-column\"><div class=\"wp-block-themeisle-blocks-advanced-column-overlay\"><\/div>\n<div class=\"wp-block-group\"><div class=\"wp-block-group__inner-container is-layout-constrained wp-block-group-is-layout-constrained\">\n<h2 id=\"wp-block-themeisle-blocks-advanced-heading-809df133\" class=\"wp-block-themeisle-blocks-advanced-heading wp-block-themeisle-blocks-advanced-heading-809df133\">Programme:<\/h2>\n\n\n\n<div id=\"wp-block-themeisle-blocks-icon-list-ef734a21\" class=\"wp-block-themeisle-blocks-icon-list\">\n<div id=\"wp-block-themeisle-blocks-icon-list-item-82e1579f\" class=\"wp-block-themeisle-blocks-icon-list-item\"><i class=\"fas fa-angle-double-right wp-block-themeisle-blocks-icon-list-item-icon-custom\"><\/i><p class=\"wp-block-themeisle-blocks-icon-list-item-content\">Songs, Arias and Duets by Anton\u00edn Dvo\u0159\u00e1k, Bed\u0159ich Smetana,  Wolfgang Amadeus Mozart and others<\/p><\/div>\n<\/div>\n<\/div><\/div>\n<\/div>\n<\/div><\/div>\n<\/div>\n<\/div><\/div>\n\n\n\n<div class=\"wp-block-group\"><div class=\"wp-block-group__inner-container is-layout-constrained wp-block-group-is-layout-constrained\">\n<h2 id=\"wp-block-themeisle-blocks-advanced-heading-d4a8cef3\" class=\"wp-block-themeisle-blocks-advanced-heading wp-block-themeisle-blocks-advanced-heading-d4a8cef3\">Performers:<\/h2>\n\n\n\n<div id=\"wp-block-themeisle-blocks-accordion-22ba6274\" class=\"wp-block-themeisle-blocks-accordion exclusive is-style-default\">\n<details class=\"wp-block-themeisle-blocks-accordion-item\"><summary class=\"wp-block-themeisle-blocks-accordion-item__title\"><div>Irena Troupov\u00e1 &#8211; soprano<\/div><\/summary><div class=\"wp-block-themeisle-blocks-accordion-item__content\"><div class=\"wp-block-image animated fadeIn slower\">\n<figure class=\"alignleft size-large is-resized\"><img loading=\"lazy\" decoding=\"async\" width=\"601\" height=\"801\" src=\"https:\/\/liedercompany.cz\/wp-content\/uploads\/2023\/05\/Troupova-edited.jpg\" alt=\"Irena_Troupova\" class=\"wp-image-4616\" style=\"width:300px;height:undefinedpx\" title=\"\" srcset=\"https:\/\/liedercompany.cz\/wp-content\/uploads\/2023\/05\/Troupova-edited.jpg 601w, https:\/\/liedercompany.cz\/wp-content\/uploads\/2023\/05\/Troupova-edited-225x300.jpg 225w, https:\/\/liedercompany.cz\/wp-content\/uploads\/2023\/05\/Troupova-edited-150x200.jpg 150w, https:\/\/liedercompany.cz\/wp-content\/uploads\/2023\/05\/Troupova-edited-300x400.jpg 300w\" sizes=\"(max-width: 601px) 100vw, 601px\" \/><\/figure>\n<\/div>\n\n\n<p>The eminent Czech soprano&nbsp;<strong>Irena Troupov\u00e1<\/strong>&nbsp;gained international renown through the historically-based interpretation of early music, which she devoted herself to already during her musicology studies at Charles University in Prague. She studied singing under Terezie Blumov\u00e1 in Prague, later under M. Corelli in Berlin. She collaborated with the ensemble Musica Antiqua Praha led by Pavel Klikar, creating a string of recordings and exceptionally successful concerts both at home and abroad. At that time she also found an interest in contemporary music and has worked with the likes of Petr Eben, Svatopluk Havelka and others. After her studies she performed mainly in Germany, but the demand for her talent also grew rapidly in other countries (England, Italy, Denmark, Sweden, France, Switzerland, Poland). She worked with many different ensembles (e.g. Orpheon Consort, Johann-Rosenm\u00fcller-Ensemble, Sch\u00fctz-Akademie, Capella Sagittariana, Dresdener Barockorchester, Lautten-Compagney, Kievskaya Kamerata) and conductors (Howard Arman, Joshua Rifkin, Frieder Bernius, Thomas Hengelbrock, Florian Heyerick, Vojt\u011bch Spurn\u00fd and others). This cooperation brought about a number of recordings. Irena Troupov\u00e1 was a regular participant in the concert programmes of the State Opera in Berlin and the Berlin Symphony Orchestra. Among the most interesting opera productions that she took part in during her German period, a mention should be made of Monteverdi\u2019s Orfeo headed by Joshua Rifkin in Basel, Freiburg and Mulhouse (the roles of Musica and Proserpine), of the modern premiere of H.I.F. Biber\u2019s opera Arminius in Salzburg (later released on CD), but also of Le malade imaginaire of M.-A. Charpentier and J.-B. Lully in Berlin.<\/p>\n\n\n\n<p>Irena Troupov\u00e1 is a frequent guest singer at international music festivals, including&nbsp;<em>Tage der alten Musik Herne, Pra\u017esk\u00e9 jaro (Prague Spring), Festival de musique baroque Caen, Holland-festival oudemuziek Utrecht, Bach-Festival Sumy and Concenturs Moraviae<\/em>, to name a few.<\/p>\n\n\n\n<p>K&nbsp;projekt\u016fm star\u00e9 hudby posledn\u00edch let pat\u0159ily programy ve spolupr\u00e1ci s&nbsp;Komickou operou (Berl\u00edn), n\u011bmeck\u00fdm rozhlasem NDR (Norddeutscher Rundfunk) a&nbsp;belgick\u00fdm dirigentem Florianem Heyerikem (<em>Salto vocale \u2013&nbsp;<\/em>pr\u016f\u0159ez operami G.&nbsp;Ph.&nbsp;Telemanna), s Musicou Floreou (opern\u00ed projekty \u2013 Ch. W. Gluck:&nbsp;<em>La Danza<\/em>, G. F. H\u00e4ndel:&nbsp;<em>Terpsicore<\/em>), ans\u00e1mblem Tourbillon, Barbarou M. Willi, Jaroslavem T\u016fmou, Monikou Knoblochovou, Petrou Mat\u011bjovou a dal\u0161\u00edmi. V&nbsp;sou\u010dasn\u00e9 dob\u011b spolupracuje p\u0159edev\u0161\u00edm s mezin\u00e1rodn\u00edm souborem&nbsp;<em>Orpheon<\/em>, se kter\u00fdm absolvovala koncerty ve \u0160pan\u011blsku, Rakousku a Francii a nahr\u00e1la CD&nbsp;<em>Marin Marais and his friends<\/em>.&nbsp;Se \u010dleny Staatskapelle Berlin uvedla pozoruhodn\u00fd projekt spojuj\u00edc\u00ed hudebn\u00ed \u0159e\u010d baroka a moderny&nbsp;<em>Musik im Dialog \u2013 Claudio Monteverdi und Luciano Berio<\/em>&nbsp;v&nbsp;koncertn\u00edm cyklu St\u00e1tn\u00ed opery v&nbsp;Berl\u00edn\u011b, na kter\u00fd n\u00e1sledn\u011b nav\u00e1zal program&nbsp;<em>Bach \u2013 reloaded&nbsp;<\/em>z d\u011bl J.&nbsp;S.&nbsp;Bacha.<\/p>\n\n\n\n<p>Irena Troupov\u00e1 has gradually extended her scope to include Romantic and Modern lyrical and operatic works. She has performed songs from German and French Romanticism a number of times at the concerts of the Prague Symphony Orchestra and the Czech Philharmonic (the early songs of Gustav Mahler). She has also given voice to Jan Du\u0161ek\u2019s orchestral songs <em>Chalomot yehudi\u2019im<\/em> together with Orchestra BERG for the EBU and the songs of Milo\u0161 \u0160t\u011bdro\u0148 for Czech Radio.<\/p>\n\n\n\n<p>Lately, she has focused her attention on the music of the 20th and 21st century; she recorded Bohuslav Martin\u016f\u2019s opera <em>Le jour de bont\u00e9<\/em> (The Day of Charity) for Arco Diva. She has performed the works of Marek Kopelent (the Singspiel <em>Musica<\/em>, the cantata <em>Agnus Dei<\/em> at Prague Spring 2012) \u2013 she joined the Prague Philharmonia conducted by Jakub Hr\u016f\u0161a to render the premiere of Kopelent\u2019s Pozdn\u00ed sb\u011br (Late Harvest). She is also actively interested in the music of interwar authors \u2013 Viktor Ullmann, Erwin Schulhoff, Norbert von Hannenheim, Philip Herschkowitz \u2013 performing their works to international audiences and recording a number of their compositions for Czech Radio and Deutschlandfunk.&nbsp;Irena Troupov\u00e1 is also greatly valued as a tutor of early music, teaching at the Jan\u00e1\u010dek Academy of Music and Performing Arts and Masaryk University in Brno, and in courses both in the Czech Republic and abroad.<\/p>\n\n\n\n<p>Irena Troupov\u00e1 is a co-founder of the Lieder Company Prague.<\/p>\n\n\n\n<p class=\"has-text-align-right\"><a href=\"https:\/\/www.troupova.com\" target=\"_blank\" rel=\"noopener\">https:\/\/www.troupova.com<\/a><\/p>\n<\/div><\/details>\n\n\n\n<details class=\"wp-block-themeisle-blocks-accordion-item\"><summary class=\"wp-block-themeisle-blocks-accordion-item__title\"><div>Jana Hrochov\u00e1 &#8211; mezzo-soprano<\/div><\/summary><div class=\"wp-block-themeisle-blocks-accordion-item__content\"><div class=\"wp-block-image is-resized animated fadeIn slower\">\n<figure class=\"alignleft size-large\"><img loading=\"lazy\" decoding=\"async\" width=\"669\" height=\"1024\" src=\"https:\/\/liedercompany.cz\/wp-content\/uploads\/2021\/12\/0LB9835-Edit-669x1024.jpg\" alt=\"\" class=\"wp-image-1007\" style=\"width:201px;height:auto\" title=\"\" srcset=\"https:\/\/liedercompany.cz\/wp-content\/uploads\/2021\/12\/0LB9835-Edit-669x1024.jpg 669w, https:\/\/liedercompany.cz\/wp-content\/uploads\/2021\/12\/0LB9835-Edit-196x300.jpg 196w, https:\/\/liedercompany.cz\/wp-content\/uploads\/2021\/12\/0LB9835-Edit-768x1176.jpg 768w, https:\/\/liedercompany.cz\/wp-content\/uploads\/2021\/12\/0LB9835-Edit-300x459.jpg 300w, https:\/\/liedercompany.cz\/wp-content\/uploads\/2021\/12\/0LB9835-Edit-600x918.jpg 600w, https:\/\/liedercompany.cz\/wp-content\/uploads\/2021\/12\/0LB9835-Edit.jpg 980w\" sizes=\"(max-width: 669px) 100vw, 669px\" \/><\/figure>\n<\/div>\n\n\n<p>The mezzo-soprano&nbsp;<strong>Jana Hrochov\u00e1<\/strong> (Wallingerov\u00e1), n\u00e9e \u0160tef\u00e1\u010dkov\u00e1, gained her first singing experience in a children\u2019s choir in the Moravian town of \u0160umperk. She studied at the Prague Conservatory with Jarmila Kr\u00e1sov\u00e1 from 1993 to 1999. In 2001, she began studying privately with the soprano Natalia Romanov\u00e1. In 1998, she came in second at the Czech Conservatories Singing Contest. Her first engagements took place at the Opera Mozart in Prague between 1997 and 2000, extending her activities to ancient music (with Ars Cameralis) and folk music (with the Muzika Jara ensemble).\n\nIn 2000, Mrs Hrochov\u00e1 was invited to join the opera company of the National Theatre in Brno, Czech Republic. The repertoire she sang in Brno includes Carmen (Carmen), Laura (La Gioconda), Kate (The Devil and Kate), Rosina (Il barbiere di Siviglia), Suzuki (Madame Butterfly), The Fox (The Cunning Little Vixen), Varvara (Katja Kabanova), Fenena (Nabucco), H\u00e4nsel (H\u00e4nsel and Gretel), Nicklausse (The Tales of Hoffmann) and others. Guest performances have taken the young mezzo to a number of opera houses, such as the Prague National Theatre, Prague State Opera, Plze\u0148, \u00dast\u00ed nad Labem, Liberec, Ostrava, Olomouc (Czech Republic), State Theatre Ko\u0161ice (Slovakia) and Theatre Freiburg (Germany). Mrs Hrochov\u00e1\u2019s concert activities are an essential part of her repertoire and have brought her together with some leading Czech and foreign orchestras, such as the BBC Symphony Orchestra, Tokyo Metropolitan Symphony Orchestra, Czech Philharmonic, Prague Symphony Orchestra FOK, Prague Radio Symphonic Orchestra, Brno Philharmonic Orchestra, Prague Chamber Philharmonic Orchestra, Jan\u00e1\u010dek Philharmonic Orchestra, Bohuslav Martin\u016f Philharmonic Orchestra and others. She works with conductors such as Ji\u0159\u00ed B\u011blohl\u00e1vek, Serge Baudo, Gerd Albrecht, Manfred Honeck, Ondrej Len\u00e1rd, Petr Altrichter, Jakub Hr\u016f\u0161a, Leo\u0161 Sv\u00e1rovsk\u00fd, Tom\u00e1\u0161 Hanus, Andrej Borejko, Dennis Russell Davies and others. Mrs Hrochov\u00e1&nbsp; often makes guest appearances at opera houses and concert stages outside the Czech Republic (Great Britain, Japan, China, Spain, Mexico, Greece, Netherlands, Austria, Germany and Italy). In 2011, she sang the alto solo in Dvorak\u2019s Requiem mass at a state funeral of Vaclav Havel. The Brno National Theatre awarded her with the DIVA 2005, 2008 and 2010 Award. In 2012, she was nominated for the Thalia award for her role as Dulcin\u00e9e in Massenet\u2019s Don Quichotte in a production of the F. X. \u0160alda Theatre in Liberec. In 2013, she was nominated for the Thalia award for her role as Hermia in Britten\u2019s Midsummer Night\u2019s Dream in a production of The Brno National Theatre. In 2011 and 2018 she recorded songs by Bohuslav Martin\u016f for Naxos Records. In 2014, she was invited to perform the role of Carmen in the Theatre Freiburg, Germany. In 2016, she made her BBC Proms debut at the Royal Albert Hall in London.<\/p>\n\n\n\n<p class=\"has-text-align-right\"><a href=\"https:\/\/www.janahrochova.cz\/\" target=\"_blank\" rel=\"noreferrer noopener\">www.janahrochova.cz\/<\/a><\/p>\n<\/div><\/details>\n\n\n\n<details class=\"wp-block-themeisle-blocks-accordion-item\"><summary class=\"wp-block-themeisle-blocks-accordion-item__title\"><div>Vojt\u011bch \u0160embera &#8211; baritone<\/div><\/summary><div class=\"wp-block-themeisle-blocks-accordion-item__content\"><div class=\"wp-block-image animated fadeIn slower\">\n<figure class=\"alignleft is-resized\"><img loading=\"lazy\" decoding=\"async\" width=\"1024\" height=\"681\" src=\"https:\/\/liedercompany.cz\/wp-content\/uploads\/2021\/12\/Foto-VS-1024x681.jpg\" alt=\"\" class=\"wp-image-1016\" style=\"width:332px;height:auto\" title=\"\" srcset=\"https:\/\/liedercompany.cz\/wp-content\/uploads\/2021\/12\/Foto-VS-1024x681.jpg 1024w, https:\/\/liedercompany.cz\/wp-content\/uploads\/2021\/12\/Foto-VS-300x200.jpg 300w, https:\/\/liedercompany.cz\/wp-content\/uploads\/2021\/12\/Foto-VS-768x511.jpg 768w, https:\/\/liedercompany.cz\/wp-content\/uploads\/2021\/12\/Foto-VS-600x399.jpg 600w, https:\/\/liedercompany.cz\/wp-content\/uploads\/2021\/12\/Foto-VS.jpg 1201w\" sizes=\"(max-width: 1024px) 100vw, 1024px\" \/><\/figure>\n<\/div>\n\n\n<p>Baritone and composer&nbsp;<strong>Vojt\u011bch \u0160embera&nbsp;<\/strong>studied singing at the Jan\u00e1\u010dek Academy of Performing Arts in Brno with Jarom\u00edr Novotn\u00fd and Irena Troupov\u00e1, composition with Ivo Medek and Martin Smolka. He also studied briefly at the Royal Conservatory in The Hague, the Netherlands, where he attended composition classes with Cornelis de Bondt, Calliope Tsoupaki and Jan van de Putte, and further improved his singing skills under Noa Frenkel. He has participated in selected interpretation courses abroad (eg VENI Academy, vocal masterclass EMA) and singing masterclasses with Antonio Carangel and Kate\u0159ina Kn\u011b\u017e\u00edkov\u00e1. In his singing practice, he focuses mainly on the interpretation of contemporary music and the song repertoire. His composing activities are mostly aimed at vocal work and graphic scores.<\/p>\n\n\n\n<p>In 2013 and 2014, he was awarded an honourable mention at the GENERATION International Composition Competition, and in 2015 he was awarded 2nd place at the Anton\u00edn Dvo\u0159\u00e1k International Singing Competition in the Opera Hope category. In 2017, he received 2nd place at the Du\u0161ek Singing Competition, The President of the EMA prize and 3rd place at the Anton\u00edn Dvo\u0159\u00e1k International Singing Competition in the Junior and Song categories.<\/p>\n\n\n\n<p>During his studies at JAMU, he performed in several productions of the JAMU Chamber Opera (M. H\u00e1ba:&nbsp;<em>The Little Prince&nbsp;<\/em>\u2013 The King, The Snake; W. A. \u200b\u200bMozart:&nbsp;<em>The Magic Flute<\/em>&nbsp;\u2013 Papageno;C. Orff:&nbsp;<em>Die Kluge<\/em>&nbsp;\u2013 The Mule Man). He made his professional opera debut at the Silesian Theatre in Opava (A. Dvo\u0159\u00e1k:&nbsp;<em>Rusalka<\/em>&nbsp;\u2013 Hunter) and also performed at the Jan Kajet\u00e1n Tyl Theatre in Pilsen (A. Thomas:&nbsp;<em>Hamlet<\/em>&nbsp;\u2013 Horatio). In his concert activities he has performed with the Karlovy Vary Symphony Orchestra (C. Orff:&nbsp;<em>Carmina Burana<\/em>; J. S. Bach:&nbsp;<em>John\u2019s Passions<\/em>; A. Dvo\u0159\u00e1k:&nbsp;<em>Biblical Songs<\/em>), with the National Theatre Orchestra (D. Matej:&nbsp;<em>KyAriAe<\/em>), North Bohemian Philharmonic Teplice (W. A. Mozart:&nbsp;<em>The Marriage of Figaro<\/em>&nbsp;\u2013 Count Almaviva) and others.&nbsp;In collaboration with Ensemble 18+, he portrayed one of the main roles in the renewed premiere of Joseph Barta\u2019s singspiel&nbsp;<em>Dobr\u00e1 rada dobr\u00e1<\/em>. He performed his own composition for baritone and orchestra&nbsp;<em>Filokt\u00e9t\u00e9s<\/em>&nbsp;with the Brno Philharmonic and the West Bohemian Symphony Orchestra Mari\u00e1nsk\u00e9 L\u00e1zn\u011b. Together with Leo\u0161 Sv\u00e1rovsk\u00fd and the Czech Radio Symphony Orchestra, he made a recording of Anton\u00edn Dvo\u0159\u00e1k\u2019s&nbsp;<em>Biblical Songs<\/em>. In the field of contemporary music, he has performed with the ensembles VENI ensemble, Mirror ensemble, at the festival Days of New Opera Ostrava (A. H\u00e1ba:&nbsp;<em>Thy Kingdom Come<\/em>&nbsp;\u2013Christ, Lay Preacher; Songbooks \u2013 Solo Voice), or with Orchestr BERG (L. Lim:&nbsp;<em>Tongue of the Invisible<\/em>). During his one-year study stay in the Netherlands, he collaborated with the Orkest de Ereprijs on the Young Composers Meeting project and performed at the Dag in de Branding festival (M. Arta\u00e7:&nbsp;<em>Zizos<\/em>). He regularly collaborates with the Meeting of New Music Plus festival. With his own project&nbsp;<em>Voice Drowned in the Ocean of Silence<\/em>, which has so far been attended by composers from more than 10 countries, he contributes to expanding the repertoire for solo voice.<\/p>\n\n\n\n<p class=\"has-text-align-right\"><a href=\"http:\/\/www.vojtechsembera.com\/\" target=\"_blank\" rel=\"noreferrer noopener\">www.vojtechsembera.com<\/a><\/p>\n<\/div><\/details>\n\n\n\n<details class=\"wp-block-themeisle-blocks-accordion-item\"><summary class=\"wp-block-themeisle-blocks-accordion-item__title\"><div>Roman Jan\u00e1l &#8211; baritone<\/div><\/summary><div class=\"wp-block-themeisle-blocks-accordion-item__content\"><div class=\"wp-block-image is-resized animated fadeIn slower\">\n<figure class=\"alignleft size-full\"><img loading=\"lazy\" decoding=\"async\" width=\"500\" height=\"678\" src=\"https:\/\/liedercompany.cz\/wp-content\/uploads\/2021\/02\/janal.jpg\" alt=\"Roman_Janal\" class=\"wp-image-154\" style=\"width:230px;height:auto\" title=\"\" srcset=\"https:\/\/liedercompany.cz\/wp-content\/uploads\/2021\/02\/janal.jpg 500w, https:\/\/liedercompany.cz\/wp-content\/uploads\/2021\/02\/janal-300x407.jpg 300w, https:\/\/liedercompany.cz\/wp-content\/uploads\/2021\/02\/janal-221x300.jpg 221w\" sizes=\"(max-width: 500px) 100vw, 500px\" \/><\/figure>\n<\/div>\n\n\n<p>After graduation from the Pilsen Conservatory in violin playing, Jan\u00e1l studied singing at the Music Academy in Sophia, Bulgaria. During the course of his studies he was guest singer at the State Opera House of Sophia (Don Giovanni, Eugen Onegin, Prince Tarquinius in Britten\u2019s The Rape of Lucretia) and appeared at local chamber music festivals. He first worked in Bansk\u00e1 Bystrica (Slovakia) after graduating in 1990, he then left for the Prague Chamber Opera (later Mozart Opera). In 1994 he became guest singer of the Pilsen Opera House (Lady of Spades \u2013 Tomskij, Faust and Marguerite, \u2013 Valentin, Don Giovanni \u2013 Don Giovanni, Fidelio \u2013 Don Pizarro). After a successful debut in the State Opera of Prague as Guglielmo in Cosi fan tutte and Figaro in Barber of Seville, he was a soloist for the State Opera of Prague in 1995. In November 1995 he became over-all winner of the Anton\u00edn Dvo\u0159\u00e1k International Singers\u2018 Competition in Karlovy Vary. Since 1997 he has been the soloist of the National Theatre of Prague where he has performed a number of national and international repertoire parts, such as Gr\u00e9gorio in Romeo and Juliet, Figaro in Barber of Seville, Escamillio in Carmen, Pollux in the Baroque lyric tragedy Castor et Pollux, the title part in Mozart\u2019s Don Giovanni. The list of his opera repertoire also includes the parts of Onegin in Yevgeny Onegin, Marcel in La Boheme, Silvio in Cavalleria Rusticana, Conte Almaviva in Figaro\u2019s Wedding, Germont in La Traviata, roles in operas by Martin\u016f, Smetana, Jan\u00e1\u010dek and Dvo\u0159\u00e1k, etc. He has often participated in a number of foreign tours with the Prague National Theatre, such as in Japan, Hong Kong, France, Germany, Netherlands, Korea. Roman Jan\u00e1l has successfully appeared in local and international music festivals such as the Prague Spring, the Smetana Litomy\u0161l, the International Music Festival of \u010cesk\u00fd Krumlov, The Pontes Festival, The Days of Bohuslav Martin\u016f in London, the Europalia Brussels and The B. Martin\u016f Festival in Amsterdam. He regularly collaborates with acclaimed conductors (Ji\u0159\u00ed B\u011blohl\u00e1vek, Christopher Hogwood, Ji\u0159\u00ed Kout, Serge Baudo, John Fiore, Tom\u00e1\u0161 Hanus) and with local and international orchestras, including the Prague Philharmonia, the BBC Symphony Orchestra, the Czech Philharmonic Orchestra, the Prague Symphony Orchestra and the Czech Radio Symphony Orchestra. In February 2007 he participated in the recording of Janacek\u00b4s opera The Excursions of Mr. Broucek (the roles of Sacristan, Lunobor and Domsik) with Jiri B\u011blohl\u00e1vek and the BBC Symphony Orchestra, for the BBC and Deutsche Grammophon (released in January 2008). Since 1984, he has recorded extensively for Czech Radio, performing a range of repertoire from opera arias to contemporary Czech song-cycles. These recordings were released on CD and have resulted in the issue of a profile operatic album, including arias from operas by W. A. Mozart, L. van Beethoven, G. Verdi, B. Smetana and others. Roman Jan\u00e1l won the prestigious Thalia Prize in 1999 for the part of Pollux in Rameau\u2019s \u201eCastor and Pollux\u201c at the National Theatre of Prague.<\/p>\n\n\n\n<p class=\"has-text-align-right\"><a href=\"https:\/\/www.romanjanal.com\/\" target=\"_blank\" rel=\"noreferrer noopener\">www.romanjanal.com<\/a><\/p>\n<\/div><\/details>\n\n\n\n<details class=\"wp-block-themeisle-blocks-accordion-item\"><summary class=\"wp-block-themeisle-blocks-accordion-item__title\"><div>Bohum\u00edr Stehl\u00edk &#8211; piano<\/div><\/summary><div class=\"wp-block-themeisle-blocks-accordion-item__content\"><div class=\"wp-block-image animated fadeIn slower\">\n<figure class=\"alignleft size-large is-resized\"><img loading=\"lazy\" decoding=\"async\" width=\"1024\" height=\"683\" src=\"https:\/\/liedercompany.cz\/wp-content\/uploads\/2023\/06\/DSC07016-1024x683.jpg\" alt=\"\" class=\"wp-image-4739\" style=\"width:346px;height:auto\" title=\"\" srcset=\"https:\/\/liedercompany.cz\/wp-content\/uploads\/2023\/06\/DSC07016-1024x683.jpg 1024w, https:\/\/liedercompany.cz\/wp-content\/uploads\/2023\/06\/DSC07016-300x200.jpg 300w, https:\/\/liedercompany.cz\/wp-content\/uploads\/2023\/06\/DSC07016-768x512.jpg 768w, https:\/\/liedercompany.cz\/wp-content\/uploads\/2023\/06\/DSC07016-1536x1024.jpg 1536w, https:\/\/liedercompany.cz\/wp-content\/uploads\/2023\/06\/DSC07016-2048x1365.jpg 2048w, https:\/\/liedercompany.cz\/wp-content\/uploads\/2023\/06\/DSC07016-930x620.jpg 930w, https:\/\/liedercompany.cz\/wp-content\/uploads\/2023\/06\/DSC07016-200x133.jpg 200w, https:\/\/liedercompany.cz\/wp-content\/uploads\/2023\/06\/DSC07016-600x400.jpg 600w\" sizes=\"(max-width: 1024px) 100vw, 1024px\" \/><\/figure>\n<\/div>\n\n\n<p><strong>Bohum\u00edr Stehl\u00edk<\/strong>&nbsp;is one of the foremost Czech pianists of the younger generation. He has distinguished himself both as a soloist and chamber music player, having developed a sensitive instrumental skill and great musical expressive power.<\/p>\n\n\n\n<p>Bohum\u00edr\u2019s music education started at an early age at the Music Gymnasium in Prague under Irina Kondrat\u011bnko and later on at the Academy of Performing Arts in Prague under Franti\u0161ek Mal\u00fd. From 2011 to 2016 he studied under well-know Swedish pianist Mats Widlund at Edsberg Music Institute, part of the Royal Academy in Stockholm and one of the most prestigious music academies of Northern Europe. He has been awarded various prizes in many international solo competitions (e.g. Ljunggrenska t\u00e4vlingen \u2013 1st prize, Stockholm International Music Competition \u2013 2nd price, Virtuosi per Musica di Pianoforte \u2013 1st prize, Concertino Praga \u2013 1st prize etc.). Bohumir also obtained the Yamaha Scholarship Award and the prestigious KMA Swedish National Scholarship for both solo piano, chamber music and accompaniment (maximal sum reached in 2015). A member of Duo du R\u00eave, Bohum\u00edr and flautist Jana Jarkovsk\u00e1 won prizes in various competitions of music ensembles (Chieri International Music Competition \u201cCitta di Chieri\u201d \u2013 1st prize, Val Tidone International Chamber Music Competition \u2013 1st prize, Salieri-Zinneti Chamber Music Competition \u2013 3rd prize, winner of ProMusicis International Award in France, winner of ISA Challenge and Open Awards in Austria etc.). He also recorded several CDs with Jana Jarkovska. Outside Duo du R\u00eave, he collaborates with violinist Mark\u00e9ta Janou\u0161kov\u00e1 and is also a member of D\u2019Accord chamber music ensemble.<\/p>\n\n\n\n<p>In addition to his concert activities, he collaborates with Czech Radio. Bohum\u00edr also works in productions for the Povale\u010d Music Festival (CZ) and the \u201eD\u2019Accord, Das Klassikfestival\u201c in (D), where he also leads the masterclass. He worked as a teacher at the Ingesund Academy of Music at Karlstad University in Sweden and since October 2016 has also been teaching at the Jan\u00e1\u010dek Academy of Music and Performing Arts in Brno. Bohum\u00edr works as a regenschori in the Church of the Name of the Virgin Mary in K\u0159tiny (CZ).<\/p>\n\n\n\n<p class=\"has-text-align-right\"><a href=\"http:\/\/www.bohumirstehlik.com\/\" target=\"_blank\" rel=\"noreferrer noopener\">www.bohumirstehlik.com<\/a><\/p>\n<\/div><\/details>\n\n\n\n<details class=\"wp-block-themeisle-blocks-accordion-item\"><summary class=\"wp-block-themeisle-blocks-accordion-item__title\"><div>Jan Du\u0161ek &#8211; piano<\/div><\/summary><div class=\"wp-block-themeisle-blocks-accordion-item__content\"><div data-post-id=\"7034\" class=\"insert-page insert-page-7034 \"><div class=\"wp-block-image animated fadeIn slower\">\n<figure class=\"alignleft size-large is-resized\"><img fetchpriority=\"high\" fetchpriority=\"high\" decoding=\"async\" width=\"1024\" height=\"683\" src=\"https:\/\/liedercompany.cz\/wp-content\/uploads\/2024\/01\/Jan-Dusek_credit-Pavel-Kalina-1024x683.jpg\" alt=\"\" class=\"wp-image-7031\" style=\"width:auto;height:250px\" title=\"\" srcset=\"https:\/\/liedercompany.cz\/wp-content\/uploads\/2024\/01\/Jan-Dusek_credit-Pavel-Kalina-1024x683.jpg 1024w, https:\/\/liedercompany.cz\/wp-content\/uploads\/2024\/01\/Jan-Dusek_credit-Pavel-Kalina-300x200.jpg 300w, https:\/\/liedercompany.cz\/wp-content\/uploads\/2024\/01\/Jan-Dusek_credit-Pavel-Kalina-768x512.jpg 768w, https:\/\/liedercompany.cz\/wp-content\/uploads\/2024\/01\/Jan-Dusek_credit-Pavel-Kalina-1536x1024.jpg 1536w, https:\/\/liedercompany.cz\/wp-content\/uploads\/2024\/01\/Jan-Dusek_credit-Pavel-Kalina-2048x1365.jpg 2048w, https:\/\/liedercompany.cz\/wp-content\/uploads\/2024\/01\/Jan-Dusek_credit-Pavel-Kalina-930x620.jpg 930w, https:\/\/liedercompany.cz\/wp-content\/uploads\/2024\/01\/Jan-Dusek_credit-Pavel-Kalina-200x133.jpg 200w, https:\/\/liedercompany.cz\/wp-content\/uploads\/2024\/01\/Jan-Dusek_credit-Pavel-Kalina-600x400.jpg 600w\" sizes=\"(max-width: 1024px) 100vw, 1024px\"><\/figure><\/div>\n<p>Jan Du\u0161ek studied at the Conservatory in Teplice (piano, composition). In 2004-2012, he studied composition at the Academy of Performing Arts in Prague (Hanus Barton), where he finished his doctoral studies in the same field in 2012. Since then, Jan Du\u0161ek has taught at the composition department of the Academy. As a pianist he participated in several master courses (Cyprien Katsaris, Irina Ossipova, Angela Hewitt, Lilit Grygorian, Maria Jo\u00e3o Pires), in 2013\/14 he studied piano privately with Robert Lehrbaumer in Vienna, in 2015 with Xiao-Mei Zhu in Paris, and since 2016 with Gordon Fergus-Thompson in London. He has won awards and honourable mentions in competitions (Concertino Praga, the International Piano Competition B. Smetana Competition of Conservatories, Zdenek Fibich International Competition in the interpretation of melodrama). He periodically records contemporary Czech music for Czech Radio, e.g. in 2019, he completed a\u00a0 recording of complete piano works by Rudolf Karel. In 2015 he released a CD of <a href=\"https:\/\/liedercompany.cz\/en\/produkt\/viktor-ullmann-schwer-ists-das-schone-zu-lassen-complete-songs-for-soprano-and-piano-2cd\/\">complete songs for soprano and piano by Viktor Ullmann<\/a> with soprano Irena Troupova. In 2021, they released <a href=\"https:\/\/liedercompany.cz\/en\/produkt\/hans-winterberg-immer-das-letzte-mal-complete-song-works-2cd\/\">complete songs by Hans Winterberg<\/a>. He regularly performs at international music festivals (Prague Spring, V\u011b\u010dn\u00e1 nad\u011bje, Junge Kunstler Beyreuth etc.).<\/p>\n\n<p>In 2006 he was awarded the first prize at the Composers Competition \u201cGeneration\u201c for the piece \u201c\u2026 in seven days I will send rain on the Earth \u2026\u201d, and in 2007 at the same competition he again won first prize for the composition \u201cGradation for organ.\u201d In 2008 he received the \u2018Audience\u2019s Prize\u2019 for the composition \u201cChalomot jehudi\u2019im\u201d, a year later receiving the Prize of Gideon Klein for the same composition. In 2010, his melodrama \u201cPrague Walker\u201d was awarded 2nd prize in the Competition for Young Artists, announced by the City District Prague 1. For his music to accompany the silent film \u201cThe Child of the Ghetto\u201d, Jan received the \u2018Audience\u2019s Prize\u2019 in the 2011 NuBerg competition. His compositions have been commissioned by festivals and competitions (such as the International Festival of Concert Melodrama, Viktor Ullmann festival \u010cesk\u00fd T\u011b\u0161\u00edn, Prague Spring Competition etc.), and performed by leading Czech soloists (such as clarinettist Irvin Veny\u0161 and the percussionist Mark\u00e9ta Mazourov\u00e1) as well as chamber ensembles and orchestras (e.g., Nederlands Blazers Ensemble, Epoque quartet; BERG Orchestra; Prague Philharmonia; Prague Philharmonic Choir). In 2021, Jan co-established the Lieder Company association which aims to promote art song recitals and repertoire.&#13;\n<\/p>\n\n<p class=\"has-text-align-right\"><a href=\"http:\/\/www.jan-dusek.com\/\" target=\"_blank\" rel=\"noreferrer noopener\">www.jan-dusek.com<\/a><\/p>\n<\/div><\/div><\/details>\n<\/div>\n<\/div><\/div>\n\n\n\n<div style=\"height:29px\" aria-hidden=\"true\" class=\"wp-block-spacer\"><\/div>\n\n\n\n<div id=\"wp-block-themeisle-blocks-advanced-columns-7d84338f\" class=\"wp-block-themeisle-blocks-advanced-columns has-1-columns has-desktop-equal-layout has-tablet-equal-layout has-mobile-equal-layout has-vertical-unset\"><div class=\"wp-block-themeisle-blocks-advanced-columns-overlay\"><\/div><div class=\"innerblocks-wrap\">\n<div id=\"wp-block-themeisle-blocks-advanced-column-1f0df171\" class=\"wp-block-themeisle-blocks-advanced-column\">\n<h3 id=\"wp-block-themeisle-blocks-advanced-heading-ff290f5e\" class=\"wp-block-themeisle-blocks-advanced-heading wp-block-themeisle-blocks-advanced-heading-ff290f5e\">Venue:<\/h3>\n\n\n\n<div id=\"wp-block-themeisle-blocks-advanced-columns-291ddd9a\" class=\"wp-block-themeisle-blocks-advanced-columns has-1-columns has-desktop-equal-layout has-tablet-equal-layout has-mobile-equal-layout has-vertical-unset\"><div class=\"wp-block-themeisle-blocks-advanced-columns-overlay\"><\/div><div class=\"innerblocks-wrap\">\n<div id=\"wp-block-themeisle-blocks-advanced-column-409ad7fd\" class=\"wp-block-themeisle-blocks-advanced-column\"><div  class=\"tribe-block tribe-block__venue tribe-clearfix\" >\n\t\n\t\n<div class=\"tribe-block__venue__meta\">\n\t<div class=\"tribe-block__venue__name\">\n\t\t<h3>Club Salsita<\/h3>\n\t<\/div>\n\n\t\n\t\t\t\t\t\t<address class=\"tribe-block__venue__address\">\n\t\t\t\t<span class=\"tribe-address\">\n\n<span class=\"tribe-street-address\">\u0160tef\u00e1nikova 25<\/span>\n\t\n\t\t<br>\n\t\t<span class=\"tribe-locality\">Praha 5<\/span><span class=\"tribe-delimiter\">,<\/span>\n\n\n\t<span class=\"tribe-postal-code\">150 00<\/span>\n\n\t<span class=\"tribe-country-name\">Czech Republic<\/span>\n\n<\/span>\n\n\t\t\t\t\t\t\t<\/address>\n\t\t\n\t\t\n\t\t\t\t\t<span class=\"tribe-block__venue__website\"><a href=\"https:\/\/www.salsitaclub.com\/\" target=\"_self\" rel=\"external noopener\">View Venue Website<\/a><\/span><br \/>\n\t\t\t\n\t<\/div>\n\t\n\t<\/div>\n<\/div>\n<\/div><\/div>\n<\/div>\n<\/div><\/div>\n","protected":false},"excerpt":{"rendered":"<p>TROUPOV\u00c1 &#038; HROCHOV\u00c1 &#038; \u0160EMBERA &#038; JAN\u00c1L &#038; STEHL\u00cdK<\/p>\n","protected":false},"author":18,"featured_media":6763,"template":"","meta":{"neve_meta_sidebar":"","neve_meta_container":"","neve_meta_enable_content_width":"","neve_meta_content_width":0,"neve_meta_title_alignment":"","neve_meta_author_avatar":"","neve_post_elements_order":"","neve_meta_disable_header":"","neve_meta_disable_footer":"","neve_meta_disable_title":"","neve_meta_reading_time":"","_EventAllDay":false,"_EventTimezone":"Europe\/Prague","_EventStartDate":"2024-01-28 18:00:00","_EventEndDate":"2024-01-28 18:00:00","_EventStartDateUTC":"2024-01-28 17:00:00","_EventEndDateUTC":"2024-01-28 17:00:00","_EventShowMap":false,"_EventShowMapLink":true,"_EventURL":"","_EventCost":"","_EventCostDescription":"","_EventCurrencySymbol":"CZK","_EventCurrencyCode":"","_EventCurrencyPosition":"","_EventDateTimeSeparator":"","_EventTimeRangeSeparator":"","_EventOrganizerID":[],"_EventVenueID":[3792],"_OrganizerEmail":"","_OrganizerPhone":"","_OrganizerWebsite":"","_VenueAddress":"","_VenueCity":"","_VenueCountry":"","_VenueProvince":"","_VenueState":"","_VenueZip":"","_VenuePhone":"","_VenueURL":"","_VenueStateProvince":"","_VenueLat":"","_VenueLng":"","_VenueShowMap":false,"_VenueShowMapLink":false,"_themeisle_gutenberg_block_has_review":false,"_tribe_events_status":"","_tribe_events_status_reason":"","footnotes":""},"tags":[],"tribe_events_cat":[],"class_list":["post-6791","tribe_events","type-tribe_events","status-publish","has-post-thumbnail","hentry"],"_links":{"self":[{"href":"https:\/\/liedercompany.cz\/en\/wp-json\/wp\/v2\/tribe_events\/6791","targetHints":{"allow":["GET"]}}],"collection":[{"href":"https:\/\/liedercompany.cz\/en\/wp-json\/wp\/v2\/tribe_events"}],"about":[{"href":"https:\/\/liedercompany.cz\/en\/wp-json\/wp\/v2\/types\/tribe_events"}],"author":[{"embeddable":true,"href":"https:\/\/liedercompany.cz\/en\/wp-json\/wp\/v2\/users\/18"}],"version-history":[{"count":0,"href":"https:\/\/liedercompany.cz\/en\/wp-json\/wp\/v2\/tribe_events\/6791\/revisions"}],"wp:featuredmedia":[{"embeddable":true,"href":"https:\/\/liedercompany.cz\/en\/wp-json\/wp\/v2\/media\/6763"}],"wp:attachment":[{"href":"https:\/\/liedercompany.cz\/en\/wp-json\/wp\/v2\/media?parent=6791"}],"wp:term":[{"taxonomy":"post_tag","embeddable":true,"href":"https:\/\/liedercompany.cz\/en\/wp-json\/wp\/v2\/tags?post=6791"},{"taxonomy":"tribe_events_cat","embeddable":true,"href":"https:\/\/liedercompany.cz\/en\/wp-json\/wp\/v2\/tribe_events_cat?post=6791"}],"curies":[{"name":"wp","href":"https:\/\/api.w.org\/{rel}","templated":true}]}}