{"id":6969,"date":"2024-01-10T13:50:40","date_gmt":"2024-01-10T12:50:40","guid":{"rendered":"https:\/\/liedercompany.cz\/?post_type=tribe_events&#038;p=6969"},"modified":"2024-03-15T17:32:15","modified_gmt":"2024-03-15T16:32:15","slug":"songs-with-moravian-scent","status":"publish","type":"tribe_events","link":"https:\/\/liedercompany.cz\/en\/event\/songs-with-moravian-scent\/","title":{"rendered":"Songs With Moravian Scent"},"content":{"rendered":"\n<h2 id=\"wp-block-themeisle-blocks-advanced-heading-b57e5834\" class=\"wp-block-themeisle-blocks-advanced-heading wp-block-themeisle-blocks-advanced-heading-b57e5834\">SIBERA &amp; HROCHOV\u00c1 &amp; HOLUB &amp; DU\u0160EK<\/h2>\n\n\n\n<div id=\"wp-block-themeisle-blocks-advanced-columns-21c58472\" class=\"wp-block-themeisle-blocks-advanced-columns has-2-columns has-desktop-equal-layout has-tablet-equal-layout has-mobile-collapsedRows-layout has-vertical-unset\"><div class=\"wp-block-themeisle-blocks-advanced-columns-overlay\"><\/div><div class=\"innerblocks-wrap\">\n<div id=\"wp-block-themeisle-blocks-advanced-column-4b57c752\" class=\"wp-block-themeisle-blocks-advanced-column\"><div class=\"wp-block-themeisle-blocks-advanced-column-overlay\"><\/div>\n<h1 class=\"wp-block-heading has-text-color has-link-color has-x-large-font-size wp-elements-130020d00b92f4dab12adf42b901d894\" style=\"color:#ff0000\"><strong>CANCELLED<\/strong><\/h1>\n\n\n\n<p>In 1875, <strong>Anton\u00edn Dvo\u0159\u00e1k<\/strong> began composing the first of his <em>Moravian Duets<\/em> to folk poetry. Although he originally intended only to adapt folk songs, in the end he used only Moravian folk texts and set them to music in his own original way. The first non-public performance of these duets took place in the home environment of the wholesaler and patron Jan Neff. And their success inspired Dvo\u0159\u00e1k to compose others. The first four are for soprano and tenor with piano, the others for soprano and alto. Usually only a selection of the best known are performed in concert. But at our concert you will hear all 23 performed by soprano <strong>Jana Sibera<\/strong>, mezzo-soprano <strong>Jana Hrochov\u00e1<\/strong> and tenor <strong>Ond\u0159ej Holub<\/strong>.<\/p>\n\n\n\n<p>But since Moravian folk poetry did not only inspire Dvo\u0159\u00e1k, we will supplement his duets with virtually unknown songs by <strong>Anton\u00edn Tu\u010dapsk\u00fd<\/strong> and <strong>Miloslav Kabel\u00e1\u010d<\/strong>. Last but not least, we will hear one of the most impressive Czech song cycles of the 20th century, <em>Ej, srdenko moje<\/em> by <strong>Klement Slavick\u00fd<\/strong>.<\/p>\n<\/div>\n\n\n\n<div id=\"wp-block-themeisle-blocks-advanced-column-c0203347\" class=\"wp-block-themeisle-blocks-advanced-column\"><div class=\"wp-block-image animated fadeIn slower\">\n<figure class=\"aligncenter size-large is-resized\"><img fetchpriority=\"high\" decoding=\"async\" width=\"1024\" height=\"576\" src=\"https:\/\/liedercompany.cz\/wp-content\/uploads\/2024\/01\/Sib-Hro-Ho-1024x576.jpg\" alt=\"\" class=\"wp-image-6955\" style=\"width:431px;height:auto\" title=\"\" srcset=\"https:\/\/liedercompany.cz\/wp-content\/uploads\/2024\/01\/Sib-Hro-Ho-1024x576.jpg 1024w, https:\/\/liedercompany.cz\/wp-content\/uploads\/2024\/01\/Sib-Hro-Ho-300x169.jpg 300w, https:\/\/liedercompany.cz\/wp-content\/uploads\/2024\/01\/Sib-Hro-Ho-768x432.jpg 768w, https:\/\/liedercompany.cz\/wp-content\/uploads\/2024\/01\/Sib-Hro-Ho-200x112.jpg 200w, https:\/\/liedercompany.cz\/wp-content\/uploads\/2024\/01\/Sib-Hro-Ho-600x337.jpg 600w, https:\/\/liedercompany.cz\/wp-content\/uploads\/2024\/01\/Sib-Hro-Ho.jpg 1474w\" sizes=\"(max-width: 1024px) 100vw, 1024px\" \/><\/figure>\n<\/div>\n\n\n<div style=\"height:10px\" aria-hidden=\"true\" class=\"wp-block-spacer\"><\/div>\n\n\n\n<div id=\"wp-block-themeisle-blocks-advanced-columns-58ee6e66\" class=\"wp-block-themeisle-blocks-advanced-columns has-1-columns has-desktop-equal-layout has-tablet-equal-layout has-mobile-equal-layout has-vertical-unset\"><div class=\"wp-block-themeisle-blocks-advanced-columns-overlay\"><\/div><div class=\"innerblocks-wrap\">\n<div id=\"wp-block-themeisle-blocks-advanced-column-727ba837\" class=\"wp-block-themeisle-blocks-advanced-column\"><div  class=\"tribe-events-schedule tribe-clearfix\" >\n\t<p class=\"tribe-events-schedule__datetime\">\n\t\t<span class=\"tribe-events-schedule__date tribe-events-schedule__date--start\">\n\t\t\t24 \/ 3 \/ 2024\t\t<\/span>\n\n\t\t\t\t\t<span class=\"tribe-events-schedule__separator tribe-events-schedule__separator--date\">\n\t\t\t\t \u2013 \t\t\t<\/span>\n\t\t\t<span class=\"tribe-events-schedule__time tribe-events-schedule__time--start\">\n\t\t\t\t19:30\t\t\t<\/span>\n\t\t\n\t\t\t<\/p>\n<\/div>\n<\/div>\n<\/div><\/div>\n\n\n\n<h3 id=\"wp-block-themeisle-blocks-advanced-heading-d69a83b3\" class=\"wp-block-themeisle-blocks-advanced-heading wp-block-themeisle-blocks-advanced-heading-d69a83b3\">Novom\u011bstsk\u00e1 radnice, Praha<\/h3>\n\n\n\n<h4 id=\"wp-block-themeisle-blocks-advanced-heading-6781cfa3\" class=\"wp-block-themeisle-blocks-advanced-heading wp-block-themeisle-blocks-advanced-heading-6781cfa3\">Velk\u00fd s\u00e1l<\/h4>\n<\/div>\n<\/div><\/div>\n\n\n\n<div style=\"height:25px\" aria-hidden=\"true\" class=\"wp-block-spacer\"><\/div>\n\n\n\n<div id=\"wp-block-themeisle-blocks-advanced-columns-b97a8146\" class=\"wp-block-themeisle-blocks-advanced-columns has-1-columns has-desktop-equal-layout has-tablet-equal-layout has-mobile-equal-layout has-vertical-unset\"><div class=\"wp-block-themeisle-blocks-advanced-columns-overlay\"><\/div><div class=\"innerblocks-wrap\">\n<div id=\"wp-block-themeisle-blocks-advanced-column-1d6f84e4\" class=\"wp-block-themeisle-blocks-advanced-column\"><\/div>\n<\/div><\/div>\n\n\n\n<div id=\"wp-block-themeisle-blocks-advanced-columns-2e61e71c\" class=\"wp-block-themeisle-blocks-advanced-columns has-1-columns has-desktop-equal-layout has-tablet-equal-layout has-mobile-collapsedRows-layout has-vertical-unset\"><div class=\"wp-block-themeisle-blocks-advanced-columns-overlay\"><\/div><div class=\"innerblocks-wrap\">\n<div id=\"wp-block-themeisle-blocks-advanced-column-d9cd90cf\" class=\"wp-block-themeisle-blocks-advanced-column\"><div class=\"wp-block-themeisle-blocks-advanced-column-overlay\"><\/div>\n<div class=\"wp-block-group\"><div class=\"wp-block-group__inner-container is-layout-constrained wp-block-group-is-layout-constrained\">\n<h2 id=\"wp-block-themeisle-blocks-advanced-heading-49b8c093\" class=\"wp-block-themeisle-blocks-advanced-heading wp-block-themeisle-blocks-advanced-heading-49b8c093\">Programme:<\/h2>\n\n\n\n<div id=\"wp-block-themeisle-blocks-icon-list-ef734a21\" class=\"wp-block-themeisle-blocks-icon-list\">\n<div id=\"wp-block-themeisle-blocks-icon-list-item-82e1579f\" class=\"wp-block-themeisle-blocks-icon-list-item\"><i class=\"fas fa-angle-double-right wp-block-themeisle-blocks-icon-list-item-icon-custom\"><\/i><p class=\"wp-block-themeisle-blocks-icon-list-item-content\">Anton\u00edn Dvo\u0159\u00e1k: <em>Moravsk\u00e9 dvojzp\u011bvy op. 20, 32 a 38 <\/em><\/p><\/div>\n\n\n\n<div id=\"wp-block-themeisle-blocks-icon-list-item-92ac6da7\" class=\"wp-block-themeisle-blocks-icon-list-item\"><i class=\"fas fa-angle-double-right wp-block-themeisle-blocks-icon-list-item-icon-custom\"><\/i><p class=\"wp-block-themeisle-blocks-icon-list-item-content\">Klement Slavick\u00fd: <em>Ej, srdenko moje<\/em><\/p><\/div>\n\n\n\n<div id=\"wp-block-themeisle-blocks-icon-list-item-1c399367\" class=\"wp-block-themeisle-blocks-icon-list-item\"><i class=\"fas fa-angle-double-right wp-block-themeisle-blocks-icon-list-item-icon-custom\"><\/i><p class=\"wp-block-themeisle-blocks-icon-list-item-content\">Anton\u00edn Tu\u010dapsk\u00fd: <em>Kv\u00edt\u00ed milod\u011bjn\u00e9, op. 7\u00a0<\/em><\/p><\/div>\n\n\n\n<div id=\"wp-block-themeisle-blocks-icon-list-item-a2a4ef90\" class=\"wp-block-themeisle-blocks-icon-list-item\"><i class=\"fas fa-angle-double-right wp-block-themeisle-blocks-icon-list-item-icon-custom\"><\/i><p class=\"wp-block-themeisle-blocks-icon-list-item-content\">Miloslav Kabel\u00e1\u010d: <em>Milostn\u00e9 p\u00edsn\u011b\u00a0<\/em><\/p><\/div>\n<\/div>\n<\/div><\/div>\n<\/div>\n<\/div><\/div>\n\n\n\n<div class=\"wp-block-group\"><div class=\"wp-block-group__inner-container is-layout-constrained wp-block-group-is-layout-constrained\">\n<h2 id=\"wp-block-themeisle-blocks-advanced-heading-d4a8cef3\" class=\"wp-block-themeisle-blocks-advanced-heading wp-block-themeisle-blocks-advanced-heading-d4a8cef3\">Performers:<\/h2>\n\n\n\n<div id=\"wp-block-themeisle-blocks-accordion-22ba6274\" class=\"wp-block-themeisle-blocks-accordion exclusive is-style-default\">\n<details class=\"wp-block-themeisle-blocks-accordion-item\"><summary class=\"wp-block-themeisle-blocks-accordion-item__title\"><div>Jana Sibera &#8211; soprano<\/div><\/summary><div class=\"wp-block-themeisle-blocks-accordion-item__content\"><div class=\"wp-block-image animated fadeIn slower\">\n<figure class=\"alignleft size-large is-resized\"><img decoding=\"async\" width=\"683\" height=\"1024\" src=\"https:\/\/liedercompany.cz\/wp-content\/uploads\/2021\/12\/DSC0629-Edit-683x1024.jpg\" alt=\"\" class=\"wp-image-1008\" style=\"width:250px;height:undefinedpx\" title=\"\" srcset=\"https:\/\/liedercompany.cz\/wp-content\/uploads\/2021\/12\/DSC0629-Edit-683x1024.jpg 683w, https:\/\/liedercompany.cz\/wp-content\/uploads\/2021\/12\/DSC0629-Edit-200x300.jpg 200w, https:\/\/liedercompany.cz\/wp-content\/uploads\/2021\/12\/DSC0629-Edit-768x1152.jpg 768w, https:\/\/liedercompany.cz\/wp-content\/uploads\/2021\/12\/DSC0629-Edit-1024x1536.jpg 1024w, https:\/\/liedercompany.cz\/wp-content\/uploads\/2021\/12\/DSC0629-Edit-1366x2048.jpg 1366w, https:\/\/liedercompany.cz\/wp-content\/uploads\/2021\/12\/DSC0629-Edit-300x450.jpg 300w, https:\/\/liedercompany.cz\/wp-content\/uploads\/2021\/12\/DSC0629-Edit-600x900.jpg 600w, https:\/\/liedercompany.cz\/wp-content\/uploads\/2021\/12\/DSC0629-Edit-scaled.jpg 1707w\" sizes=\"(max-width: 683px) 100vw, 683px\" \/><\/figure>\n<\/div>\n\n\n<p>Soprano&nbsp;<strong>Jana Sibera<\/strong>&nbsp;graduated from the Prague Conservatory (2000) and the Faculty of Music of the Academy of Performing Arts in Prague (2005). Since 1995, she has been a guest at the National Theatre and since 2000 at the State Opera Prague, where she accepted an engagement in 2002. Since 1st January 2012 she has been a soloist of the National Theatre Opera.<\/p>\n\n\n\n<p>She has appeared in productions of the State Opera Prague and the National Theatre as Mozart\u2019s Zerlina (Don Giovanni), Susanna (The Marriage of Figaro), Papagena and the Queen of the Night (Die Zauberfl\u00f6te) and Despina (Cos\u00ec fan tutte); Lucia (Donizetti: Lucia di Lammermoor), Verdi\u2019s Violetta (La traviata), Gilda (Rigoletto) and Oscar (Masquerade Ball), as well as Musetta (Puccini: La boh\u00e8me), Ad\u00e9la (Strauss: Die Fledermaus), Philine (Thomas: Mignon), Frasquita and Micaela (Bizet: Carmen), The Cook and the First Maid (Dvo\u0159\u00e1k: Rusalka), Clarisse (Weber \u2013 Mahler: The Three Pints), Cunegonde (Bernstein: Candide), in the triple role of the Waiter \u2013 the Miracle Child \u2013 the Pupil in Jan\u00e1\u010dek\u2019s opera The Excursions of Mr.Brou\u010dek under the baton of Charles Mackerras, also as Karolina (Smetana: The Two Widows), Bystrouska (Jan\u00e1\u010dek: The Cunning Little Vixen), Terinka (Dvo\u0159\u00e1k: Jakob\u00edn), Ma\u0159enka (Humperdinck: Jen\u00ed\u010dek a Ma\u0159enka), etc. Her repertoire also includes the roles of Norina (Donizetti: Don Pasquale), Blonda (Mozart: The Abduction from the Seraglio), Fiorilla (Rossini: The Turk in Italy) and Bla\u017eenka (Smetana: The Secret), which she staged for the J. K. Tyl Theatre in Pilsen.<\/p>\n\n\n\n<p>She performed in more than 40 performances of Don Giovanni in the summer stagion of Opera Mozart at the Estates Theatre. At the National Moravian-Silesian Theatre she guest-starred as Verdi\u2019s Violetta (La traviata), Eurydice (Offenbach: Orpheus in the Underworld) and Annina (Strauss: A Night in Venice). In 2022 she performed the role of Manon in Jules Massenet\u2019s opera of the same name, for which she also won the Thalia Award.<\/p>\n\n\n\n<p>In June 2008 she was a finalist in the Barbara Hendricks International Singing Competition in Strasbourg. In 2011 and 2012, she guest starred as Violetta in Gdansk, and in 2016 as Ophelia in Opera Gothenburg. She has also participated in several tours of the National Theatre Opera in Japan and Korea. Among her great successes is the collaboration with tenor Jonas Kaufmann on his profile CD for Decca. She has worked with conductors such as M. Armiliato, Sir Ch. Mackerras, J. B\u011blohl\u00e1vek, J. Latham-Koenig, G. Tourniaire and E. Dovico.<\/p>\n\n\n\n<p> <\/p>\n<\/div><\/details>\n\n\n\n<details class=\"wp-block-themeisle-blocks-accordion-item\"><summary class=\"wp-block-themeisle-blocks-accordion-item__title\"><div>Jana Hrochov\u00e1 &#8211; mezzo-soprano<\/div><\/summary><div class=\"wp-block-themeisle-blocks-accordion-item__content\"><div class=\"wp-block-image animated fadeIn slower\">\n<figure class=\"alignleft size-large is-resized\"><img decoding=\"async\" width=\"669\" height=\"1024\" src=\"https:\/\/liedercompany.cz\/wp-content\/uploads\/2021\/12\/0LB9835-Edit-669x1024.jpg\" alt=\"\" class=\"wp-image-1007\" style=\"width:300px;height:undefinedpx\" title=\"\" srcset=\"https:\/\/liedercompany.cz\/wp-content\/uploads\/2021\/12\/0LB9835-Edit-669x1024.jpg 669w, https:\/\/liedercompany.cz\/wp-content\/uploads\/2021\/12\/0LB9835-Edit-196x300.jpg 196w, https:\/\/liedercompany.cz\/wp-content\/uploads\/2021\/12\/0LB9835-Edit-768x1176.jpg 768w, https:\/\/liedercompany.cz\/wp-content\/uploads\/2021\/12\/0LB9835-Edit-300x459.jpg 300w, https:\/\/liedercompany.cz\/wp-content\/uploads\/2021\/12\/0LB9835-Edit-600x918.jpg 600w, https:\/\/liedercompany.cz\/wp-content\/uploads\/2021\/12\/0LB9835-Edit.jpg 980w\" sizes=\"(max-width: 669px) 100vw, 669px\" \/><\/figure>\n<\/div>\n\n\n<p>The mezzo-soprano&nbsp;<strong>Jana Hrochov\u00e1<\/strong>&nbsp;(Wallingerov\u00e1), n\u00e9e \u0160tef\u00e1\u010dkov\u00e1, gained her first singing experience in a children\u2019s choir in the Moravian town of \u0160umperk. She studied at the Prague Conservatory with Jarmila Kr\u00e1sov\u00e1 from 1993 to 1999. In 2001, she began studying privately with the soprano Natalia Romanov\u00e1. In 1998, she came in second at the Czech Conservatories Singing Contest. Her first engagements took place at the Opera Mozart in Prague between 1997 and 2000, extending her activities to ancient music (with Ars Cameralis) and folk music (with the Muzika Jara ensemble).&nbsp;In 2000, Mrs Hrochov\u00e1 was invited to join the opera company of the National Theatre in Brno, Czech Republic. The repertoire she sang in Brno includes Carmen (Carmen), Laura (La Gioconda), Kate (The Devil and Kate), Rosina (Il barbiere di Siviglia), Suzuki (Madame Butterfly), The Fox (The Cunning Little Vixen), Varvara (Katja Kabanova), Fenena (Nabucco), H\u00e4nsel (H\u00e4nsel and Gretel), Nicklausse (The Tales of Hoffmann) and others. Guest performances have taken the young mezzo to a number of opera houses, such as the Prague National Theatre, Prague State Opera, Plze\u0148, \u00dast\u00ed nad Labem, Liberec, Ostrava, Olomouc (Czech Republic), State Theatre Ko\u0161ice (Slovakia) and Theatre Freiburg (Germany). Mrs Hrochov\u00e1\u2019s concert activities are an essential part of her repertoire and have brought her together with some leading Czech and foreign orchestras, such as the BBC Symphony Orchestra, Tokyo Metropolitan Symphony Orchestra, Czech Philharmonic, Prague Symphony Orchestra FOK, Prague Radio Symphonic Orchestra, Brno Philharmonic Orchestra, Prague Chamber Philharmonic Orchestra, Jan\u00e1\u010dek Philharmonic Orchestra, Bohuslav Martin\u016f Philharmonic Orchestra and others. She works with conductors such as Ji\u0159\u00ed B\u011blohl\u00e1vek, Serge Baudo, Gerd Albrecht, Manfred Honeck, Ondrej Len\u00e1rd, Petr Altrichter, Jakub Hr\u016f\u0161a, Leo\u0161 Sv\u00e1rovsk\u00fd, Tom\u00e1\u0161 Hanus, Andrej Borejko, Dennis Russell Davies and others. Mrs Hrochov\u00e1&nbsp; often makes guest appearances at opera houses and concert stages outside the Czech Republic (Great Britain, Japan, China, Spain, Mexico, Greece, Netherlands, Austria, Germany and Italy).&nbsp;In 2011, she sang the alto solo in Dvorak\u2019s Requiem mass at a state funeral of Vaclav Havel. The Brno National Theatre awarded her with the DIVA 2005, 2008 and 2010 Award. In 2012, she was nominated for the Thalia award for her role as Dulcin\u00e9e in Massenet\u2019s Don Quichotte in a production of the F. X. \u0160alda Theatre in Liberec. In 2013, she was nominated for the Thalia award for her role as Hermia in Britten\u2019s Midsummer Night\u2019s Dream in a production of The Brno National Theatre. In 2011 and 2018 she recorded songs by Bohuslav Martin\u016f for Naxos Records. In 2014, she was invited to perform the role of Carmen in the Theatre Freiburg, Germany. In 2016, she made her BBC Proms debut at the Royal Albert Hall in London.<\/p>\n\n\n\n<p class=\"has-text-align-right\"><a href=\"https:\/\/www.janahrochova.cz\/\" target=\"_blank\" rel=\"noreferrer noopener\">www.janahrochova.cz\/<\/a><\/p>\n<\/div><\/details>\n\n\n\n<details class=\"wp-block-themeisle-blocks-accordion-item\"><summary class=\"wp-block-themeisle-blocks-accordion-item__title\"><div>Ond\u0159ej Holub &#8211; tenor<\/div><\/summary><div class=\"wp-block-themeisle-blocks-accordion-item__content\"><div class=\"wp-block-image animated fadeIn slower\">\n<figure class=\"alignleft size-large is-resized\"><img loading=\"lazy\" decoding=\"async\" width=\"1479\" height=\"986\" src=\"https:\/\/liedercompany.cz\/wp-content\/uploads\/2024\/01\/Ondrej-Holub_credit-Jan-Dusek_2023_02-edited.jpg\" alt=\"\" class=\"wp-image-6965\" style=\"width:381px;height:auto\" title=\"\" srcset=\"https:\/\/liedercompany.cz\/wp-content\/uploads\/2024\/01\/Ondrej-Holub_credit-Jan-Dusek_2023_02-edited.jpg 1479w, https:\/\/liedercompany.cz\/wp-content\/uploads\/2024\/01\/Ondrej-Holub_credit-Jan-Dusek_2023_02-edited-300x200.jpg 300w, https:\/\/liedercompany.cz\/wp-content\/uploads\/2024\/01\/Ondrej-Holub_credit-Jan-Dusek_2023_02-edited-1024x683.jpg 1024w, https:\/\/liedercompany.cz\/wp-content\/uploads\/2024\/01\/Ondrej-Holub_credit-Jan-Dusek_2023_02-edited-768x512.jpg 768w, https:\/\/liedercompany.cz\/wp-content\/uploads\/2024\/01\/Ondrej-Holub_credit-Jan-Dusek_2023_02-edited-930x620.jpg 930w, https:\/\/liedercompany.cz\/wp-content\/uploads\/2024\/01\/Ondrej-Holub_credit-Jan-Dusek_2023_02-edited-200x133.jpg 200w, https:\/\/liedercompany.cz\/wp-content\/uploads\/2024\/01\/Ondrej-Holub_credit-Jan-Dusek_2023_02-edited-600x400.jpg 600w\" sizes=\"(max-width: 1479px) 100vw, 1479px\" \/><\/figure>\n<\/div>\n\n\n<p>In his early youth&nbsp;<strong>Ond\u0159ej Holub<\/strong>&nbsp;went through K\u00fchn\u2019s children\u2019s choir and the Pueri gaudentes boys\u2019 choir, thanks to which he became a child soloist of the Prague State Opera in a production of Mozart\u2019s The Magic Flute. He studied classical singing privately with Prof. Lenka Pi\u0161t\u011bck\u00e1, while studying at the Prague Conservatory with Prof. Valentin Prolat and later developed his singing skills with Prof. Ji\u0159\u00ed Kotou\u010d.<\/p>\n\n\n\n<p>Since 2019 he has been collaborating with the internationally renowned Collegium 1704, where he performs as a soloist as a soloist and ensemble singer, he also regularly collaborates with Ensemble Damian, a historically informed interpretation of Baroque opera. As a soloist he regularly collaborates with a number of ensembles and orchestras (Prague Symphony Orchestra FOK, Hradec Kr\u00e1lov\u00e9 Philharmonic, South Bohemian Chamber Philharmonic, etc. He is also an ensemble singer with most of the leading domestic early music ensembles \u2013 Schola Gregoriana Pragensis, Collegium Marianum, Cappella Mariana, Ensemble In\u00e9gal, Czech Ensemble Baroque, Victoria Ensemble, Musica Florea, with whom he regularly participates in prestigious domestic and international festivals.<\/p>\n\n\n\n<p>From 2013-2019 he was a member of the vocal ensemble Martin\u016f Voices, which ranks among the elite performers of 20th and 21st century music. In 2007, he founded the male vocal quintet Rudolfvoice with former members of the Pueri Gaudentes choir, with whom he performed at the Kennedy Center in Washington, DC. He also occasionally collaborates with the Prague Philharmonic Choir, with whom he performed Gustav Mahler\u2019s Symphony No. 2 at New York\u2019s Carnegie Hall on the centenary of the founding of Czechoslovakia.<\/p>\n<\/div><\/details>\n\n\n\n<details class=\"wp-block-themeisle-blocks-accordion-item\"><summary class=\"wp-block-themeisle-blocks-accordion-item__title\"><div>Jan Du\u0161ek &#8211; piano<\/div><\/summary><div class=\"wp-block-themeisle-blocks-accordion-item__content\"><div class=\"wp-block-image animated fadeIn slower\">\n<figure class=\"alignleft size-large is-resized\"><img loading=\"lazy\" decoding=\"async\" width=\"1024\" height=\"683\" src=\"https:\/\/liedercompany.cz\/wp-content\/uploads\/2023\/04\/IMG_8669-1024x683.jpg\" alt=\"Jan Du\u0161ek\" class=\"wp-image-5226\" style=\"aspect-ratio:1.5069124423963134;width:365px;height:auto\" title=\"\" srcset=\"https:\/\/liedercompany.cz\/wp-content\/uploads\/2023\/04\/IMG_8669-1024x683.jpg 1024w, https:\/\/liedercompany.cz\/wp-content\/uploads\/2023\/04\/IMG_8669-300x200.jpg 300w, https:\/\/liedercompany.cz\/wp-content\/uploads\/2023\/04\/IMG_8669-768x512.jpg 768w, https:\/\/liedercompany.cz\/wp-content\/uploads\/2023\/04\/IMG_8669-1536x1024.jpg 1536w, https:\/\/liedercompany.cz\/wp-content\/uploads\/2023\/04\/IMG_8669-2048x1365.jpg 2048w, https:\/\/liedercompany.cz\/wp-content\/uploads\/2023\/04\/IMG_8669-930x620.jpg 930w, https:\/\/liedercompany.cz\/wp-content\/uploads\/2023\/04\/IMG_8669-200x133.jpg 200w, https:\/\/liedercompany.cz\/wp-content\/uploads\/2023\/04\/IMG_8669-600x400.jpg 600w\" sizes=\"(max-width: 1024px) 100vw, 1024px\" \/><\/figure>\n<\/div>\n\n\n<p><strong>Jan Du\u0161ek<\/strong>&nbsp;studied at the Conservatory in Teplice (piano, composition). In 2004-2012, he studied composition at the Academy of Performing Arts in Prague (Hanus Barton), where he finished his doctoral studies in the same field in 2012. Since then, Jan Du\u0161ek has taught at the composition department of the Academy. As a pianist he participated in several master courses (Cyprien Katsaris, Irina Ossipova, Angela Hewitt, Lilit Grygorian, Maria Jo\u00e3o Pires), in 2013\/14 he studied piano privately with Robert Lehrbaumer in Vienna, in 2015 with Xiao-Mei Zhu in Paris, and since 2016 with Gordon Fergus-Thompson in London. He has won awards and honourable mentions in competitions (Concertino Praga, the International Piano Competition B. Smetana Competition of Conservatories, Zdenek Fibich International Competition in the interpretation of melodrama). He periodically records contemporary Czech music for Czech Radio, e.g. in 2019, he completed a&nbsp; recording of complete piano works by Rudolf Karel. In 2015 he released a CD of complete songs for soprano and piano by Viktor Ullman with soprano Irena Troupova. He regularly performs at international music festivals (Prague Spring, V\u011b\u010dn\u00e1 nad\u011bje, Junge Kunstler Beyreuth etc.).<\/p>\n\n\n\n<p>In 2006 he was awarded the first prize at the Composers Competition \u201cGeneration\u201c for the piece \u201c\u2026 in seven days I will send rain on the Earth \u2026\u201d, and in 2007 at the same competition he again won first prize for the composition \u201cGradation for organ.\u201d In 2008 he received the \u2018Audience\u2019s Prize\u2019 for the composition \u201cChalomot jehudi\u2019im\u201d, a year later receiving the Prize of Gideon Klein for the same composition. In 2010, his melodrama \u201cPrague Walker\u201d was awarded 2nd prize in the Competition for Young Artists, announced by the City District Prague 1. For his music to accompany the silent film \u201cThe Child of the Ghetto\u201d, Jan received the \u2018Audience\u2019s Prize\u2019 in the 2011 NuBerg competition. His compositions have been commissioned by festivals and competitions (such as the International Festival of Concert Melodrama, Viktor Ullmann festival \u010cesk\u00fd T\u011b\u0161\u00edn, Prague Spring Competition etc.), and performed by leading Czech soloists (such as clarinettist Irvin Veny\u0161 and the percussionist Mark\u00e9ta Mazourov\u00e1) as well as chamber ensembles and orchestras (e.g., Nederlands Blazers Ensemble, Epoque quartet; BERG Orchestra; Prague Philharmonia; Prague Philharmonic Choir). In 2021, Jan co-established the Lieder Company association which aims to promote art song recitals and repertoire.<\/p>\n\n\n\n<p class=\"has-text-align-right\"><a href=\"http:\/\/www.jan-dusek.com\/\" target=\"_blank\" rel=\"noreferrer noopener\">www.jan-dusek.com<\/a><\/p>\n\n\n\n<hr class=\"wp-block-separator has-alpha-channel-opacity\"\/>\n<\/div><\/details>\n<\/div>\n<\/div><\/div>\n\n\n\n<div style=\"height:29px\" aria-hidden=\"true\" class=\"wp-block-spacer\"><\/div>\n\n\n\n<div id=\"wp-block-themeisle-blocks-advanced-columns-7d84338f\" class=\"wp-block-themeisle-blocks-advanced-columns has-1-columns has-desktop-equal-layout has-tablet-equal-layout has-mobile-equal-layout has-vertical-unset\"><div class=\"wp-block-themeisle-blocks-advanced-columns-overlay\"><\/div><div class=\"innerblocks-wrap\">\n<div id=\"wp-block-themeisle-blocks-advanced-column-1f0df171\" class=\"wp-block-themeisle-blocks-advanced-column\">\n<h3 id=\"wp-block-themeisle-blocks-advanced-heading-ff290f5e\" class=\"wp-block-themeisle-blocks-advanced-heading wp-block-themeisle-blocks-advanced-heading-ff290f5e\">Venue:<\/h3>\n\n\n\n<div id=\"wp-block-themeisle-blocks-advanced-columns-291ddd9a\" class=\"wp-block-themeisle-blocks-advanced-columns has-1-columns has-desktop-equal-layout has-tablet-equal-layout has-mobile-equal-layout has-vertical-unset\"><div class=\"wp-block-themeisle-blocks-advanced-columns-overlay\"><\/div><div class=\"innerblocks-wrap\">\n<div id=\"wp-block-themeisle-blocks-advanced-column-409ad7fd\" class=\"wp-block-themeisle-blocks-advanced-column\"><div  class=\"tribe-block tribe-block__venue tribe-clearfix\" >\n\t\n\t\n<div class=\"tribe-block__venue__meta\">\n\t<div class=\"tribe-block__venue__name\">\n\t\t<h3>Novom\u011bstsk\u00e1 radnice<\/h3>\n\t<\/div>\n\n\t\n\t\t\t\t\t\t<address class=\"tribe-block__venue__address\">\n\t\t\t\t<span class=\"tribe-address\">\n\n<span class=\"tribe-street-address\">Karlovo n\u00e1m. 1<\/span>\n\t\n\t\t<br>\n\t\t<span class=\"tribe-locality\">Praha 2<\/span><span class=\"tribe-delimiter\">,<\/span>\n\n\n\t<span class=\"tribe-postal-code\">120 00<\/span>\n\n\t<span class=\"tribe-country-name\">\u010cesk\u00e1 republika<\/span>\n\n<\/span>\n\n\t\t\t\t\t\t\t<\/address>\n\t\t\n\t\t\n\t\t\t\t\t<span class=\"tribe-block__venue__website\"><a href=\"http:\/\/www.novomestskaradnice.cz\/\" target=\"_self\" rel=\"external noopener\">View Venue Website<\/a><\/span><br \/>\n\t\t\t\n\t<\/div>\n\t\n\t<\/div>\n<\/div>\n<\/div><\/div>\n<\/div>\n<\/div><\/div>\n","protected":false},"excerpt":{"rendered":"<p>SIBERA &#038; HROCHOV\u00c1 &#038; HOLUB &#038; DU\u0160EK<\/p>\n<p>Anton\u00edn Dvo\u0159\u00e1k, Anton\u00edn Tu\u010dapsk\u00fd, Miloslav Kabel\u00e1\u010d, Klement Slavick\u00fd<\/p>\n","protected":false},"author":18,"featured_media":6956,"template":"","meta":{"neve_meta_sidebar":"","neve_meta_container":"","neve_meta_enable_content_width":"","neve_meta_content_width":0,"neve_meta_title_alignment":"","neve_meta_author_avatar":"","neve_post_elements_order":"","neve_meta_disable_header":"","neve_meta_disable_footer":"","neve_meta_disable_title":"","neve_meta_reading_time":"","_EventAllDay":false,"_EventTimezone":"Europe\/Prague","_EventStartDate":"2024-03-24 19:30:00","_EventEndDate":"2024-03-24 19:30:00","_EventStartDateUTC":"2024-03-24 18:30:00","_EventEndDateUTC":"2024-03-24 18:30:00","_EventShowMap":false,"_EventShowMapLink":true,"_EventURL":"","_EventCost":"","_EventCostDescription":"","_EventCurrencySymbol":"CZK","_EventCurrencyCode":"CZK","_EventCurrencyPosition":"suffix","_EventDateTimeSeparator":" \u2013 ","_EventTimeRangeSeparator":" - ","_EventOrganizerID":[],"_EventVenueID":[866],"_OrganizerEmail":"","_OrganizerPhone":"","_OrganizerWebsite":"","_VenueAddress":"","_VenueCity":"","_VenueCountry":"","_VenueProvince":"","_VenueState":"","_VenueZip":"","_VenuePhone":"","_VenueURL":"","_VenueStateProvince":"","_VenueLat":"","_VenueLng":"","_VenueShowMap":false,"_VenueShowMapLink":false,"_themeisle_gutenberg_block_has_review":false,"_tribe_events_status":"","_tribe_events_status_reason":"","footnotes":""},"tags":[],"tribe_events_cat":[],"class_list":["post-6969","tribe_events","type-tribe_events","status-publish","has-post-thumbnail","hentry"],"_links":{"self":[{"href":"https:\/\/liedercompany.cz\/en\/wp-json\/wp\/v2\/tribe_events\/6969","targetHints":{"allow":["GET"]}}],"collection":[{"href":"https:\/\/liedercompany.cz\/en\/wp-json\/wp\/v2\/tribe_events"}],"about":[{"href":"https:\/\/liedercompany.cz\/en\/wp-json\/wp\/v2\/types\/tribe_events"}],"author":[{"embeddable":true,"href":"https:\/\/liedercompany.cz\/en\/wp-json\/wp\/v2\/users\/18"}],"version-history":[{"count":0,"href":"https:\/\/liedercompany.cz\/en\/wp-json\/wp\/v2\/tribe_events\/6969\/revisions"}],"wp:featuredmedia":[{"embeddable":true,"href":"https:\/\/liedercompany.cz\/en\/wp-json\/wp\/v2\/media\/6956"}],"wp:attachment":[{"href":"https:\/\/liedercompany.cz\/en\/wp-json\/wp\/v2\/media?parent=6969"}],"wp:term":[{"taxonomy":"post_tag","embeddable":true,"href":"https:\/\/liedercompany.cz\/en\/wp-json\/wp\/v2\/tags?post=6969"},{"taxonomy":"tribe_events_cat","embeddable":true,"href":"https:\/\/liedercompany.cz\/en\/wp-json\/wp\/v2\/tribe_events_cat?post=6969"}],"curies":[{"name":"wp","href":"https:\/\/api.w.org\/{rel}","templated":true}]}}