{"id":7647,"date":"2026-04-19T13:50:38","date_gmt":"2026-04-19T11:50:38","guid":{"rendered":"https:\/\/liedercompany.cz\/?post_type=tribe_events&#038;p=7647"},"modified":"2026-04-19T14:14:49","modified_gmt":"2026-04-19T12:14:49","slug":"their-music-lives-on-ullmann-festival","status":"publish","type":"tribe_events","link":"https:\/\/liedercompany.cz\/en\/event\/their-music-lives-on-ullmann-festival\/","title":{"rendered":"Their Music Lives On \u2013 Ullmann Festival"},"content":{"rendered":"\n<h2 id=\"wp-block-themeisle-blocks-advanced-heading-b57e5834\" class=\"wp-block-themeisle-blocks-advanced-heading wp-block-themeisle-blocks-advanced-heading-b57e5834\">TROUPOV\u00c1 &amp; HOLUB &amp; DU\u0160EK<\/h2>\n\n\n\n<div id=\"wp-block-themeisle-blocks-advanced-columns-21c58472\" class=\"wp-block-themeisle-blocks-advanced-columns has-2-columns has-desktop-equal-layout has-tablet-equal-layout has-mobile-collapsedRows-layout has-vertical-unset\"><div class=\"wp-block-themeisle-blocks-advanced-columns-overlay\"><\/div><div class=\"innerblocks-wrap\">\n<div id=\"wp-block-themeisle-blocks-advanced-column-4b57c752\" class=\"wp-block-themeisle-blocks-advanced-column\"><div class=\"wp-block-themeisle-blocks-advanced-column-overlay\"><\/div>\n<p class=\"has-nv-dark-bg-color has-text-color has-link-color wp-elements-652e0c43d8006ab319eb4814a2c45bb7\">The closing concert of this year\u2019s Ullmann Festival takes us back to our roots \u2013 both to the place where the festival originated and to Viktor Ullmann\u2019s birthplace. The synagogue in \u010cesk\u00fd T\u011b\u0161\u00edn, which has already hosted a number of festival concerts, will once again resound with a purely song program under the eloquent title \u201cTheir Music Lives On.\u201d This program will include works by composers who, like Ullmann, did not survive Nazi persecution, as well as by two contemporary composers inspired by the fate of persecuted artists.&nbsp;<\/p>\n\n\n\n<p class=\"has-nv-dark-bg-color has-text-color has-link-color wp-elements-d0eda3842094e85f7e3d95419fb58312\"><strong>Erwin Schulhoff&nbsp;<\/strong>and&nbsp;<strong>Viktor Ullmann<\/strong>, both Jews, became victims of the Holocaust (albeit under different circumstances), while&nbsp;<strong>Karl Horwitz<\/strong>, also a Jewish composer from Vienna, was \u201cspared\u201d this fate only because he died in 1925 as a result of a serious illness\u2026 His song cycle, recently discovered by Irena Troupov\u00e1 and to be performed in its Czech premiere at the concert, will be the first dramaturgical surprise of the evening. <\/p>\n\n\n\n<p class=\"has-nv-dark-bg-color has-text-color has-link-color wp-elements-a4b5cddbdd4604f107124c2d49d433e5\">Although&nbsp;<strong>Rudolf Karel<\/strong>&nbsp;was not of Jewish origin, as a participant in the anti-Nazi resistance in Czechoslovakia, he was first imprisoned for almost two years in Pankr\u00e1c, and then transferred to the Small Fortress in Terez\u00edn, where he died in March 1945 as a result of physical exhaustion. <\/p>\n\n\n\n<p class=\"has-nv-dark-bg-color has-text-color has-link-color wp-elements-90027581fbaecf6f8657edf107ffdc58\">To a certain extent, the French poet and resistance fighter Robert Desnos shared a similar fate with Karel. His verses were set to music by the prominent contemporary Czech composer&nbsp;<strong>Sylva Smejkalov\u00e1<\/strong>. After imprisonment in France and Germany, Desnos was also transported to Terez\u00edn at the end of the war. He lived to see its liberation in May 1945, but died a month later as a result of typhoid fever. <\/p>\n\n\n\n<p class=\"has-nv-dark-bg-color has-text-color has-link-color wp-elements-595d9608bcff5324631427b7cc9c7b5f\">The&nbsp;<strong>closing concert of the ULLMANN FESTIVAL<\/strong>&nbsp;will also feature a world premiere: commissioned by the festival, composer&nbsp;<strong>Jan Du\u0161ek<\/strong>&nbsp;created a song cycle for two voices and piano based on poems by Old\u0159ich B\u00f6hm (1906\u20131944), yet another of the countless and hitherto unknown victims of the Holocaust in the Bohemian lands.<\/p>\n<\/div>\n\n\n\n<div id=\"wp-block-themeisle-blocks-advanced-column-c0203347\" class=\"wp-block-themeisle-blocks-advanced-column\"><div class=\"wp-block-image animated fadeIn slower\">\n<figure class=\"aligncenter size-large is-resized\"><img loading=\"lazy\" decoding=\"async\" width=\"924\" height=\"1024\" src=\"https:\/\/liedercompany.cz\/wp-content\/uploads\/2023\/10\/Viktor_Ullmann_edit-924x1024.jpg\" alt=\"\" class=\"wp-image-5709\" style=\"width:431px;height:auto\" title=\"\" srcset=\"https:\/\/liedercompany.cz\/wp-content\/uploads\/2023\/10\/Viktor_Ullmann_edit-924x1024.jpg 924w, https:\/\/liedercompany.cz\/wp-content\/uploads\/2023\/10\/Viktor_Ullmann_edit-271x300.jpg 271w, https:\/\/liedercompany.cz\/wp-content\/uploads\/2023\/10\/Viktor_Ullmann_edit-768x851.jpg 768w, https:\/\/liedercompany.cz\/wp-content\/uploads\/2023\/10\/Viktor_Ullmann_edit-180x200.jpg 180w, https:\/\/liedercompany.cz\/wp-content\/uploads\/2023\/10\/Viktor_Ullmann_edit-300x333.jpg 300w, https:\/\/liedercompany.cz\/wp-content\/uploads\/2023\/10\/Viktor_Ullmann_edit-600x665.jpg 600w, https:\/\/liedercompany.cz\/wp-content\/uploads\/2023\/10\/Viktor_Ullmann_edit.jpg 1200w\" sizes=\"(max-width: 924px) 100vw, 924px\" \/><\/figure>\n<\/div>\n\n\n<div style=\"height:10px\" aria-hidden=\"true\" class=\"wp-block-spacer\"><\/div>\n\n\n\n<div id=\"wp-block-themeisle-blocks-advanced-columns-58ee6e66\" class=\"wp-block-themeisle-blocks-advanced-columns has-1-columns has-desktop-equal-layout has-tablet-equal-layout has-mobile-equal-layout has-vertical-unset\"><div class=\"wp-block-themeisle-blocks-advanced-columns-overlay\"><\/div><div class=\"innerblocks-wrap\">\n<div id=\"wp-block-themeisle-blocks-advanced-column-727ba837\" class=\"wp-block-themeisle-blocks-advanced-column\"><div  class=\"tribe-events-schedule tribe-clearfix\" >\n\t<p class=\"tribe-events-schedule__datetime\">\n\t\t<span class=\"tribe-events-schedule__date tribe-events-schedule__date--start\">\n\t\t\t26 \/ 4\t\t<\/span>\n\n\t\t\t\t\t<span class=\"tribe-events-schedule__separator tribe-events-schedule__separator--date\">\n\t\t\t\t \u2013 \t\t\t<\/span>\n\t\t\t<span class=\"tribe-events-schedule__time tribe-events-schedule__time--start\">\n\t\t\t\t18:00\t\t\t<\/span>\n\t\t\n\t\t\t<\/p>\n<\/div>\n<\/div>\n<\/div><\/div>\n\n\n\n<h3 id=\"wp-block-themeisle-blocks-advanced-heading-d69a83b3\" class=\"wp-block-themeisle-blocks-advanced-heading wp-block-themeisle-blocks-advanced-heading-d69a83b3\">Venue:<br><strong>Synagoga Schomre Schabos<\/strong>, \u010cesk\u00fd T\u011b\u0161\u00edn<\/h3>\n\n\n\n<div style=\"height:100px\" aria-hidden=\"true\" class=\"wp-block-spacer\"><\/div>\n\n\n\n<div class=\"wp-block-buttons is-content-justification-center is-layout-flex wp-container-core-buttons-is-layout-16018d1d wp-block-buttons-is-layout-flex\">\n<div class=\"wp-block-button is-style-primary\"><a class=\"wp-block-button__link has-medium-font-size has-custom-font-size wp-element-button\" href=\"https:\/\/goout.net\/en\/tickets\/their-music-lives-on-irena-troupova-and-ondrej-holub-and-jan-dusek\/guvjb\/\" target=\"_blank\" rel=\"noreferrer noopener\">BUY TICKETS<\/a><\/div>\n<\/div>\n<\/div>\n<\/div><\/div>\n\n\n\n<div style=\"height:25px\" aria-hidden=\"true\" class=\"wp-block-spacer\"><\/div>\n\n\n\n<div id=\"wp-block-themeisle-blocks-advanced-columns-b97a8146\" class=\"wp-block-themeisle-blocks-advanced-columns has-1-columns has-desktop-equal-layout has-tablet-equal-layout has-mobile-equal-layout has-vertical-unset\"><div class=\"wp-block-themeisle-blocks-advanced-columns-overlay\"><\/div><div class=\"innerblocks-wrap\">\n<div id=\"wp-block-themeisle-blocks-advanced-column-1d6f84e4\" class=\"wp-block-themeisle-blocks-advanced-column\"><\/div>\n<\/div><\/div>\n\n\n\n<div id=\"wp-block-themeisle-blocks-advanced-columns-2e61e71c\" class=\"wp-block-themeisle-blocks-advanced-columns has-1-columns has-desktop-equal-layout has-tablet-equal-layout has-mobile-collapsedRows-layout has-vertical-unset\"><div class=\"wp-block-themeisle-blocks-advanced-columns-overlay\"><\/div><div class=\"innerblocks-wrap\">\n<div id=\"wp-block-themeisle-blocks-advanced-column-d9cd90cf\" class=\"wp-block-themeisle-blocks-advanced-column\"><div class=\"wp-block-themeisle-blocks-advanced-column-overlay\"><\/div>\n<div class=\"wp-block-group\"><div class=\"wp-block-group__inner-container is-layout-constrained wp-block-group-is-layout-constrained\">\n<h2 id=\"wp-block-themeisle-blocks-advanced-heading-49b8c093\" class=\"wp-block-themeisle-blocks-advanced-heading wp-block-themeisle-blocks-advanced-heading-49b8c093\">Program:<\/h2>\n\n\n\n<div id=\"wp-block-themeisle-blocks-icon-list-ef734a21\" class=\"wp-block-themeisle-blocks-icon-list\">\n<div id=\"wp-block-themeisle-blocks-icon-list-item-59cdd70f\" class=\"wp-block-themeisle-blocks-icon-list-item\"><i class=\"fas fa-angle-double-right wp-block-themeisle-blocks-icon-list-item-icon-custom\"><\/i><p class=\"wp-block-themeisle-blocks-icon-list-item-content\">Erwin Schulhoff (1894-1942): Five Songs, Op. 32<\/p><\/div>\n\n\n\n<div id=\"wp-block-themeisle-blocks-icon-list-item-18c044c3\" class=\"wp-block-themeisle-blocks-icon-list-item\"><i class=\"fas fa-angle-double-right wp-block-themeisle-blocks-icon-list-item-icon-custom\"><\/i><p class=\"wp-block-themeisle-blocks-icon-list-item-content\">Jan Du\u0161ek (*1985) \u2013 Three Sorrowful Songs for sopran, tenor and piano (after poems by Old\u0159ich B\u00f6hm) \u2013 composition commissioned by the festival\u00a0<em>(world premiere)<\/em><\/p><\/div>\n\n\n\n<div id=\"wp-block-themeisle-blocks-icon-list-item-aba5e215\" class=\"wp-block-themeisle-blocks-icon-list-item\"><i class=\"fas fa-angle-double-right wp-block-themeisle-blocks-icon-list-item-icon-custom\"><\/i><p class=\"wp-block-themeisle-blocks-icon-list-item-content\">Karl Horwitz (1884-1925): Six Poems, Op. 4 (Czech premiere)<\/p><\/div>\n\n\n\n<div id=\"wp-block-themeisle-blocks-icon-list-item-df2f849b\" class=\"wp-block-themeisle-blocks-icon-list-item\"><i class=\"fas fa-angle-double-right wp-block-themeisle-blocks-icon-list-item-icon-custom\"><\/i><p class=\"wp-block-themeisle-blocks-icon-list-item-content\">Rudolf Karel (1880-1945): In the Glow of the Hellenic Sun, Op. 24<\/p><\/div>\n\n\n\n<div id=\"wp-block-themeisle-blocks-icon-list-item-5bf91ab8\" class=\"wp-block-themeisle-blocks-icon-list-item\"><i class=\"fas fa-angle-double-right wp-block-themeisle-blocks-icon-list-item-icon-custom\"><\/i><p class=\"wp-block-themeisle-blocks-icon-list-item-content\">Sylva Smejkalov\u00e1 (*1974): A la faveur de la nuit (based on texts by Robert Desnos)<\/p><\/div>\n\n\n\n<div id=\"wp-block-themeisle-blocks-icon-list-item-094e6e78\" class=\"wp-block-themeisle-blocks-icon-list-item\"><i class=\"fas fa-angle-double-right wp-block-themeisle-blocks-icon-list-item-icon-custom\"><\/i><p class=\"wp-block-themeisle-blocks-icon-list-item-content\">Viktor Ullmann: Five Love Songs by Ricarda Huch, Op. 2<\/p><\/div>\n<\/div>\n<\/div><\/div>\n<\/div>\n<\/div><\/div>\n\n\n\n<div class=\"wp-block-group\"><div class=\"wp-block-group__inner-container is-layout-constrained wp-block-group-is-layout-constrained\">\n<h2 id=\"wp-block-themeisle-blocks-advanced-heading-d4a8cef3\" class=\"wp-block-themeisle-blocks-advanced-heading wp-block-themeisle-blocks-advanced-heading-d4a8cef3\">Performers:<\/h2>\n\n\n\n<div id=\"wp-block-themeisle-blocks-accordion-22ba6274\" class=\"wp-block-themeisle-blocks-accordion exclusive is-style-default\">\n<details class=\"wp-block-themeisle-blocks-accordion-item\"><summary class=\"wp-block-themeisle-blocks-accordion-item__title\"><div>Irena Troupov\u00e1 &#8211; soprano<\/div><\/summary><div class=\"wp-block-themeisle-blocks-accordion-item__content\"><div data-post-id=\"7109\" class=\"insert-page insert-page-7109 \"><div class=\"wp-block-image animated fadeIn slower\">\n<figure class=\"alignleft size-large is-resized\"><img fetchpriority=\"high\" fetchpriority=\"high\" decoding=\"async\" width=\"1024\" height=\"684\" src=\"https:\/\/liedercompany.cz\/wp-content\/uploads\/2021\/03\/Troupova-1024x684.jpg\" alt=\"Irena_Troupova\" class=\"wp-image-1194\" style=\"width:auto;height:250px\" title=\"\" srcset=\"https:\/\/liedercompany.cz\/wp-content\/uploads\/2021\/03\/Troupova-1024x684.jpg 1024w, https:\/\/liedercompany.cz\/wp-content\/uploads\/2021\/03\/Troupova-300x200.jpg 300w, https:\/\/liedercompany.cz\/wp-content\/uploads\/2021\/03\/Troupova-600x401.jpg 600w, https:\/\/liedercompany.cz\/wp-content\/uploads\/2021\/03\/Troupova-768x513.jpg 768w, https:\/\/liedercompany.cz\/wp-content\/uploads\/2021\/03\/Troupova-930x620.jpg 930w, https:\/\/liedercompany.cz\/wp-content\/uploads\/2021\/03\/Troupova.jpg 1200w\" sizes=\"(max-width: 1024px) 100vw, 1024px\"><\/figure>\n<\/div>\n\n\n<p>The eminent Czech soprano <strong>Irena Troupov\u00e1<\/strong> gained international renown through the historically-based interpretation of early music, which she devoted herself to already during her musicology studies at Charles University in Prague. She studied singing under Terezie Blumov\u00e1 in Prague, later under M. Corelli in Berlin. She collaborated with the ensemble Musica Antiqua Praha led by Pavel Klikar, creating a string of recordings and exceptionally successful concerts both at home and abroad. At that time she also found an interest in contemporary music and has worked with the likes of Petr Eben, Svatopluk Havelka and others. After her studies she performed mainly in Germany, but the demand for her talent also grew rapidly in other countries (England, Italy, Denmark, Sweden, France, Switzerland, Poland). She worked with many different ensembles (e.g. Orpheon Consort, Johann-Rosenm\u00fcller-Ensemble, Sch\u00fctz-Akademie, Capella Sagittariana, Dresdener Barockorchester, Lautten-Compagney, Kievskaya Kamerata) and conductors (Howard Arman, Joshua Rifkin, Frieder Bernius, Thomas Hengelbrock, Florian Heyerick, Vojt\u011bch Spurn\u00fd and others). This cooperation brought about a number of recordings. Irena Troupov\u00e1 was a regular participant in the concert programmes of the State Opera in Berlin and the Berlin Symphony Orchestra. Among the most interesting opera productions that she took part in during her German period, a mention should be made of Monteverdi\u2019s Orfeo headed by Joshua Rifkin in Basel, Freiburg and Mulhouse (the roles of Musica and Proserpine), of the modern premiere of H.I.F. Biber\u2019s opera Arminius in Salzburg (later released on CD), but also of Le malade imaginaire of M.-A. Charpentier and J.-B. Lully in Berlin.<\/p>\n\n\n\n<p>Irena Troupov\u00e1 is a frequent guest singer at international music festivals, including Tage der alten Musik Herne, Pra\u017esk\u00e9 jaro (Prague Spring), Festival de musique baroque Caen, Holland-festival oudemuziek Utrecht, Bach-Festival Sumy and Concenturs Moraviae, to name a few.<\/p>\n\n\n\n<p>Irena\u2019s early music projects over recent years include programmes in cooperation with the Comic Opera (Berlin), German radio NDR (Norddeutscher Rundfunk) and Belgian conductor Florian Heyerik (Salto vocale \u2013 fragments from the operas of G. Ph. Telemann), with Musica Florea (operatic projects \u2013 Ch. W. Gluck: La Danza, G. F. H\u00e4ndel: Terpsicore), Ensemble Tourbillon, Barbara M. Willi, Jaroslav T\u016fma, Monika Knoblochov\u00e1, Petra Mat\u011bjov\u00e1 and others. More recently, she has been working closely with the international ensemble Orpheon; they have toured Spain, Austria and France together and have also recorded an album, Marin Marais and his friends. She has collaborated with members of the Staatskapelle Berlin, joining in a fascinating project connecting the musicality of the Baroque with that of the Modern: Musik im Dialog \u2013 Claudio Monteverdi und Luciano Berio, a concert cycle in the State Opera in Berlin which was followed by a programme from the works of J. S. Bach, Bach \u2013 reloaded.<\/p>\n\n\n\n<p>Irena Troupov\u00e1 has gradually extended her scope to include Romantic and Modern lyrical and operatic works. She has performed songs from German and French Romanticism a number of times at the concerts of the Prague Symphony Orchestra and the Czech Philharmonic (the early songs of Gustav Mahler). She has also given voice to Jan Du\u0161ek\u2019s orchestral songs Chalomet yehudi\u2019im together with Orchestra BERG for the EBU and the songs of Milo\u0161 \u0160t\u011bdro\u0148 for Czech Radio.<\/p>\n\n\n\n<p>Lately, she has focused her attention on the music of the 20th and 21st century; she recorded Bohuslav Martin\u016f\u2019s opera Le jour de bont\u00e9 (The Day of Charity) for Arco Diva. She has performed the works of Marek Kopelent (the Singspiel Musica, the cantata Agnus Dei at Prague Spring 2012) \u2013 she joined the Prague Philharmonia conducted by Jakub Hr\u016f\u0161a to render the premiere of Kopelent\u2019s Pozdn\u00ed sb\u011br (Late Harvest). She is also actively interested in the music of interwar authors \u2013 Viktor Ullmann, Erwin Schulhoff, Norbert von Hannenheim, Philip Herschkowitz \u2013 performing their works to international audiences and recording a number of their compositions for Czech Radio and Deutschlandfunk. Irena Troupov\u00e1 is also greatly valued as a tutor of early music, teaching at the Jan\u00e1\u010dek Academy of Music and Performing Arts and Masaryk University in Brno, and in courses both in the Czech Republic and abroad.<\/p>\n\n\n\n<p>She is a co-founder of the Lieder Company Prague.<\/p>\n\n\n\n<p class=\"has-text-align-right\"><a href=\"https:\/\/www.troupova.com\/\" target=\"_blank\" rel=\"noreferrer noopener\">www.troupova.com<\/a><\/p>\n<\/div><\/div><\/details>\n\n\n\n<details class=\"wp-block-themeisle-blocks-accordion-item\"><summary class=\"wp-block-themeisle-blocks-accordion-item__title\"><div>Ond\u0159ej Holub &#8211; tenor<\/div><\/summary><div class=\"wp-block-themeisle-blocks-accordion-item__content\"><div data-post-id=\"7051\" class=\"insert-page insert-page-7051 \"><div class=\"wp-block-image animated fadeIn slower\">\n<figure class=\"alignleft size-large is-resized\"><img loading=\"lazy\" decoding=\"async\" width=\"1024\" height=\"683\" src=\"https:\/\/liedercompany.cz\/wp-content\/uploads\/2024\/01\/Ondrej-Holub_credit-Jan-Dusek_2023_02-edited-1024x683.jpg\" alt=\"\" class=\"wp-image-6965\" style=\"width:auto;height:250px\" title=\"\" srcset=\"https:\/\/liedercompany.cz\/wp-content\/uploads\/2024\/01\/Ondrej-Holub_credit-Jan-Dusek_2023_02-edited-1024x683.jpg 1024w, https:\/\/liedercompany.cz\/wp-content\/uploads\/2024\/01\/Ondrej-Holub_credit-Jan-Dusek_2023_02-edited-300x200.jpg 300w, https:\/\/liedercompany.cz\/wp-content\/uploads\/2024\/01\/Ondrej-Holub_credit-Jan-Dusek_2023_02-edited-768x512.jpg 768w, https:\/\/liedercompany.cz\/wp-content\/uploads\/2024\/01\/Ondrej-Holub_credit-Jan-Dusek_2023_02-edited-930x620.jpg 930w, https:\/\/liedercompany.cz\/wp-content\/uploads\/2024\/01\/Ondrej-Holub_credit-Jan-Dusek_2023_02-edited-200x133.jpg 200w, https:\/\/liedercompany.cz\/wp-content\/uploads\/2024\/01\/Ondrej-Holub_credit-Jan-Dusek_2023_02-edited-600x400.jpg 600w, https:\/\/liedercompany.cz\/wp-content\/uploads\/2024\/01\/Ondrej-Holub_credit-Jan-Dusek_2023_02-edited.jpg 1479w\" sizes=\"(max-width: 1024px) 100vw, 1024px\"><\/figure><\/div>\n<p>In his early youth\u00a0<strong>Ond\u0159ej Holub<\/strong>\u00a0went through K\u00fchn\u2019s children\u2019s choir and the Pueri gaudentes boys\u2019 choir, thanks to which he became a child soloist of the Prague State Opera in a production of Mozart\u2019s The Magic Flute. He studied classical singing privately with Prof. Lenka Pi\u0161t\u011bck\u00e1, while studying at the Prague Conservatory with Prof. Valentin Prolat and later developed his singing skills with Prof. Ji\u0159\u00ed Kotou\u010d.<\/p>\n\n<p>Since 2019 he has been collaborating with the internationally renowned Collegium 1704, where he performs as a soloist as a soloist and ensemble singer, he also regularly collaborates with Ensemble Damian, a historically informed interpretation of Baroque opera. As a soloist he regularly collaborates with a number of ensembles and orchestras (Prague Symphony Orchestra FOK, Hradec Kr\u00e1lov\u00e9 Philharmonic, South Bohemian Chamber Philharmonic, etc. He is also an ensemble singer with most of the leading domestic early music ensembles \u2013 Schola Gregoriana Pragensis, Collegium Marianum, Cappella Mariana, Ensemble In\u00e9gal, Czech Ensemble Baroque, Victoria Ensemble, Musica Florea, with whom he regularly participates in prestigious domestic and international festivals.<\/p>\n\n<p>From 2013-2019 he was a member of the vocal ensemble Martin\u016f Voices, which ranks among the elite performers of 20th and 21st century music. In 2007, he founded the male vocal quintet Rudolfvoice with former members of the Pueri Gaudentes choir, with whom he performed at the Kennedy Center in Washington, DC. He also occasionally collaborates with the Prague Philharmonic Choir, with whom he performed Gustav Mahler\u2019s Symphony No. 2 at New York\u2019s Carnegie Hall on the centenary of the founding of Czechoslovakia.<\/p>\n<\/div>\n\n\n<hr class=\"wp-block-separator has-alpha-channel-opacity\"\/>\n<\/div><\/details>\n\n\n\n<details class=\"wp-block-themeisle-blocks-accordion-item\"><summary class=\"wp-block-themeisle-blocks-accordion-item__title\"><div>Jan Du\u0161ek &#8211; piano<\/div><\/summary><div class=\"wp-block-themeisle-blocks-accordion-item__content\"><div data-post-id=\"7034\" class=\"insert-page insert-page-7034 \"><div class=\"wp-block-image animated fadeIn slower\">\n<figure class=\"alignleft size-large is-resized\"><img loading=\"lazy\" decoding=\"async\" width=\"1024\" height=\"683\" src=\"https:\/\/liedercompany.cz\/wp-content\/uploads\/2024\/01\/Jan-Dusek_credit-Pavel-Kalina-1024x683.jpg\" alt=\"\" class=\"wp-image-7031\" style=\"width:auto;height:250px\" title=\"\" srcset=\"https:\/\/liedercompany.cz\/wp-content\/uploads\/2024\/01\/Jan-Dusek_credit-Pavel-Kalina-1024x683.jpg 1024w, https:\/\/liedercompany.cz\/wp-content\/uploads\/2024\/01\/Jan-Dusek_credit-Pavel-Kalina-300x200.jpg 300w, https:\/\/liedercompany.cz\/wp-content\/uploads\/2024\/01\/Jan-Dusek_credit-Pavel-Kalina-768x512.jpg 768w, https:\/\/liedercompany.cz\/wp-content\/uploads\/2024\/01\/Jan-Dusek_credit-Pavel-Kalina-1536x1024.jpg 1536w, https:\/\/liedercompany.cz\/wp-content\/uploads\/2024\/01\/Jan-Dusek_credit-Pavel-Kalina-2048x1365.jpg 2048w, https:\/\/liedercompany.cz\/wp-content\/uploads\/2024\/01\/Jan-Dusek_credit-Pavel-Kalina-930x620.jpg 930w, https:\/\/liedercompany.cz\/wp-content\/uploads\/2024\/01\/Jan-Dusek_credit-Pavel-Kalina-200x133.jpg 200w, https:\/\/liedercompany.cz\/wp-content\/uploads\/2024\/01\/Jan-Dusek_credit-Pavel-Kalina-600x400.jpg 600w\" sizes=\"(max-width: 1024px) 100vw, 1024px\"><\/figure><\/div>\n<p>Jan Du\u0161ek studied at the Conservatory in Teplice (piano, composition). In 2004-2012, he studied composition at the Academy of Performing Arts in Prague (Hanus Barton), where he finished his doctoral studies in the same field in 2012. Since then, Jan Du\u0161ek has taught at the composition department of the Academy. As a pianist he participated in several master courses (Cyprien Katsaris, Irina Ossipova, Angela Hewitt, Lilit Grygorian, Maria Jo\u00e3o Pires), in 2013\/14 he studied piano privately with Robert Lehrbaumer in Vienna, in 2015 with Xiao-Mei Zhu in Paris, and since 2016 with Gordon Fergus-Thompson in London. He has won awards and honourable mentions in competitions (Concertino Praga, the International Piano Competition B. Smetana Competition of Conservatories, Zdenek Fibich International Competition in the interpretation of melodrama). He periodically records contemporary Czech music for Czech Radio, e.g. in 2019, he completed a\u00a0 recording of complete piano works by Rudolf Karel. In 2015 he released a CD of <a href=\"https:\/\/liedercompany.cz\/en\/produkt\/viktor-ullmann-schwer-ists-das-schone-zu-lassen-complete-songs-for-soprano-and-piano-2cd\/\">complete songs for soprano and piano by Viktor Ullmann<\/a> with soprano Irena Troupova. In 2021, they released <a href=\"https:\/\/liedercompany.cz\/en\/produkt\/hans-winterberg-immer-das-letzte-mal-complete-song-works-2cd\/\">complete songs by Hans Winterberg<\/a>. He regularly performs at international music festivals (Prague Spring, V\u011b\u010dn\u00e1 nad\u011bje, Junge Kunstler Beyreuth etc.).<\/p>\n\n<p>In 2006 he was awarded the first prize at the Composers Competition \u201cGeneration\u201c for the piece \u201c\u2026 in seven days I will send rain on the Earth \u2026\u201d, and in 2007 at the same competition he again won first prize for the composition \u201cGradation for organ.\u201d In 2008 he received the \u2018Audience\u2019s Prize\u2019 for the composition \u201cChalomot jehudi\u2019im\u201d, a year later receiving the Prize of Gideon Klein for the same composition. In 2010, his melodrama \u201cPrague Walker\u201d was awarded 2nd prize in the Competition for Young Artists, announced by the City District Prague 1. For his music to accompany the silent film \u201cThe Child of the Ghetto\u201d, Jan received the \u2018Audience\u2019s Prize\u2019 in the 2011 NuBerg competition. His compositions have been commissioned by festivals and competitions (such as the International Festival of Concert Melodrama, Viktor Ullmann festival \u010cesk\u00fd T\u011b\u0161\u00edn, Prague Spring Competition etc.), and performed by leading Czech soloists (such as clarinettist Irvin Veny\u0161 and the percussionist Mark\u00e9ta Mazourov\u00e1) as well as chamber ensembles and orchestras (e.g., Nederlands Blazers Ensemble, Epoque quartet; BERG Orchestra; Prague Philharmonia; Prague Philharmonic Choir). In 2021, Jan co-established the Lieder Company association which aims to promote art song recitals and repertoire.&#13;\n<\/p>\n\n<p class=\"has-text-align-right\"><a href=\"http:\/\/www.jan-dusek.com\/\" target=\"_blank\" rel=\"noreferrer noopener\">www.jan-dusek.com<\/a><\/p>\n<\/div>\n\n\n<hr class=\"wp-block-separator has-alpha-channel-opacity\"\/>\n<\/div><\/details>\n<\/div>\n<\/div><\/div>\n\n\n\n<div style=\"height:29px\" aria-hidden=\"true\" class=\"wp-block-spacer\"><\/div>\n\n\n\n<div id=\"wp-block-themeisle-blocks-advanced-columns-7d84338f\" class=\"wp-block-themeisle-blocks-advanced-columns has-1-columns has-desktop-equal-layout has-tablet-equal-layout has-mobile-equal-layout has-vertical-unset\"><div class=\"wp-block-themeisle-blocks-advanced-columns-overlay\"><\/div><div class=\"innerblocks-wrap\">\n<div id=\"wp-block-themeisle-blocks-advanced-column-1f0df171\" class=\"wp-block-themeisle-blocks-advanced-column\">\n<h3 id=\"wp-block-themeisle-blocks-advanced-heading-ff290f5e\" class=\"wp-block-themeisle-blocks-advanced-heading wp-block-themeisle-blocks-advanced-heading-ff290f5e\">M\u00edsto kon\u00e1n\u00ed:<\/h3>\n\n\n\n<div id=\"wp-block-themeisle-blocks-advanced-columns-291ddd9a\" class=\"wp-block-themeisle-blocks-advanced-columns has-1-columns has-desktop-equal-layout has-tablet-equal-layout has-mobile-equal-layout has-vertical-unset\"><div class=\"wp-block-themeisle-blocks-advanced-columns-overlay\"><\/div><div class=\"innerblocks-wrap\">\n<div id=\"wp-block-themeisle-blocks-advanced-column-409ad7fd\" class=\"wp-block-themeisle-blocks-advanced-column\"><div  class=\"tribe-block tribe-block__venue tribe-clearfix\" >\n\t\n\t\n<div class=\"tribe-block__venue__meta\">\n\t<div class=\"tribe-block__venue__name\">\n\t\t<h3>Synagoga Schomre Schabos<\/h3>\n\t<\/div>\n\n\t\n\t\t\t\t\t\t<address class=\"tribe-block__venue__address\">\n\t\t\t\t<span class=\"tribe-address\">\n\n<span class=\"tribe-street-address\">Bo\u017ekova 154\/16<\/span>\n\t\n\t\t<br>\n\t\t<span class=\"tribe-locality\">\u010cesk\u00fd T\u011b\u0161\u00edn<\/span><span class=\"tribe-delimiter\">,<\/span>\n\n\n\t<span class=\"tribe-postal-code\">37301<\/span>\n\n\t<span class=\"tribe-country-name\">Czech Republic<\/span>\n\n<\/span>\n\n\t\t\t\t\t\t\t\t\t<a class=\"tribe-events-gmap\" href=\"https:\/\/maps.google.com\/maps?f=q&#038;source=s_q&#038;hl=en&#038;geocode=&#038;q=Bo%C5%BEkova+154%2F16+%C4%8Cesk%C3%BD+T%C4%9B%C5%A1%C3%ADn+37301+Czech+Republic\" title=\"Click to view a Google Map\" target=\"_blank\" rel=\"noreferrer noopener\">+ Google Map<\/a>\t\t\t\t\t\t\t<\/address>\n\t\t\n\t\t\n\t\t\t\n\t<\/div>\n\t\n\t<\/div>\n\n\n\n<p><\/p>\n<\/div>\n<\/div><\/div>\n<\/div>\n<\/div><\/div>\n","protected":false},"excerpt":{"rendered":"","protected":false},"author":18,"featured_media":5710,"template":"","meta":{"neve_meta_sidebar":"","neve_meta_container":"","neve_meta_enable_content_width":"","neve_meta_content_width":0,"neve_meta_title_alignment":"","neve_meta_author_avatar":"","neve_post_elements_order":"","neve_meta_disable_header":"","neve_meta_disable_footer":"","neve_meta_disable_title":"","neve_meta_reading_time":"","_EventAllDay":false,"_EventTimezone":"Europe\/Prague","_EventStartDate":"2026-04-26 18:00:00","_EventEndDate":"2026-04-26 18:00:00","_EventStartDateUTC":"2026-04-26 16:00:00","_EventEndDateUTC":"2026-04-26 16:00:00","_EventShowMap":false,"_EventShowMapLink":true,"_EventURL":"","_EventCost":"","_EventCostDescription":"","_EventCurrencySymbol":"CZK","_EventCurrencyCode":"CZK","_EventCurrencyPosition":"suffix","_EventDateTimeSeparator":" \u2013 ","_EventTimeRangeSeparator":" - ","_EventOrganizerID":[],"_EventVenueID":[7643],"_OrganizerEmail":"","_OrganizerPhone":"","_OrganizerWebsite":"","_VenueAddress":"","_VenueCity":"","_VenueCountry":"","_VenueProvince":"","_VenueState":"","_VenueZip":"","_VenuePhone":"","_VenueURL":"","_VenueStateProvince":"","_VenueLat":"","_VenueLng":"","_VenueShowMap":false,"_VenueShowMapLink":false,"_themeisle_gutenberg_block_has_review":false,"_tribe_events_status":"","_tribe_events_status_reason":"","footnotes":""},"tags":[],"tribe_events_cat":[],"class_list":["post-7647","tribe_events","type-tribe_events","status-publish","has-post-thumbnail","hentry"],"_links":{"self":[{"href":"https:\/\/liedercompany.cz\/en\/wp-json\/wp\/v2\/tribe_events\/7647","targetHints":{"allow":["GET"]}}],"collection":[{"href":"https:\/\/liedercompany.cz\/en\/wp-json\/wp\/v2\/tribe_events"}],"about":[{"href":"https:\/\/liedercompany.cz\/en\/wp-json\/wp\/v2\/types\/tribe_events"}],"author":[{"embeddable":true,"href":"https:\/\/liedercompany.cz\/en\/wp-json\/wp\/v2\/users\/18"}],"version-history":[{"count":2,"href":"https:\/\/liedercompany.cz\/en\/wp-json\/wp\/v2\/tribe_events\/7647\/revisions"}],"predecessor-version":[{"id":7668,"href":"https:\/\/liedercompany.cz\/en\/wp-json\/wp\/v2\/tribe_events\/7647\/revisions\/7668"}],"wp:featuredmedia":[{"embeddable":true,"href":"https:\/\/liedercompany.cz\/en\/wp-json\/wp\/v2\/media\/5710"}],"wp:attachment":[{"href":"https:\/\/liedercompany.cz\/en\/wp-json\/wp\/v2\/media?parent=7647"}],"wp:term":[{"taxonomy":"post_tag","embeddable":true,"href":"https:\/\/liedercompany.cz\/en\/wp-json\/wp\/v2\/tags?post=7647"},{"taxonomy":"tribe_events_cat","embeddable":true,"href":"https:\/\/liedercompany.cz\/en\/wp-json\/wp\/v2\/tribe_events_cat?post=7647"}],"curies":[{"name":"wp","href":"https:\/\/api.w.org\/{rel}","templated":true}]}}